{"version":"1.0","provider_name":"\u017durnalas Lietuv\u0117","provider_url":"https:\/\/lietuve.lt","title":"Geriausiu pripa\u017einto jaunojo menininko \u012fkv\u0117pimo \u0161altinis \u2013 meil\u0117 gimtajam kra\u0161tui - \u017durnalas Lietuv\u0117","type":"rich","width":600,"height":338,"html":"<blockquote class=\"wp-embedded-content\" data-secret=\"7Umj58rOEs\"><a href=\"https:\/\/lietuve.lt\/geriausiu-pripazinto-jaunojo-menininko-ikvepimo-saltinis-meile-gimtajam-krastui\/\">Geriausiu pripa\u017einto jaunojo menininko \u012fkv\u0117pimo \u0161altinis \u2013 meil\u0117 gimtajam kra\u0161tui<\/a><\/blockquote><iframe sandbox=\"allow-scripts\" security=\"restricted\" src=\"https:\/\/lietuve.lt\/geriausiu-pripazinto-jaunojo-menininko-ikvepimo-saltinis-meile-gimtajam-krastui\/embed\/#?secret=7Umj58rOEs\" width=\"600\" height=\"338\" title=\"&#8220;Geriausiu pripa\u017einto jaunojo menininko \u012fkv\u0117pimo \u0161altinis \u2013 meil\u0117 gimtajam kra\u0161tui&#8221; &#8212; \u017durnalas Lietuv\u0117\" data-secret=\"7Umj58rOEs\" frameborder=\"0\" marginwidth=\"0\" marginheight=\"0\" scrolling=\"no\" class=\"wp-embedded-content\"><\/iframe><script type=\"text\/javascript\">\n\/* <![CDATA[ *\/\n\/*! This file is auto-generated *\/\n!function(d,l){\"use strict\";l.querySelector&&d.addEventListener&&\"undefined\"!=typeof URL&&(d.wp=d.wp||{},d.wp.receiveEmbedMessage||(d.wp.receiveEmbedMessage=function(e){var t=e.data;if((t||t.secret||t.message||t.value)&&!\/[^a-zA-Z0-9]\/.test(t.secret)){for(var s,r,n,a=l.querySelectorAll('iframe[data-secret=\"'+t.secret+'\"]'),o=l.querySelectorAll('blockquote[data-secret=\"'+t.secret+'\"]'),c=new RegExp(\"^https?:$\",\"i\"),i=0;i<o.length;i++)o[i].style.display=\"none\";for(i=0;i<a.length;i++)s=a[i],e.source===s.contentWindow&&(s.removeAttribute(\"style\"),\"height\"===t.message?(1e3<(r=parseInt(t.value,10))?r=1e3:~~r<200&&(r=200),s.height=r):\"link\"===t.message&&(r=new URL(s.getAttribute(\"src\")),n=new URL(t.value),c.test(n.protocol))&&n.host===r.host&&l.activeElement===s&&(d.top.location.href=t.value))}},d.addEventListener(\"message\",d.wp.receiveEmbedMessage,!1),l.addEventListener(\"DOMContentLoaded\",function(){for(var e,t,s=l.querySelectorAll(\"iframe.wp-embedded-content\"),r=0;r<s.length;r++)(t=(e=s[r]).getAttribute(\"data-secret\"))||(t=Math.random().toString(36).substring(2,12),e.src+=\"#?secret=\"+t,e.setAttribute(\"data-secret\",t)),e.contentWindow.postMessage({message:\"ready\",secret:t},\"*\")},!1)))}(window,document);\n\/\/# sourceURL=https:\/\/lietuve.lt\/wp-includes\/js\/wp-embed.min.js\n\/* ]]> *\/\n<\/script>\n","description":"Bir\u017eelio 25 dien\u0105 Lietuvos parod\u0173 ir kongres\u0173 centre \u201eLitexpo\u201c prasid\u0117jo jau tradicine tapusi \u0161e\u0161toji tarptautin\u0117 \u0161iuolaikinio meno mug\u0117 \u201eArtVilnius \u201915\u201c \u2013 did\u017eiausia vizuali\u0173j\u0173 men\u0173 mug\u0117 Baltijos \u0161alyse, kasmet pritraukianti daugyb\u0117s galerij\u0173 i\u0161 viso pasaulio d\u0117mes\u012f. Pirm\u0105j\u0105 mug\u0117s dien\u0105 buvo i\u0161rinktas ir paskelbtas geriausias jaunasis meno mug\u0117s \u201eArtVilnius \u201915\u201c menininkas (iki 35-eri\u0173 met\u0173). \u0160ios nominacijos laureatu"}