{"version":"1.0","provider_name":"\u017durnalas Lietuv\u0117","provider_url":"https:\/\/lietuve.lt","title":"Giedrius Drukteinis: \u201eVisos pasaulio b\u0117dos kyla d\u0117l ma\u017eara\u0161ti\u0161kumo\u201c - \u017durnalas Lietuv\u0117","type":"rich","width":600,"height":338,"html":"<blockquote class=\"wp-embedded-content\" data-secret=\"CDc3sGvsvB\"><a href=\"https:\/\/lietuve.lt\/giedrius-drukteinis-visos-pasaulio-bedos-kyla-del-mazarastiskumo\/\">Giedrius Drukteinis: \u201eVisos pasaulio b\u0117dos kyla d\u0117l ma\u017eara\u0161ti\u0161kumo\u201c<\/a><\/blockquote><iframe sandbox=\"allow-scripts\" security=\"restricted\" src=\"https:\/\/lietuve.lt\/giedrius-drukteinis-visos-pasaulio-bedos-kyla-del-mazarastiskumo\/embed\/#?secret=CDc3sGvsvB\" width=\"600\" height=\"338\" title=\"&#8220;Giedrius Drukteinis: \u201eVisos pasaulio b\u0117dos kyla d\u0117l ma\u017eara\u0161ti\u0161kumo\u201c&#8221; &#8212; \u017durnalas Lietuv\u0117\" data-secret=\"CDc3sGvsvB\" frameborder=\"0\" marginwidth=\"0\" marginheight=\"0\" scrolling=\"no\" class=\"wp-embedded-content\"><\/iframe><script type=\"text\/javascript\">\n\/* <![CDATA[ *\/\n\/*! This file is auto-generated *\/\n!function(d,l){\"use strict\";l.querySelector&&d.addEventListener&&\"undefined\"!=typeof URL&&(d.wp=d.wp||{},d.wp.receiveEmbedMessage||(d.wp.receiveEmbedMessage=function(e){var t=e.data;if((t||t.secret||t.message||t.value)&&!\/[^a-zA-Z0-9]\/.test(t.secret)){for(var s,r,n,a=l.querySelectorAll('iframe[data-secret=\"'+t.secret+'\"]'),o=l.querySelectorAll('blockquote[data-secret=\"'+t.secret+'\"]'),c=new RegExp(\"^https?:$\",\"i\"),i=0;i<o.length;i++)o[i].style.display=\"none\";for(i=0;i<a.length;i++)s=a[i],e.source===s.contentWindow&&(s.removeAttribute(\"style\"),\"height\"===t.message?(1e3<(r=parseInt(t.value,10))?r=1e3:~~r<200&&(r=200),s.height=r):\"link\"===t.message&&(r=new URL(s.getAttribute(\"src\")),n=new URL(t.value),c.test(n.protocol))&&n.host===r.host&&l.activeElement===s&&(d.top.location.href=t.value))}},d.addEventListener(\"message\",d.wp.receiveEmbedMessage,!1),l.addEventListener(\"DOMContentLoaded\",function(){for(var e,t,s=l.querySelectorAll(\"iframe.wp-embedded-content\"),r=0;r<s.length;r++)(t=(e=s[r]).getAttribute(\"data-secret\"))||(t=Math.random().toString(36).substring(2,12),e.src+=\"#?secret=\"+t,e.setAttribute(\"data-secret\",t)),e.contentWindow.postMessage({message:\"ready\",secret:t},\"*\")},!1)))}(window,document);\n\/\/# sourceURL=https:\/\/lietuve.lt\/wp-includes\/js\/wp-embed.min.js\n\/* ]]> *\/\n<\/script>\n","thumbnail_url":"https:\/\/lietuve.lt\/wp-content\/uploads\/2016\/08\/1-194.jpg","thumbnail_width":1256,"thumbnail_height":668,"description":"Nauj\u0105j\u012f sezon\u0105 populiariausia Lietuvoje prot\u0173 kova, LRT televizijos projektas \u201eAuksinis protas\u201c, su Ar\u016bnu Valinsku ir Andriumi Tapinu pasitinka ne tik atnaujintoje studijoje, bet ir d\u017eiugiomis permainomis k\u016brybin\u0117je komandoje. Prie \u0161imtus klausim\u0173 \u017eaid\u0117jams sudaran\u010di\u0173 intelektual\u0173 prisijung\u0117 etiketo \u017einovas, ra\u0161ytojas Giedrius Drukteinis. \u201eGiedriaus reik\u0117jo ir \u017eaid\u0117jams, ir m\u016bs\u0173 \u017eaidimo gerb\u0117jams prie ekrano. Jis net devyni\u0173 knyg\u0173 autorius,"}