{"version":"1.0","provider_name":"\u017durnalas Lietuv\u0117","provider_url":"https:\/\/lietuve.lt","title":"Gitanas ir Diana Naus\u0117dos sveikina \u0161v. Kal\u0117d\u0173 proga - \u017durnalas Lietuv\u0117","type":"rich","width":600,"height":338,"html":"<blockquote class=\"wp-embedded-content\" data-secret=\"2Et7lOGj3j\"><a href=\"https:\/\/lietuve.lt\/gitanas-ir-diana-nausedos-sveikina-sv-kaledu-proga\/\">Gitanas ir Diana Naus\u0117dos sveikina \u0161v. Kal\u0117d\u0173 proga<\/a><\/blockquote><iframe sandbox=\"allow-scripts\" security=\"restricted\" src=\"https:\/\/lietuve.lt\/gitanas-ir-diana-nausedos-sveikina-sv-kaledu-proga\/embed\/#?secret=2Et7lOGj3j\" width=\"600\" height=\"338\" title=\"&#8220;Gitanas ir Diana Naus\u0117dos sveikina \u0161v. Kal\u0117d\u0173 proga&#8221; &#8212; \u017durnalas Lietuv\u0117\" data-secret=\"2Et7lOGj3j\" frameborder=\"0\" marginwidth=\"0\" marginheight=\"0\" scrolling=\"no\" class=\"wp-embedded-content\"><\/iframe><script type=\"text\/javascript\">\n\/* <![CDATA[ *\/\n\/*! This file is auto-generated *\/\n!function(d,l){\"use strict\";l.querySelector&&d.addEventListener&&\"undefined\"!=typeof URL&&(d.wp=d.wp||{},d.wp.receiveEmbedMessage||(d.wp.receiveEmbedMessage=function(e){var t=e.data;if((t||t.secret||t.message||t.value)&&!\/[^a-zA-Z0-9]\/.test(t.secret)){for(var s,r,n,a=l.querySelectorAll('iframe[data-secret=\"'+t.secret+'\"]'),o=l.querySelectorAll('blockquote[data-secret=\"'+t.secret+'\"]'),c=new RegExp(\"^https?:$\",\"i\"),i=0;i<o.length;i++)o[i].style.display=\"none\";for(i=0;i<a.length;i++)s=a[i],e.source===s.contentWindow&&(s.removeAttribute(\"style\"),\"height\"===t.message?(1e3<(r=parseInt(t.value,10))?r=1e3:~~r<200&&(r=200),s.height=r):\"link\"===t.message&&(r=new URL(s.getAttribute(\"src\")),n=new URL(t.value),c.test(n.protocol))&&n.host===r.host&&l.activeElement===s&&(d.top.location.href=t.value))}},d.addEventListener(\"message\",d.wp.receiveEmbedMessage,!1),l.addEventListener(\"DOMContentLoaded\",function(){for(var e,t,s=l.querySelectorAll(\"iframe.wp-embedded-content\"),r=0;r<s.length;r++)(t=(e=s[r]).getAttribute(\"data-secret\"))||(t=Math.random().toString(36).substring(2,12),e.src+=\"#?secret=\"+t,e.setAttribute(\"data-secret\",t)),e.contentWindow.postMessage({message:\"ready\",secret:t},\"*\")},!1)))}(window,document);\n\/\/# sourceURL=https:\/\/lietuve.lt\/wp-includes\/js\/wp-embed.min.js\n\/* ]]> *\/\n<\/script>\n","thumbnail_url":"https:\/\/lietuve.lt\/wp-content\/uploads\/2019\/12\/2-34.jpg","thumbnail_width":940,"thumbnail_height":630,"description":"https:\/\/www.youtube.com\/watch?time_continue=1&#038;v=mpFKWaXSRvQ&#038;feature=emb_logo Mielieji Lietuvos \u017emon\u0117s, \u0161tai ir sulauk\u0117me to nuostabaus momento, kai kaip upeliukai i\u0161 \u012fvairi\u0173 pasaulio ir Lietuvos kampeli\u0173 susib\u0117gome \u012f tai, k\u0105 turime brangiausio, \u2013 savo \u0161eimas. K\u016bdik\u0117lio J\u0117zaus gimimo akivaizdoje vienas kit\u0105 stipriai apkabinome, priglaud\u0117me prie \u0161irdies, paglost\u0117me akimis. Prie bendro stalo dalijom\u0117s kal\u0117dai\u010diais. Ir ma\u017eas, ir didelis, ir stiprus, ir pavarg\u0119s \u2013"}