{"version":"1.0","provider_name":"\u017durnalas Lietuv\u0117","provider_url":"https:\/\/lietuve.lt","title":"Gra\u017eiausi 150-met\u012f minin\u010dios Ignalinos vaizdai \u2013 nuotrauk\u0173 albume - \u017durnalas Lietuv\u0117","type":"rich","width":600,"height":338,"html":"<blockquote class=\"wp-embedded-content\" data-secret=\"MhORsIgJPn\"><a href=\"https:\/\/lietuve.lt\/graziausi-150-meti-minincios-ignalinos-vaizdai-nuotrauku-albume\/\">Gra\u017eiausi 150-met\u012f minin\u010dios Ignalinos vaizdai \u2013 nuotrauk\u0173 albume<\/a><\/blockquote><iframe sandbox=\"allow-scripts\" security=\"restricted\" src=\"https:\/\/lietuve.lt\/graziausi-150-meti-minincios-ignalinos-vaizdai-nuotrauku-albume\/embed\/#?secret=MhORsIgJPn\" width=\"600\" height=\"338\" title=\"&#8220;Gra\u017eiausi 150-met\u012f minin\u010dios Ignalinos vaizdai \u2013 nuotrauk\u0173 albume&#8221; &#8212; \u017durnalas Lietuv\u0117\" data-secret=\"MhORsIgJPn\" frameborder=\"0\" marginwidth=\"0\" marginheight=\"0\" scrolling=\"no\" class=\"wp-embedded-content\"><\/iframe><script type=\"text\/javascript\">\n\/* <![CDATA[ *\/\n\/*! This file is auto-generated *\/\n!function(d,l){\"use strict\";l.querySelector&&d.addEventListener&&\"undefined\"!=typeof URL&&(d.wp=d.wp||{},d.wp.receiveEmbedMessage||(d.wp.receiveEmbedMessage=function(e){var t=e.data;if((t||t.secret||t.message||t.value)&&!\/[^a-zA-Z0-9]\/.test(t.secret)){for(var s,r,n,a=l.querySelectorAll('iframe[data-secret=\"'+t.secret+'\"]'),o=l.querySelectorAll('blockquote[data-secret=\"'+t.secret+'\"]'),c=new RegExp(\"^https?:$\",\"i\"),i=0;i<o.length;i++)o[i].style.display=\"none\";for(i=0;i<a.length;i++)s=a[i],e.source===s.contentWindow&&(s.removeAttribute(\"style\"),\"height\"===t.message?(1e3<(r=parseInt(t.value,10))?r=1e3:~~r<200&&(r=200),s.height=r):\"link\"===t.message&&(r=new URL(s.getAttribute(\"src\")),n=new URL(t.value),c.test(n.protocol))&&n.host===r.host&&l.activeElement===s&&(d.top.location.href=t.value))}},d.addEventListener(\"message\",d.wp.receiveEmbedMessage,!1),l.addEventListener(\"DOMContentLoaded\",function(){for(var e,t,s=l.querySelectorAll(\"iframe.wp-embedded-content\"),r=0;r<s.length;r++)(t=(e=s[r]).getAttribute(\"data-secret\"))||(t=Math.random().toString(36).substring(2,12),e.src+=\"#?secret=\"+t,e.setAttribute(\"data-secret\",t)),e.contentWindow.postMessage({message:\"ready\",secret:t},\"*\")},!1)))}(window,document);\n\/\/# sourceURL=https:\/\/lietuve.lt\/wp-includes\/js\/wp-embed.min.js\n\/* ]]> *\/\n<\/script>\n","thumbnail_url":"https:\/\/lietuve.lt\/wp-content\/uploads\/2016\/03\/DSCN0788d.jpg","thumbnail_width":640,"thumbnail_height":480,"description":"I\u0161leistas savivaldyb\u0117s administracijos parengtas nuotrauk\u0173 albumas \u201eIgnalina\u201c, skirtas miesto 150-me\u010dio \u0161ventei. \u0160iame albume \u2013 daugiau nei \u0161imtas gra\u017eiausi\u0173 Ignalinos kra\u0161to gamtos vaizd\u0173, \u0161ven\u010di\u0173 akimirk\u0173, kult\u016bros paveldo objekt\u0173 nuotrauk\u0173. Taip pat spausdinama Marijos \u010cepul\u0117nien\u0117s sueiliuota Ignalinos legenda. \u00a0Albumo pristatymas visuomenei planuojamas baland\u017eio 15 dien\u0105. Renginys vyks Ignalinos rajono savivaldyb\u0117s vie\u0161ojoje bibliotekoje. \u201eIgnalina \u2013 tai tyra gamta,"}