{"version":"1.0","provider_name":"\u017durnalas Lietuv\u0117","provider_url":"https:\/\/lietuve.lt","title":"\u012e Kaun\u0105 sugr\u012f\u017eta did\u017eiausia ispani\u0161k\u0173 rengini\u0173 fiesta - \u017durnalas Lietuv\u0117","type":"rich","width":600,"height":338,"html":"<blockquote class=\"wp-embedded-content\" data-secret=\"g1pYrTHdhC\"><a href=\"https:\/\/lietuve.lt\/i-kauna-sugrizta-didziausia-ispanisku-renginiu-fiesta\/\">\u012e Kaun\u0105 sugr\u012f\u017eta did\u017eiausia ispani\u0161k\u0173 rengini\u0173 fiesta<\/a><\/blockquote><iframe sandbox=\"allow-scripts\" security=\"restricted\" src=\"https:\/\/lietuve.lt\/i-kauna-sugrizta-didziausia-ispanisku-renginiu-fiesta\/embed\/#?secret=g1pYrTHdhC\" width=\"600\" height=\"338\" title=\"&#8220;\u012e Kaun\u0105 sugr\u012f\u017eta did\u017eiausia ispani\u0161k\u0173 rengini\u0173 fiesta&#8221; &#8212; \u017durnalas Lietuv\u0117\" data-secret=\"g1pYrTHdhC\" frameborder=\"0\" marginwidth=\"0\" marginheight=\"0\" scrolling=\"no\" class=\"wp-embedded-content\"><\/iframe><script type=\"text\/javascript\">\n\/* <![CDATA[ *\/\n\/*! This file is auto-generated *\/\n!function(d,l){\"use strict\";l.querySelector&&d.addEventListener&&\"undefined\"!=typeof URL&&(d.wp=d.wp||{},d.wp.receiveEmbedMessage||(d.wp.receiveEmbedMessage=function(e){var t=e.data;if((t||t.secret||t.message||t.value)&&!\/[^a-zA-Z0-9]\/.test(t.secret)){for(var s,r,n,a=l.querySelectorAll('iframe[data-secret=\"'+t.secret+'\"]'),o=l.querySelectorAll('blockquote[data-secret=\"'+t.secret+'\"]'),c=new RegExp(\"^https?:$\",\"i\"),i=0;i<o.length;i++)o[i].style.display=\"none\";for(i=0;i<a.length;i++)s=a[i],e.source===s.contentWindow&&(s.removeAttribute(\"style\"),\"height\"===t.message?(1e3<(r=parseInt(t.value,10))?r=1e3:~~r<200&&(r=200),s.height=r):\"link\"===t.message&&(r=new URL(s.getAttribute(\"src\")),n=new URL(t.value),c.test(n.protocol))&&n.host===r.host&&l.activeElement===s&&(d.top.location.href=t.value))}},d.addEventListener(\"message\",d.wp.receiveEmbedMessage,!1),l.addEventListener(\"DOMContentLoaded\",function(){for(var e,t,s=l.querySelectorAll(\"iframe.wp-embedded-content\"),r=0;r<s.length;r++)(t=(e=s[r]).getAttribute(\"data-secret\"))||(t=Math.random().toString(36).substring(2,12),e.src+=\"#?secret=\"+t,e.setAttribute(\"data-secret\",t)),e.contentWindow.postMessage({message:\"ready\",secret:t},\"*\")},!1)))}(window,document);\n\/\/# sourceURL=https:\/\/lietuve.lt\/wp-includes\/js\/wp-embed.min.js\n\/* ]]> *\/\n<\/script>\n","thumbnail_url":"https:\/\/lietuve.lt\/wp-content\/uploads\/2015\/04\/149.jpg","thumbnail_width":1024,"thumbnail_height":712,"description":"Baland\u017eio 20\u221230 dienomis jau penktus metus i\u0161 eil\u0117s Kaune vyks ispani\u0161kos kult\u016bros festivalis \u201ePrimavera en espa\u00f1ol\u201c. Did\u017eiausia ispani\u0161kos kult\u016bros \u0161vent\u0117 Lietuvoje pasitinka pirm\u0105j\u012f savo jubiliej\u0173 su i\u0161skirtine rengini\u0173 gausa ir \u012fvairove. \u0160iemet festivalio akcentu taps kult\u016br\u0173 draugyst\u0117, tod\u0117l ypatingas d\u0117mesys bus skiriamas ne tik ispani\u0161kajai kult\u016brai, bet ir Lotyn\u0173 Amerikos \u0161alims, Ispanijos kaimynei Italijai bei"}