{"version":"1.0","provider_name":"\u017durnalas Lietuv\u0117","provider_url":"https:\/\/lietuve.lt","title":"\u012e nemokamus renginius kvies kamerin\u0117s muzikos festivalis \u201eAvanti\u201c - \u017durnalas Lietuv\u0117","type":"rich","width":600,"height":338,"html":"<blockquote class=\"wp-embedded-content\" data-secret=\"Ac7IkcfyHm\"><a href=\"https:\/\/lietuve.lt\/i-nemokamus-renginius-kvies-kamerines-muzikos-festivalis-avanti\/\">\u012e nemokamus renginius kvies kamerin\u0117s muzikos festivalis \u201eAvanti\u201c<\/a><\/blockquote><iframe sandbox=\"allow-scripts\" security=\"restricted\" src=\"https:\/\/lietuve.lt\/i-nemokamus-renginius-kvies-kamerines-muzikos-festivalis-avanti\/embed\/#?secret=Ac7IkcfyHm\" width=\"600\" height=\"338\" title=\"&#8220;\u012e nemokamus renginius kvies kamerin\u0117s muzikos festivalis \u201eAvanti\u201c&#8221; &#8212; \u017durnalas Lietuv\u0117\" data-secret=\"Ac7IkcfyHm\" frameborder=\"0\" marginwidth=\"0\" marginheight=\"0\" scrolling=\"no\" class=\"wp-embedded-content\"><\/iframe><script type=\"text\/javascript\">\n\/* <![CDATA[ *\/\n\/*! This file is auto-generated *\/\n!function(d,l){\"use strict\";l.querySelector&&d.addEventListener&&\"undefined\"!=typeof URL&&(d.wp=d.wp||{},d.wp.receiveEmbedMessage||(d.wp.receiveEmbedMessage=function(e){var t=e.data;if((t||t.secret||t.message||t.value)&&!\/[^a-zA-Z0-9]\/.test(t.secret)){for(var s,r,n,a=l.querySelectorAll('iframe[data-secret=\"'+t.secret+'\"]'),o=l.querySelectorAll('blockquote[data-secret=\"'+t.secret+'\"]'),c=new RegExp(\"^https?:$\",\"i\"),i=0;i<o.length;i++)o[i].style.display=\"none\";for(i=0;i<a.length;i++)s=a[i],e.source===s.contentWindow&&(s.removeAttribute(\"style\"),\"height\"===t.message?(1e3<(r=parseInt(t.value,10))?r=1e3:~~r<200&&(r=200),s.height=r):\"link\"===t.message&&(r=new URL(s.getAttribute(\"src\")),n=new URL(t.value),c.test(n.protocol))&&n.host===r.host&&l.activeElement===s&&(d.top.location.href=t.value))}},d.addEventListener(\"message\",d.wp.receiveEmbedMessage,!1),l.addEventListener(\"DOMContentLoaded\",function(){for(var e,t,s=l.querySelectorAll(\"iframe.wp-embedded-content\"),r=0;r<s.length;r++)(t=(e=s[r]).getAttribute(\"data-secret\"))||(t=Math.random().toString(36).substring(2,12),e.src+=\"#?secret=\"+t,e.setAttribute(\"data-secret\",t)),e.contentWindow.postMessage({message:\"ready\",secret:t},\"*\")},!1)))}(window,document);\n\/\/# sourceURL=https:\/\/lietuve.lt\/wp-includes\/js\/wp-embed.min.js\n\/* ]]> *\/\n<\/script>\n","description":"Baland\u017eio 27\u2013gegu\u017e\u0117s 8 dienomis Kaune vyks ketvirtasis tarptautinis kamerin\u0117s muzikos festivalis \u201eAvanti\u201c, kurio programa \u0161\u012fkart kvie\u010dia \u012fsitikinti, jog kamerin\u0117 muzika yra neb\u016btinai klasikin\u0117 ir neb\u016btinai turi skamb\u0117ti kamerin\u0117je erdv\u0117je. Pasak organizatori\u0173, Vytauto Did\u017eiojo universiteto rengiamas festivalis jau tapo \u017einomu ir svarbiu \u012fvykiu tiek kult\u016bros rei\u0161kini\u0173 m\u0117g\u0117jams Kaune, tiek muzikos profesionalams. \u201e\u0160i\u0173 met\u0173 festivalis nepripa\u017e\u012fsta nei"}