{"version":"1.0","provider_name":"\u017durnalas Lietuv\u0117","provider_url":"https:\/\/lietuve.lt","title":"\u012e Rum\u0161i\u0161kes kvie\u010dia \u201eAmat\u0173 diena su regioniniais parkais\u201c - \u017durnalas Lietuv\u0117","type":"rich","width":600,"height":338,"html":"<blockquote class=\"wp-embedded-content\" data-secret=\"yMD4AEePqt\"><a href=\"https:\/\/lietuve.lt\/i-rumsiskes-kviecia-amatu-diena-su-regioniniais-parkais\/\">\u012e Rum\u0161i\u0161kes kvie\u010dia \u201eAmat\u0173 diena su regioniniais parkais\u201c<\/a><\/blockquote><iframe sandbox=\"allow-scripts\" security=\"restricted\" src=\"https:\/\/lietuve.lt\/i-rumsiskes-kviecia-amatu-diena-su-regioniniais-parkais\/embed\/#?secret=yMD4AEePqt\" width=\"600\" height=\"338\" title=\"&#8220;\u012e Rum\u0161i\u0161kes kvie\u010dia \u201eAmat\u0173 diena su regioniniais parkais\u201c&#8221; &#8212; \u017durnalas Lietuv\u0117\" data-secret=\"yMD4AEePqt\" frameborder=\"0\" marginwidth=\"0\" marginheight=\"0\" scrolling=\"no\" class=\"wp-embedded-content\"><\/iframe><script type=\"text\/javascript\">\n\/* <![CDATA[ *\/\n\/*! This file is auto-generated *\/\n!function(d,l){\"use strict\";l.querySelector&&d.addEventListener&&\"undefined\"!=typeof URL&&(d.wp=d.wp||{},d.wp.receiveEmbedMessage||(d.wp.receiveEmbedMessage=function(e){var t=e.data;if((t||t.secret||t.message||t.value)&&!\/[^a-zA-Z0-9]\/.test(t.secret)){for(var s,r,n,a=l.querySelectorAll('iframe[data-secret=\"'+t.secret+'\"]'),o=l.querySelectorAll('blockquote[data-secret=\"'+t.secret+'\"]'),c=new RegExp(\"^https?:$\",\"i\"),i=0;i<o.length;i++)o[i].style.display=\"none\";for(i=0;i<a.length;i++)s=a[i],e.source===s.contentWindow&&(s.removeAttribute(\"style\"),\"height\"===t.message?(1e3<(r=parseInt(t.value,10))?r=1e3:~~r<200&&(r=200),s.height=r):\"link\"===t.message&&(r=new URL(s.getAttribute(\"src\")),n=new URL(t.value),c.test(n.protocol))&&n.host===r.host&&l.activeElement===s&&(d.top.location.href=t.value))}},d.addEventListener(\"message\",d.wp.receiveEmbedMessage,!1),l.addEventListener(\"DOMContentLoaded\",function(){for(var e,t,s=l.querySelectorAll(\"iframe.wp-embedded-content\"),r=0;r<s.length;r++)(t=(e=s[r]).getAttribute(\"data-secret\"))||(t=Math.random().toString(36).substring(2,12),e.src+=\"#?secret=\"+t,e.setAttribute(\"data-secret\",t)),e.contentWindow.postMessage({message:\"ready\",secret:t},\"*\")},!1)))}(window,document);\n\/\/# sourceURL=https:\/\/lietuve.lt\/wp-includes\/js\/wp-embed.min.js\n\/* ]]> *\/\n<\/script>\n","description":"\u0160iais metais Lietuvos regioniniai parkai mini 25-met\u012f. Ta proga regionini\u0173 park\u0173 direkcijos kartu su etnografiniais ansambliais, vietos amatininkais ir bendruomen\u0117mis gegu\u017e\u0117s 26 d. susirinks Lietuvos liaudies buities muziejuje Rum\u0161i\u0161k\u0117se. Renginys \u012fsilies \u012f muziejaus po atviru dangumi organizuojam\u0105 \u0161vent\u0119 \u201eAmat\u0173 diena su regioniniais parkais\u201c. Lietuvos regionini\u0173 park\u0173 istorija prasid\u0117jo prie\u0161 25 metus (t. y. 1992 metais),","thumbnail_url":"http:\/\/lietuve.lt\/wp-content\/uploads\/2017\/05\/1-144.jpg"}