{"version":"1.0","provider_name":"\u017durnalas Lietuv\u0117","provider_url":"https:\/\/lietuve.lt","title":"Ieva Zasimauskait\u0117: \u201eIki \u201eEurovizijos\u201c mano asmenyb\u0117 prodiuseriams nebuvo \u012fdomi\u201c - \u017durnalas Lietuv\u0117","type":"rich","width":600,"height":338,"html":"<blockquote class=\"wp-embedded-content\" data-secret=\"cX4dbY0luW\"><a href=\"https:\/\/lietuve.lt\/ieva-zasimauskaite-iki-eurovizijos-mano-asmenybe-prodiuseriams-nebuvo-idomi\/\">Ieva Zasimauskait\u0117: \u201eIki \u201eEurovizijos\u201c mano asmenyb\u0117 prodiuseriams nebuvo \u012fdomi\u201c<\/a><\/blockquote><iframe sandbox=\"allow-scripts\" security=\"restricted\" src=\"https:\/\/lietuve.lt\/ieva-zasimauskaite-iki-eurovizijos-mano-asmenybe-prodiuseriams-nebuvo-idomi\/embed\/#?secret=cX4dbY0luW\" width=\"600\" height=\"338\" title=\"&#8220;Ieva Zasimauskait\u0117: \u201eIki \u201eEurovizijos\u201c mano asmenyb\u0117 prodiuseriams nebuvo \u012fdomi\u201c&#8221; &#8212; \u017durnalas Lietuv\u0117\" data-secret=\"cX4dbY0luW\" frameborder=\"0\" marginwidth=\"0\" marginheight=\"0\" scrolling=\"no\" class=\"wp-embedded-content\"><\/iframe><script type=\"text\/javascript\">\n\/* <![CDATA[ *\/\n\/*! This file is auto-generated *\/\n!function(d,l){\"use strict\";l.querySelector&&d.addEventListener&&\"undefined\"!=typeof URL&&(d.wp=d.wp||{},d.wp.receiveEmbedMessage||(d.wp.receiveEmbedMessage=function(e){var t=e.data;if((t||t.secret||t.message||t.value)&&!\/[^a-zA-Z0-9]\/.test(t.secret)){for(var s,r,n,a=l.querySelectorAll('iframe[data-secret=\"'+t.secret+'\"]'),o=l.querySelectorAll('blockquote[data-secret=\"'+t.secret+'\"]'),c=new RegExp(\"^https?:$\",\"i\"),i=0;i<o.length;i++)o[i].style.display=\"none\";for(i=0;i<a.length;i++)s=a[i],e.source===s.contentWindow&&(s.removeAttribute(\"style\"),\"height\"===t.message?(1e3<(r=parseInt(t.value,10))?r=1e3:~~r<200&&(r=200),s.height=r):\"link\"===t.message&&(r=new URL(s.getAttribute(\"src\")),n=new URL(t.value),c.test(n.protocol))&&n.host===r.host&&l.activeElement===s&&(d.top.location.href=t.value))}},d.addEventListener(\"message\",d.wp.receiveEmbedMessage,!1),l.addEventListener(\"DOMContentLoaded\",function(){for(var e,t,s=l.querySelectorAll(\"iframe.wp-embedded-content\"),r=0;r<s.length;r++)(t=(e=s[r]).getAttribute(\"data-secret\"))||(t=Math.random().toString(36).substring(2,12),e.src+=\"#?secret=\"+t,e.setAttribute(\"data-secret\",t)),e.contentWindow.postMessage({message:\"ready\",secret:t},\"*\")},!1)))}(window,document);\n\/\/# sourceURL=https:\/\/lietuve.lt\/wp-includes\/js\/wp-embed.min.js\n\/* ]]> *\/\n<\/script>\n","thumbnail_url":"https:\/\/lietuve.lt\/wp-content\/uploads\/2018\/05\/1-77.jpg","thumbnail_width":670,"thumbnail_height":399,"description":"24-eri\u0173 kauniet\u0117 Ieva Zasimauskait\u0117-Kiltinavi\u010dien\u0117 \u0161\u012f pavasar\u012f tapo \u017einoma visai Lietuvai, kaip sakoma, per vien\u0105 nakt\u012f. Daininink\u0117 atvira \u2013 \u201eEurovizija\u201c buvo puiki galimyb\u0117 i\u0161gars\u0117ti, nes jos asmenyb\u0117s ir gyvenimo b\u016bdo nepripa\u017eino n\u0117 vienas Lietuvos muzikos prodiuseris. \u201eA\u010di\u016b Dievui, kad dalyvavau \u201eEurovizijoje\u201c\u00a0 ne prie\u0161 ketverius metus, o dabar, tokia, kokia esu dabar, nes, matyt, neb\u016b\u010diau i\u0161tv\u0117rusi to"}