{"version":"1.0","provider_name":"\u017durnalas Lietuv\u0117","provider_url":"https:\/\/lietuve.lt","title":"\u012e \u201eEurovizij\u0105\u201c i\u0161vykstan\u010diai I. Zasimauskaitei \u2013 \u0161ilti Valdo ir Almos Adamk\u0173 link\u0117jimai - \u017durnalas Lietuv\u0117","type":"rich","width":600,"height":338,"html":"<blockquote class=\"wp-embedded-content\" data-secret=\"bfTAcjxFMy\"><a href=\"https:\/\/lietuve.lt\/ievos-zasimauskaites-islydetuvese-i-eurovizija-ir-valdas-adamkus\/\">\u012e \u201eEurovizij\u0105\u201c i\u0161vykstan\u010diai I. Zasimauskaitei \u2013 \u0161ilti Valdo ir Almos Adamk\u0173 link\u0117jimai<\/a><\/blockquote><iframe sandbox=\"allow-scripts\" security=\"restricted\" src=\"https:\/\/lietuve.lt\/ievos-zasimauskaites-islydetuvese-i-eurovizija-ir-valdas-adamkus\/embed\/#?secret=bfTAcjxFMy\" width=\"600\" height=\"338\" title=\"&#8220;\u012e \u201eEurovizij\u0105\u201c i\u0161vykstan\u010diai I. Zasimauskaitei \u2013 \u0161ilti Valdo ir Almos Adamk\u0173 link\u0117jimai&#8221; &#8212; \u017durnalas Lietuv\u0117\" data-secret=\"bfTAcjxFMy\" frameborder=\"0\" marginwidth=\"0\" marginheight=\"0\" scrolling=\"no\" class=\"wp-embedded-content\"><\/iframe><script type=\"text\/javascript\">\n\/* <![CDATA[ *\/\n\/*! This file is auto-generated *\/\n!function(d,l){\"use strict\";l.querySelector&&d.addEventListener&&\"undefined\"!=typeof URL&&(d.wp=d.wp||{},d.wp.receiveEmbedMessage||(d.wp.receiveEmbedMessage=function(e){var t=e.data;if((t||t.secret||t.message||t.value)&&!\/[^a-zA-Z0-9]\/.test(t.secret)){for(var s,r,n,a=l.querySelectorAll('iframe[data-secret=\"'+t.secret+'\"]'),o=l.querySelectorAll('blockquote[data-secret=\"'+t.secret+'\"]'),c=new RegExp(\"^https?:$\",\"i\"),i=0;i<o.length;i++)o[i].style.display=\"none\";for(i=0;i<a.length;i++)s=a[i],e.source===s.contentWindow&&(s.removeAttribute(\"style\"),\"height\"===t.message?(1e3<(r=parseInt(t.value,10))?r=1e3:~~r<200&&(r=200),s.height=r):\"link\"===t.message&&(r=new URL(s.getAttribute(\"src\")),n=new URL(t.value),c.test(n.protocol))&&n.host===r.host&&l.activeElement===s&&(d.top.location.href=t.value))}},d.addEventListener(\"message\",d.wp.receiveEmbedMessage,!1),l.addEventListener(\"DOMContentLoaded\",function(){for(var e,t,s=l.querySelectorAll(\"iframe.wp-embedded-content\"),r=0;r<s.length;r++)(t=(e=s[r]).getAttribute(\"data-secret\"))||(t=Math.random().toString(36).substring(2,12),e.src+=\"#?secret=\"+t,e.setAttribute(\"data-secret\",t)),e.contentWindow.postMessage({message:\"ready\",secret:t},\"*\")},!1)))}(window,document);\n\/\/# sourceURL=https:\/\/lietuve.lt\/wp-includes\/js\/wp-embed.min.js\n\/* ]]> *\/\n<\/script>\n","thumbnail_url":"https:\/\/lietuve.lt\/wp-content\/uploads\/2018\/04\/1-122.jpg","thumbnail_width":960,"thumbnail_height":540,"description":"Tre\u010diadien\u012f LR Prezident\u016broje surengtos Ievos Zasimauskait\u0117s i\u0161lyd\u0117tuv\u0117s \u012f \u201eEurovizij\u0105\u201c. Daina \u201eWhen we\u2019re old\u201c, jau palietusi daugyb\u0119 \u0161ird\u017ei\u0173, nepaliko abejingos ir buvusios pirmosios \u0161alies poros. Prezidentas Valdas Adamkus su \u017emona Alma yra dideli \u0161ios dainos gerb\u0117jai. I\u0161lyd\u0117damas Iev\u0105 V. Adamkus jai palink\u0117jo \u201eEurovizijos\u201c scenoje visiems parodyti, kad Lietuva turi nuostabi\u0173 talent\u0173. I\u0161lyd\u0117tuvi\u0173 ceremonijoje negal\u0117jusi dalyvauti p."}