{"version":"1.0","provider_name":"\u017durnalas Lietuv\u0117","provider_url":"https:\/\/lietuve.lt","title":"\u012emoni\u0173 atstovai t\u0119sia susitikim\u0173 su moksleiviais tradicij\u0105 - \u017durnalas Lietuv\u0117","type":"rich","width":600,"height":338,"html":"<blockquote class=\"wp-embedded-content\" data-secret=\"EOSrra49Ne\"><a href=\"https:\/\/lietuve.lt\/imoniu-atstovai-tesia-susitikimu-su-moksleiviais-tradicija\/\">\u012emoni\u0173 atstovai t\u0119sia susitikim\u0173 su moksleiviais tradicij\u0105<\/a><\/blockquote><iframe sandbox=\"allow-scripts\" security=\"restricted\" src=\"https:\/\/lietuve.lt\/imoniu-atstovai-tesia-susitikimu-su-moksleiviais-tradicija\/embed\/#?secret=EOSrra49Ne\" width=\"600\" height=\"338\" title=\"&#8220;\u012emoni\u0173 atstovai t\u0119sia susitikim\u0173 su moksleiviais tradicij\u0105&#8221; &#8212; \u017durnalas Lietuv\u0117\" data-secret=\"EOSrra49Ne\" frameborder=\"0\" marginwidth=\"0\" marginheight=\"0\" scrolling=\"no\" class=\"wp-embedded-content\"><\/iframe><script type=\"text\/javascript\">\n\/* <![CDATA[ *\/\n\/*! This file is auto-generated *\/\n!function(d,l){\"use strict\";l.querySelector&&d.addEventListener&&\"undefined\"!=typeof URL&&(d.wp=d.wp||{},d.wp.receiveEmbedMessage||(d.wp.receiveEmbedMessage=function(e){var t=e.data;if((t||t.secret||t.message||t.value)&&!\/[^a-zA-Z0-9]\/.test(t.secret)){for(var s,r,n,a=l.querySelectorAll('iframe[data-secret=\"'+t.secret+'\"]'),o=l.querySelectorAll('blockquote[data-secret=\"'+t.secret+'\"]'),c=new RegExp(\"^https?:$\",\"i\"),i=0;i<o.length;i++)o[i].style.display=\"none\";for(i=0;i<a.length;i++)s=a[i],e.source===s.contentWindow&&(s.removeAttribute(\"style\"),\"height\"===t.message?(1e3<(r=parseInt(t.value,10))?r=1e3:~~r<200&&(r=200),s.height=r):\"link\"===t.message&&(r=new URL(s.getAttribute(\"src\")),n=new URL(t.value),c.test(n.protocol))&&n.host===r.host&&l.activeElement===s&&(d.top.location.href=t.value))}},d.addEventListener(\"message\",d.wp.receiveEmbedMessage,!1),l.addEventListener(\"DOMContentLoaded\",function(){for(var e,t,s=l.querySelectorAll(\"iframe.wp-embedded-content\"),r=0;r<s.length;r++)(t=(e=s[r]).getAttribute(\"data-secret\"))||(t=Math.random().toString(36).substring(2,12),e.src+=\"#?secret=\"+t,e.setAttribute(\"data-secret\",t)),e.contentWindow.postMessage({message:\"ready\",secret:t},\"*\")},!1)))}(window,document);\n\/\/# sourceURL=https:\/\/lietuve.lt\/wp-includes\/js\/wp-embed.min.js\n\/* ]]> *\/\n<\/script>\n","thumbnail_url":"https:\/\/lietuve.lt\/wp-content\/uploads\/2015\/11\/Dovile-Grigiene_Swedbank-nuotr1.jpg","thumbnail_width":1192,"thumbnail_height":676,"description":"Lapkri\u010dio 23 d. \u012f Lietuvos mokyklas gr\u012f\u017eta projektas \u201eNacionalin\u0117 karjeros savait\u0117\u201c. Jo metu \u012fvairi\u0173 organizacij\u0173 darbuotojai savanoriai vyks \u012f susitikimus su moksleiviais ir pasakos apie savo specialybes bei \u0161alies darbo rink\u0105, tik\u0117damiesi palengvinti b\u016bsimos profesijos paie\u0161kas. Profesin\u0117s savanoryst\u0117s iniciatyvos \u201eKam to reikia?!\u201c organizuojam\u0105 \u201eNacionalin\u0119 karjeros savait\u0119\u201c globoja LR Prezident\u0117 Dalia Grybauskait\u0117. \u201eTre\u010dius metus vykstantis profesinio"}