{"version":"1.0","provider_name":"\u017durnalas Lietuv\u0117","provider_url":"https:\/\/lietuve.lt","title":"Inga Valinskien\u0117: \u201eNuomon\u0117s nebereikia derinti su vyru\u201c - \u017durnalas Lietuv\u0117","type":"rich","width":600,"height":338,"html":"<blockquote class=\"wp-embedded-content\" data-secret=\"4hz1ozUeff\"><a href=\"https:\/\/lietuve.lt\/inga-valinskiene-nuomones-nebereikia-derinti-su-vyru\/\">Inga Valinskien\u0117: \u201eNuomon\u0117s nebereikia derinti su vyru\u201c<\/a><\/blockquote><iframe sandbox=\"allow-scripts\" security=\"restricted\" src=\"https:\/\/lietuve.lt\/inga-valinskiene-nuomones-nebereikia-derinti-su-vyru\/embed\/#?secret=4hz1ozUeff\" width=\"600\" height=\"338\" title=\"&#8220;Inga Valinskien\u0117: \u201eNuomon\u0117s nebereikia derinti su vyru\u201c&#8221; &#8212; \u017durnalas Lietuv\u0117\" data-secret=\"4hz1ozUeff\" frameborder=\"0\" marginwidth=\"0\" marginheight=\"0\" scrolling=\"no\" class=\"wp-embedded-content\"><\/iframe><script type=\"text\/javascript\">\n\/* <![CDATA[ *\/\n\/*! This file is auto-generated *\/\n!function(d,l){\"use strict\";l.querySelector&&d.addEventListener&&\"undefined\"!=typeof URL&&(d.wp=d.wp||{},d.wp.receiveEmbedMessage||(d.wp.receiveEmbedMessage=function(e){var t=e.data;if((t||t.secret||t.message||t.value)&&!\/[^a-zA-Z0-9]\/.test(t.secret)){for(var s,r,n,a=l.querySelectorAll('iframe[data-secret=\"'+t.secret+'\"]'),o=l.querySelectorAll('blockquote[data-secret=\"'+t.secret+'\"]'),c=new RegExp(\"^https?:$\",\"i\"),i=0;i<o.length;i++)o[i].style.display=\"none\";for(i=0;i<a.length;i++)s=a[i],e.source===s.contentWindow&&(s.removeAttribute(\"style\"),\"height\"===t.message?(1e3<(r=parseInt(t.value,10))?r=1e3:~~r<200&&(r=200),s.height=r):\"link\"===t.message&&(r=new URL(s.getAttribute(\"src\")),n=new URL(t.value),c.test(n.protocol))&&n.host===r.host&&l.activeElement===s&&(d.top.location.href=t.value))}},d.addEventListener(\"message\",d.wp.receiveEmbedMessage,!1),l.addEventListener(\"DOMContentLoaded\",function(){for(var e,t,s=l.querySelectorAll(\"iframe.wp-embedded-content\"),r=0;r<s.length;r++)(t=(e=s[r]).getAttribute(\"data-secret\"))||(t=Math.random().toString(36).substring(2,12),e.src+=\"#?secret=\"+t,e.setAttribute(\"data-secret\",t)),e.contentWindow.postMessage({message:\"ready\",secret:t},\"*\")},!1)))}(window,document);\n\/\/# sourceURL=https:\/\/lietuve.lt\/wp-includes\/js\/wp-embed.min.js\n\/* ]]> *\/\n<\/script>\n","thumbnail_url":"https:\/\/lietuve.lt\/wp-content\/uploads\/2016\/09\/1-18.jpg","thumbnail_width":800,"thumbnail_height":534,"description":"\u0160e\u0161tadien\u012f \u012f BTV eter\u012f sugr\u012f\u017etantis \u0161ou \u201eMuzikin\u0117 kauk\u0117\u201c pristat\u0117 atsinaujinusi\u0105 komisij\u0105. Prie jau tre\u010di\u0105 sezon\u0105 komisijos k\u0117d\u0117se s\u0117din\u010di\u0173 re\u017eisieriaus Vytenio Pauliukai\u010dio ir aktoriaus Manto Stonkaus prisijung\u0117 televizijos ir radijo laid\u0173 ved\u0117ja Livija Gradauskien\u0117. Atskleista ir ketvirtoji projekto \u201eMuzikin\u0117 kauk\u0117\u201c komisijos nar\u0117 \u2013 \u017eavinga ir talentinga daininink\u0117 bei film\u0173 garsintoja Inga Valinskien\u0117 vertins Lietuvos garsenybi\u0173 \u012fsik\u016bnijimus."}