{"version":"1.0","provider_name":"\u017durnalas Lietuv\u0117","provider_url":"https:\/\/lietuve.lt","title":"Interneto sensacija: M. \u0160al\u010di\u016bt\u0117 \u0117m\u0117si darbo Lietuvos paj\u016bryje - \u017durnalas Lietuv\u0117","type":"rich","width":600,"height":338,"html":"<blockquote class=\"wp-embedded-content\" data-secret=\"trkQ5XRjl2\"><a href=\"https:\/\/lietuve.lt\/interneto-sensacija-m-salciute-emesi-darbo-lietuvos-pajuryje\/\">Interneto sensacija: M. \u0160al\u010di\u016bt\u0117 \u0117m\u0117si darbo Lietuvos paj\u016bryje<\/a><\/blockquote><iframe sandbox=\"allow-scripts\" security=\"restricted\" src=\"https:\/\/lietuve.lt\/interneto-sensacija-m-salciute-emesi-darbo-lietuvos-pajuryje\/embed\/#?secret=trkQ5XRjl2\" width=\"600\" height=\"338\" title=\"&#8220;Interneto sensacija: M. \u0160al\u010di\u016bt\u0117 \u0117m\u0117si darbo Lietuvos paj\u016bryje&#8221; &#8212; \u017durnalas Lietuv\u0117\" data-secret=\"trkQ5XRjl2\" frameborder=\"0\" marginwidth=\"0\" marginheight=\"0\" scrolling=\"no\" class=\"wp-embedded-content\"><\/iframe><script type=\"text\/javascript\">\n\/* <![CDATA[ *\/\n\/*! This file is auto-generated *\/\n!function(d,l){\"use strict\";l.querySelector&&d.addEventListener&&\"undefined\"!=typeof URL&&(d.wp=d.wp||{},d.wp.receiveEmbedMessage||(d.wp.receiveEmbedMessage=function(e){var t=e.data;if((t||t.secret||t.message||t.value)&&!\/[^a-zA-Z0-9]\/.test(t.secret)){for(var s,r,n,a=l.querySelectorAll('iframe[data-secret=\"'+t.secret+'\"]'),o=l.querySelectorAll('blockquote[data-secret=\"'+t.secret+'\"]'),c=new RegExp(\"^https?:$\",\"i\"),i=0;i<o.length;i++)o[i].style.display=\"none\";for(i=0;i<a.length;i++)s=a[i],e.source===s.contentWindow&&(s.removeAttribute(\"style\"),\"height\"===t.message?(1e3<(r=parseInt(t.value,10))?r=1e3:~~r<200&&(r=200),s.height=r):\"link\"===t.message&&(r=new URL(s.getAttribute(\"src\")),n=new URL(t.value),c.test(n.protocol))&&n.host===r.host&&l.activeElement===s&&(d.top.location.href=t.value))}},d.addEventListener(\"message\",d.wp.receiveEmbedMessage,!1),l.addEventListener(\"DOMContentLoaded\",function(){for(var e,t,s=l.querySelectorAll(\"iframe.wp-embedded-content\"),r=0;r<s.length;r++)(t=(e=s[r]).getAttribute(\"data-secret\"))||(t=Math.random().toString(36).substring(2,12),e.src+=\"#?secret=\"+t,e.setAttribute(\"data-secret\",t)),e.contentWindow.postMessage({message:\"ready\",secret:t},\"*\")},!1)))}(window,document);\n\/\/# sourceURL=https:\/\/lietuve.lt\/wp-includes\/js\/wp-embed.min.js\n\/* ]]> *\/\n<\/script>\n","thumbnail_url":"https:\/\/lietuve.lt\/wp-content\/uploads\/2013\/07\/TV3_ZG_Monika_Salciute.jpg","thumbnail_width":800,"thumbnail_height":439,"description":"\u201eGelb\u0117toja b\u016bsiu pirm\u0105 kart\u0105. Net ne\u012fsivaizduoju, koks tai darbas, ta\u010diau esu pasiry\u017eusi bet kam\u201c, \u2013 pirmadien\u012f, liepos 15-\u0105j\u0105, 19.50 val. TV3 vasaros laidos \u201e\u017di\u016br\u0117k! Geras!\u201c \u017ei\u016brovams linksm\u0105 pramog\u0105 \u017ead\u0117s socialiniame tinkle \u201eFacebook\u201c i\u0161gars\u0117jusi \u0161ok\u0117ja, projekto \u201eMeil\u0117s trikampis\u201c dalyv\u0117 Monika \u0160al\u010di\u016bt\u0117. \u00a0\u201e\u0160tai \u010dia \u2013 \u017ei\u016bronai, ta\u010diau \u017ei\u016br\u0117ti su jais reikia \u012f j\u016br\u0105, o ne \u012f vyr\u0173"}