{"version":"1.0","provider_name":"\u017durnalas Lietuv\u0117","provider_url":"https:\/\/lietuve.lt","title":"I\u0161 u\u017esienio gr\u012f\u017e\u0119 jaunieji profesionalai pa\u017e\u0117r\u0117 daugyb\u0119 id\u0117j\u0173 Vilniui  - \u017durnalas Lietuv\u0117","type":"rich","width":600,"height":338,"html":"<blockquote class=\"wp-embedded-content\" data-secret=\"UDEUYtsjpU\"><a href=\"https:\/\/lietuve.lt\/is-uzsienio-grize-jaunieji-profesionalai-pazere-daugybe-ideju-vilniui\/\">I\u0161 u\u017esienio gr\u012f\u017e\u0119 jaunieji profesionalai pa\u017e\u0117r\u0117 daugyb\u0119 id\u0117j\u0173 Vilniui<\/a><\/blockquote><iframe sandbox=\"allow-scripts\" security=\"restricted\" src=\"https:\/\/lietuve.lt\/is-uzsienio-grize-jaunieji-profesionalai-pazere-daugybe-ideju-vilniui\/embed\/#?secret=UDEUYtsjpU\" width=\"600\" height=\"338\" title=\"&#8220;I\u0161 u\u017esienio gr\u012f\u017e\u0119 jaunieji profesionalai pa\u017e\u0117r\u0117 daugyb\u0119 id\u0117j\u0173 Vilniui&#8221; &#8212; \u017durnalas Lietuv\u0117\" data-secret=\"UDEUYtsjpU\" frameborder=\"0\" marginwidth=\"0\" marginheight=\"0\" scrolling=\"no\" class=\"wp-embedded-content\"><\/iframe><script type=\"text\/javascript\">\n\/* <![CDATA[ *\/\n\/*! This file is auto-generated *\/\n!function(d,l){\"use strict\";l.querySelector&&d.addEventListener&&\"undefined\"!=typeof URL&&(d.wp=d.wp||{},d.wp.receiveEmbedMessage||(d.wp.receiveEmbedMessage=function(e){var t=e.data;if((t||t.secret||t.message||t.value)&&!\/[^a-zA-Z0-9]\/.test(t.secret)){for(var s,r,n,a=l.querySelectorAll('iframe[data-secret=\"'+t.secret+'\"]'),o=l.querySelectorAll('blockquote[data-secret=\"'+t.secret+'\"]'),c=new RegExp(\"^https?:$\",\"i\"),i=0;i<o.length;i++)o[i].style.display=\"none\";for(i=0;i<a.length;i++)s=a[i],e.source===s.contentWindow&&(s.removeAttribute(\"style\"),\"height\"===t.message?(1e3<(r=parseInt(t.value,10))?r=1e3:~~r<200&&(r=200),s.height=r):\"link\"===t.message&&(r=new URL(s.getAttribute(\"src\")),n=new URL(t.value),c.test(n.protocol))&&n.host===r.host&&l.activeElement===s&&(d.top.location.href=t.value))}},d.addEventListener(\"message\",d.wp.receiveEmbedMessage,!1),l.addEventListener(\"DOMContentLoaded\",function(){for(var e,t,s=l.querySelectorAll(\"iframe.wp-embedded-content\"),r=0;r<s.length;r++)(t=(e=s[r]).getAttribute(\"data-secret\"))||(t=Math.random().toString(36).substring(2,12),e.src+=\"#?secret=\"+t,e.setAttribute(\"data-secret\",t)),e.contentWindow.postMessage({message:\"ready\",secret:t},\"*\")},!1)))}(window,document);\n\/\/# sourceURL=https:\/\/lietuve.lt\/wp-includes\/js\/wp-embed.min.js\n\/* ]]> *\/\n<\/script>\n","description":"\u0160\u012f tre\u010diadien\u012f Vilniaus meras Remigijus \u0160ima\u0161ius susitiko su u\u017esienyje mokslus baigusiais ir praktin\u0117s patirties \u012fgijusiais jaunais profesionalais, kurie yra sugr\u012f\u017e\u0119 \u012f Lietuv\u0105, ir pakviet\u0117 juos prisid\u0117ti prie sostin\u0117s ateities k\u016brimo. \u201eVilnius \u2013 jaunas, gyvas, spar\u010diai augantis ir didel\u012f potencial\u0105 turintis miestas. Kuriame j\u012f draugi\u0161k\u0105, patog\u0173, sveting\u0105, kuriame gera gyventi visiems, yra patraukli\u0173 verslo ir darbo"}