{"version":"1.0","provider_name":"\u017durnalas Lietuv\u0117","provider_url":"https:\/\/lietuve.lt","title":"I\u0161 u\u017esienio gr\u012f\u017eusi\u0173 vaik\u0173 integracija Lietuvos mokyklose \u2013 komandinis darbas - \u017durnalas Lietuv\u0117","type":"rich","width":600,"height":338,"html":"<blockquote class=\"wp-embedded-content\" data-secret=\"e6DhKUPH9b\"><a href=\"https:\/\/lietuve.lt\/is-uzsienio-grizusiu-vaiku-integracija-lietuvos-mokyklose-komandinis-darbas\/\">I\u0161 u\u017esienio gr\u012f\u017eusi\u0173 vaik\u0173 integracija Lietuvos mokyklose \u2013 komandinis darbas<\/a><\/blockquote><iframe sandbox=\"allow-scripts\" security=\"restricted\" src=\"https:\/\/lietuve.lt\/is-uzsienio-grizusiu-vaiku-integracija-lietuvos-mokyklose-komandinis-darbas\/embed\/#?secret=e6DhKUPH9b\" width=\"600\" height=\"338\" title=\"&#8220;I\u0161 u\u017esienio gr\u012f\u017eusi\u0173 vaik\u0173 integracija Lietuvos mokyklose \u2013 komandinis darbas&#8221; &#8212; \u017durnalas Lietuv\u0117\" data-secret=\"e6DhKUPH9b\" frameborder=\"0\" marginwidth=\"0\" marginheight=\"0\" scrolling=\"no\" class=\"wp-embedded-content\"><\/iframe><script type=\"text\/javascript\">\n\/* <![CDATA[ *\/\n\/*! This file is auto-generated *\/\n!function(d,l){\"use strict\";l.querySelector&&d.addEventListener&&\"undefined\"!=typeof URL&&(d.wp=d.wp||{},d.wp.receiveEmbedMessage||(d.wp.receiveEmbedMessage=function(e){var t=e.data;if((t||t.secret||t.message||t.value)&&!\/[^a-zA-Z0-9]\/.test(t.secret)){for(var s,r,n,a=l.querySelectorAll('iframe[data-secret=\"'+t.secret+'\"]'),o=l.querySelectorAll('blockquote[data-secret=\"'+t.secret+'\"]'),c=new RegExp(\"^https?:$\",\"i\"),i=0;i<o.length;i++)o[i].style.display=\"none\";for(i=0;i<a.length;i++)s=a[i],e.source===s.contentWindow&&(s.removeAttribute(\"style\"),\"height\"===t.message?(1e3<(r=parseInt(t.value,10))?r=1e3:~~r<200&&(r=200),s.height=r):\"link\"===t.message&&(r=new URL(s.getAttribute(\"src\")),n=new URL(t.value),c.test(n.protocol))&&n.host===r.host&&l.activeElement===s&&(d.top.location.href=t.value))}},d.addEventListener(\"message\",d.wp.receiveEmbedMessage,!1),l.addEventListener(\"DOMContentLoaded\",function(){for(var e,t,s=l.querySelectorAll(\"iframe.wp-embedded-content\"),r=0;r<s.length;r++)(t=(e=s[r]).getAttribute(\"data-secret\"))||(t=Math.random().toString(36).substring(2,12),e.src+=\"#?secret=\"+t,e.setAttribute(\"data-secret\",t)),e.contentWindow.postMessage({message:\"ready\",secret:t},\"*\")},!1)))}(window,document);\n\/\/# sourceURL=https:\/\/lietuve.lt\/wp-includes\/js\/wp-embed.min.js\n\/* ]]> *\/\n<\/script>\n","thumbnail_url":"https:\/\/lietuve.lt\/wp-content\/uploads\/2022\/08\/Lydi-i-mokykla.jpg","thumbnail_width":963,"thumbnail_height":643,"description":"Nors svetur gyvenantys lietuviai gr\u012f\u017eta \u012f Lietuv\u0105 i\u0161tisus metus, da\u017eniausiai \u0161eimos su vaikais parvyksta dar iki rudens \u2013 gr\u012f\u017eimo laik\u0105 nulemia rugs\u0117jo 1-\u0105j\u0105 \u0161alyje prasidedantys mokslo metai. Kaip sekasi gr\u012f\u017eusiems vaikams integruotis Lietuvos \u0161vietimo sistemoje, priklauso ne tik nuo mokykl\u0173 pasiruo\u0161imo, bet ir nuo t\u0117v\u0173 nusiteikimo, teigia specialistai. \u0160vietimo, mokslo ir sporto ministerijos (\u0160MSM) duomenimis,"}