{"version":"1.0","provider_name":"\u017durnalas Lietuv\u0117","provider_url":"https:\/\/lietuve.lt","title":"ISLANDIJA. Islandijos lietuvi\u0173 bendruomen\u0117 sureng\u0117 \u0161ventin\u012f labdaros vakar\u0105 - \u017durnalas Lietuv\u0117","type":"rich","width":600,"height":338,"html":"<blockquote class=\"wp-embedded-content\" data-secret=\"wvxnMAsvQD\"><a href=\"https:\/\/lietuve.lt\/islandija-islandijos-lietuviu-bendruomene-surenge-sventini-labdaros-vakara\/\">ISLANDIJA. Islandijos lietuvi\u0173 bendruomen\u0117 sureng\u0117 \u0161ventin\u012f labdaros vakar\u0105<\/a><\/blockquote><iframe sandbox=\"allow-scripts\" security=\"restricted\" src=\"https:\/\/lietuve.lt\/islandija-islandijos-lietuviu-bendruomene-surenge-sventini-labdaros-vakara\/embed\/#?secret=wvxnMAsvQD\" width=\"600\" height=\"338\" title=\"&#8220;ISLANDIJA. Islandijos lietuvi\u0173 bendruomen\u0117 sureng\u0117 \u0161ventin\u012f labdaros vakar\u0105&#8221; &#8212; \u017durnalas Lietuv\u0117\" data-secret=\"wvxnMAsvQD\" frameborder=\"0\" marginwidth=\"0\" marginheight=\"0\" scrolling=\"no\" class=\"wp-embedded-content\"><\/iframe><script type=\"text\/javascript\">\n\/* <![CDATA[ *\/\n\/*! This file is auto-generated *\/\n!function(d,l){\"use strict\";l.querySelector&&d.addEventListener&&\"undefined\"!=typeof URL&&(d.wp=d.wp||{},d.wp.receiveEmbedMessage||(d.wp.receiveEmbedMessage=function(e){var t=e.data;if((t||t.secret||t.message||t.value)&&!\/[^a-zA-Z0-9]\/.test(t.secret)){for(var s,r,n,a=l.querySelectorAll('iframe[data-secret=\"'+t.secret+'\"]'),o=l.querySelectorAll('blockquote[data-secret=\"'+t.secret+'\"]'),c=new RegExp(\"^https?:$\",\"i\"),i=0;i<o.length;i++)o[i].style.display=\"none\";for(i=0;i<a.length;i++)s=a[i],e.source===s.contentWindow&&(s.removeAttribute(\"style\"),\"height\"===t.message?(1e3<(r=parseInt(t.value,10))?r=1e3:~~r<200&&(r=200),s.height=r):\"link\"===t.message&&(r=new URL(s.getAttribute(\"src\")),n=new URL(t.value),c.test(n.protocol))&&n.host===r.host&&l.activeElement===s&&(d.top.location.href=t.value))}},d.addEventListener(\"message\",d.wp.receiveEmbedMessage,!1),l.addEventListener(\"DOMContentLoaded\",function(){for(var e,t,s=l.querySelectorAll(\"iframe.wp-embedded-content\"),r=0;r<s.length;r++)(t=(e=s[r]).getAttribute(\"data-secret\"))||(t=Math.random().toString(36).substring(2,12),e.src+=\"#?secret=\"+t,e.setAttribute(\"data-secret\",t)),e.contentWindow.postMessage({message:\"ready\",secret:t},\"*\")},!1)))}(window,document);\n\/\/# sourceURL=https:\/\/lietuve.lt\/wp-includes\/js\/wp-embed.min.js\n\/* ]]> *\/\n<\/script>\n","description":"Islandijos lietuvi\u0173 bendruomen\u0117 \u0161iais metais \u017eeng\u0117 dar vien\u0105 \u017eingsnel\u012f \u012f priek\u012f ir pirm\u0105 kart\u0105 visus pakviet\u0117 \u012f \u0161ventin\u012f labdaros vakar\u0105. Tok\u012f rudeni\u0161kai \u017eiemi\u0161k\u0105, baltu apsiaustu pasipuo\u0161us\u012f penktadienio vakar\u0105, pakiliai nusiteik\u0119 ir ne\u0161ini pilnais gl\u0117biais dovan\u0117li\u0173, rinkosi visi, neabejingi ma\u017eiesiems onkologine liga sergantiems ligoniukams Lietuvoje. Kaip ir pra\u0117jusiais metais, Islandijos lietuvi\u0173 bendruomen\u0117 pakviet\u0117 visus prisijungti prie"}