{"version":"1.0","provider_name":"\u017durnalas Lietuv\u0117","provider_url":"https:\/\/lietuve.lt","title":"\u012esp\u016bdingas muzikos ir mados renginys Vytauto Did\u017eiojo karo muziejuje - \u017durnalas Lietuv\u0117","type":"rich","width":600,"height":338,"html":"<blockquote class=\"wp-embedded-content\" data-secret=\"8UL3BUbyWJ\"><a href=\"https:\/\/lietuve.lt\/ispudingas-muzikos-ir-mados-renginys-vytauto-didziojo-karo-muziejuje\/\">\u012esp\u016bdingas muzikos ir mados renginys Vytauto Did\u017eiojo karo muziejuje<\/a><\/blockquote><iframe sandbox=\"allow-scripts\" security=\"restricted\" src=\"https:\/\/lietuve.lt\/ispudingas-muzikos-ir-mados-renginys-vytauto-didziojo-karo-muziejuje\/embed\/#?secret=8UL3BUbyWJ\" width=\"600\" height=\"338\" title=\"&#8220;\u012esp\u016bdingas muzikos ir mados renginys Vytauto Did\u017eiojo karo muziejuje&#8221; &#8212; \u017durnalas Lietuv\u0117\" data-secret=\"8UL3BUbyWJ\" frameborder=\"0\" marginwidth=\"0\" marginheight=\"0\" scrolling=\"no\" class=\"wp-embedded-content\"><\/iframe><script type=\"text\/javascript\">\n\/* <![CDATA[ *\/\n\/*! This file is auto-generated *\/\n!function(d,l){\"use strict\";l.querySelector&&d.addEventListener&&\"undefined\"!=typeof URL&&(d.wp=d.wp||{},d.wp.receiveEmbedMessage||(d.wp.receiveEmbedMessage=function(e){var t=e.data;if((t||t.secret||t.message||t.value)&&!\/[^a-zA-Z0-9]\/.test(t.secret)){for(var s,r,n,a=l.querySelectorAll('iframe[data-secret=\"'+t.secret+'\"]'),o=l.querySelectorAll('blockquote[data-secret=\"'+t.secret+'\"]'),c=new RegExp(\"^https?:$\",\"i\"),i=0;i<o.length;i++)o[i].style.display=\"none\";for(i=0;i<a.length;i++)s=a[i],e.source===s.contentWindow&&(s.removeAttribute(\"style\"),\"height\"===t.message?(1e3<(r=parseInt(t.value,10))?r=1e3:~~r<200&&(r=200),s.height=r):\"link\"===t.message&&(r=new URL(s.getAttribute(\"src\")),n=new URL(t.value),c.test(n.protocol))&&n.host===r.host&&l.activeElement===s&&(d.top.location.href=t.value))}},d.addEventListener(\"message\",d.wp.receiveEmbedMessage,!1),l.addEventListener(\"DOMContentLoaded\",function(){for(var e,t,s=l.querySelectorAll(\"iframe.wp-embedded-content\"),r=0;r<s.length;r++)(t=(e=s[r]).getAttribute(\"data-secret\"))||(t=Math.random().toString(36).substring(2,12),e.src+=\"#?secret=\"+t,e.setAttribute(\"data-secret\",t)),e.contentWindow.postMessage({message:\"ready\",secret:t},\"*\")},!1)))}(window,document);\n\/\/# sourceURL=https:\/\/lietuve.lt\/wp-includes\/js\/wp-embed.min.js\n\/* ]]> *\/\n<\/script>\n","thumbnail_url":"https:\/\/lietuve.lt\/wp-content\/uploads\/2015\/10\/Olesia-Les31.jpg","thumbnail_width":800,"thumbnail_height":534,"description":"\u012esp\u016bdingas muzikos ir mados renginys Kaune, Vytauto Did\u017eiojo karo muziejuje, kviestin\u0119 publik\u0105 suk\u0117l\u0117 ant koj\u0173 \u2013 dizainerei Olesiai Les bei nauj\u0173 id\u0117j\u0173 kameriniam orkestrui \u201eNi&amp;Co\u201c susirinkusieji plojo atsistoj\u0119. Lazeriai, \u0161vies\u0173 efektai, baltu kilimu nuklotas podiumas, didingos g\u0117li\u0173 kompozicijos, gracingi modeliai, gyvai atliekamas kompozitoriaus Antonijaus Vivald\u017eio k\u016brinys \u201eKeturi met\u0173 laikai\u201c, Ais\u010dio Mickevi\u010diaus kurto nam\u0173 kvapo aromatas"}