{"version":"1.0","provider_name":"\u017durnalas Lietuv\u0117","provider_url":"https:\/\/lietuve.lt","title":"Jauniesiems Lietuvos i\u0161rad\u0117jams \u2013 i\u0161skirtinis \u0161alies vadov\u0117s d\u0117mesys - \u017durnalas Lietuv\u0117","type":"rich","width":600,"height":338,"html":"<blockquote class=\"wp-embedded-content\" data-secret=\"W5RRBid9MQ\"><a href=\"https:\/\/lietuve.lt\/jauniesiems-lietuvos-isradejams-isskirtinis-salies-vadoves-demesys\/\">Jauniesiems Lietuvos i\u0161rad\u0117jams \u2013 i\u0161skirtinis \u0161alies vadov\u0117s d\u0117mesys<\/a><\/blockquote><iframe sandbox=\"allow-scripts\" security=\"restricted\" src=\"https:\/\/lietuve.lt\/jauniesiems-lietuvos-isradejams-isskirtinis-salies-vadoves-demesys\/embed\/#?secret=W5RRBid9MQ\" width=\"600\" height=\"338\" title=\"&#8220;Jauniesiems Lietuvos i\u0161rad\u0117jams \u2013 i\u0161skirtinis \u0161alies vadov\u0117s d\u0117mesys&#8221; &#8212; \u017durnalas Lietuv\u0117\" data-secret=\"W5RRBid9MQ\" frameborder=\"0\" marginwidth=\"0\" marginheight=\"0\" scrolling=\"no\" class=\"wp-embedded-content\"><\/iframe><script type=\"text\/javascript\">\n\/* <![CDATA[ *\/\n\/*! This file is auto-generated *\/\n!function(d,l){\"use strict\";l.querySelector&&d.addEventListener&&\"undefined\"!=typeof URL&&(d.wp=d.wp||{},d.wp.receiveEmbedMessage||(d.wp.receiveEmbedMessage=function(e){var t=e.data;if((t||t.secret||t.message||t.value)&&!\/[^a-zA-Z0-9]\/.test(t.secret)){for(var s,r,n,a=l.querySelectorAll('iframe[data-secret=\"'+t.secret+'\"]'),o=l.querySelectorAll('blockquote[data-secret=\"'+t.secret+'\"]'),c=new RegExp(\"^https?:$\",\"i\"),i=0;i<o.length;i++)o[i].style.display=\"none\";for(i=0;i<a.length;i++)s=a[i],e.source===s.contentWindow&&(s.removeAttribute(\"style\"),\"height\"===t.message?(1e3<(r=parseInt(t.value,10))?r=1e3:~~r<200&&(r=200),s.height=r):\"link\"===t.message&&(r=new URL(s.getAttribute(\"src\")),n=new URL(t.value),c.test(n.protocol))&&n.host===r.host&&l.activeElement===s&&(d.top.location.href=t.value))}},d.addEventListener(\"message\",d.wp.receiveEmbedMessage,!1),l.addEventListener(\"DOMContentLoaded\",function(){for(var e,t,s=l.querySelectorAll(\"iframe.wp-embedded-content\"),r=0;r<s.length;r++)(t=(e=s[r]).getAttribute(\"data-secret\"))||(t=Math.random().toString(36).substring(2,12),e.src+=\"#?secret=\"+t,e.setAttribute(\"data-secret\",t)),e.contentWindow.postMessage({message:\"ready\",secret:t},\"*\")},!1)))}(window,document);\n\/\/# sourceURL=https:\/\/lietuve.lt\/wp-includes\/js\/wp-embed.min.js\n\/* ]]> *\/\n<\/script>\n","thumbnail_url":"https:\/\/lietuve.lt\/wp-content\/uploads\/2019\/05\/2-16.jpg","thumbnail_width":800,"thumbnail_height":563,"description":"Penktadien\u012f Prezident\u0117 Dalia Grybauskait\u0117 susitiko su m\u016bs\u0173 \u0161alies atstovais, jaunaisiais pasaulini\u0173 mokslo ir inovacij\u0173 konkurs\u0173 nugal\u0117tojais, \u012fteik\u0117 pad\u0117kos ra\u0161tus ir susipa\u017eino su j\u0173 i\u0161radimais. Susitikime su \u0161alies vadove dalyvavo i\u0161rad\u0117jai i\u0161 Kauno J\u0117zuit\u0173 gimnazijos ir \u201eMicrosoft\u201c konkurs\u0105 laim\u0117jusi ISM Vadybos ir ekonomikos universiteto student\u0173 ir d\u0117stytoj\u0173 komanda. Prezident\u0117s teigimu, Lietuvai reikalingi jauni ir ver\u017el\u016bs protai,"}