{"version":"1.0","provider_name":"\u017durnalas Lietuv\u0117","provider_url":"https:\/\/lietuve.lt","title":"Jaun\u0173j\u0173 meninink\u0173 Algirdo ir Remigijaus Gataveck\u0173 paroda - \u017durnalas Lietuv\u0117","type":"rich","width":600,"height":338,"html":"<blockquote class=\"wp-embedded-content\" data-secret=\"BKNGnJ1Dvv\"><a href=\"https:\/\/lietuve.lt\/jaunuju-menininku-algirdo-ir-remigijaus-gatavecku-paroda\/\">Jaun\u0173j\u0173 meninink\u0173 Algirdo ir Remigijaus Gataveck\u0173 paroda<\/a><\/blockquote><iframe sandbox=\"allow-scripts\" security=\"restricted\" src=\"https:\/\/lietuve.lt\/jaunuju-menininku-algirdo-ir-remigijaus-gatavecku-paroda\/embed\/#?secret=BKNGnJ1Dvv\" width=\"600\" height=\"338\" title=\"&#8220;Jaun\u0173j\u0173 meninink\u0173 Algirdo ir Remigijaus Gataveck\u0173 paroda&#8221; &#8212; \u017durnalas Lietuv\u0117\" data-secret=\"BKNGnJ1Dvv\" frameborder=\"0\" marginwidth=\"0\" marginheight=\"0\" scrolling=\"no\" class=\"wp-embedded-content\"><\/iframe><script type=\"text\/javascript\">\n\/* <![CDATA[ *\/\n\/*! This file is auto-generated *\/\n!function(d,l){\"use strict\";l.querySelector&&d.addEventListener&&\"undefined\"!=typeof URL&&(d.wp=d.wp||{},d.wp.receiveEmbedMessage||(d.wp.receiveEmbedMessage=function(e){var t=e.data;if((t||t.secret||t.message||t.value)&&!\/[^a-zA-Z0-9]\/.test(t.secret)){for(var s,r,n,a=l.querySelectorAll('iframe[data-secret=\"'+t.secret+'\"]'),o=l.querySelectorAll('blockquote[data-secret=\"'+t.secret+'\"]'),c=new RegExp(\"^https?:$\",\"i\"),i=0;i<o.length;i++)o[i].style.display=\"none\";for(i=0;i<a.length;i++)s=a[i],e.source===s.contentWindow&&(s.removeAttribute(\"style\"),\"height\"===t.message?(1e3<(r=parseInt(t.value,10))?r=1e3:~~r<200&&(r=200),s.height=r):\"link\"===t.message&&(r=new URL(s.getAttribute(\"src\")),n=new URL(t.value),c.test(n.protocol))&&n.host===r.host&&l.activeElement===s&&(d.top.location.href=t.value))}},d.addEventListener(\"message\",d.wp.receiveEmbedMessage,!1),l.addEventListener(\"DOMContentLoaded\",function(){for(var e,t,s=l.querySelectorAll(\"iframe.wp-embedded-content\"),r=0;r<s.length;r++)(t=(e=s[r]).getAttribute(\"data-secret\"))||(t=Math.random().toString(36).substring(2,12),e.src+=\"#?secret=\"+t,e.setAttribute(\"data-secret\",t)),e.contentWindow.postMessage({message:\"ready\",secret:t},\"*\")},!1)))}(window,document);\n\/\/# sourceURL=https:\/\/lietuve.lt\/wp-includes\/js\/wp-embed.min.js\n\/* ]]> *\/\n<\/script>\n","description":"Baland\u017eio 23 d., ketvirtadien\u012f, 18 val. galerijoje \u201eMeno ni\u0161a\u201c atidaroma jaun\u0173j\u0173 meninink\u0173 Algirdo ir Remigijaus Gataveck\u0173 paroda \u201eAutoportretai-homonimai\u201c . Alytaus vaik\u0173 globos namuose u\u017eaug\u0119 dvyniai Algirdas ir Remigijus Gataveckai yra ne tik profesional\u016bs dailininkai, pedagogai, bet ir breiko \u0161ok\u0117jai. 2010 metais pirmoji A. ir R. Gataveck\u0173 personalin\u0117 paroda, jiems dar studijuojant Vilniaus dail\u0117s akademijoje, surengta"}