{"version":"1.0","provider_name":"\u017durnalas Lietuv\u0117","provider_url":"https:\/\/lietuve.lt","title":"Jurgis Did\u017eiulis tapo Kolumbijos garb\u0117s konsulu Lietuvoje - \u017durnalas Lietuv\u0117","type":"rich","width":600,"height":338,"html":"<blockquote class=\"wp-embedded-content\" data-secret=\"hPg6L4wgLa\"><a href=\"https:\/\/lietuve.lt\/jurgis-didziulis-tapo-kolumbijos-garbes-konsulu-lietuvoje\/\">Jurgis Did\u017eiulis tapo Kolumbijos garb\u0117s konsulu Lietuvoje<\/a><\/blockquote><iframe sandbox=\"allow-scripts\" security=\"restricted\" src=\"https:\/\/lietuve.lt\/jurgis-didziulis-tapo-kolumbijos-garbes-konsulu-lietuvoje\/embed\/#?secret=hPg6L4wgLa\" width=\"600\" height=\"338\" title=\"&#8220;Jurgis Did\u017eiulis tapo Kolumbijos garb\u0117s konsulu Lietuvoje&#8221; &#8212; \u017durnalas Lietuv\u0117\" data-secret=\"hPg6L4wgLa\" frameborder=\"0\" marginwidth=\"0\" marginheight=\"0\" scrolling=\"no\" class=\"wp-embedded-content\"><\/iframe><script type=\"text\/javascript\">\n\/* <![CDATA[ *\/\n\/*! This file is auto-generated *\/\n!function(d,l){\"use strict\";l.querySelector&&d.addEventListener&&\"undefined\"!=typeof URL&&(d.wp=d.wp||{},d.wp.receiveEmbedMessage||(d.wp.receiveEmbedMessage=function(e){var t=e.data;if((t||t.secret||t.message||t.value)&&!\/[^a-zA-Z0-9]\/.test(t.secret)){for(var s,r,n,a=l.querySelectorAll('iframe[data-secret=\"'+t.secret+'\"]'),o=l.querySelectorAll('blockquote[data-secret=\"'+t.secret+'\"]'),c=new RegExp(\"^https?:$\",\"i\"),i=0;i<o.length;i++)o[i].style.display=\"none\";for(i=0;i<a.length;i++)s=a[i],e.source===s.contentWindow&&(s.removeAttribute(\"style\"),\"height\"===t.message?(1e3<(r=parseInt(t.value,10))?r=1e3:~~r<200&&(r=200),s.height=r):\"link\"===t.message&&(r=new URL(s.getAttribute(\"src\")),n=new URL(t.value),c.test(n.protocol))&&n.host===r.host&&l.activeElement===s&&(d.top.location.href=t.value))}},d.addEventListener(\"message\",d.wp.receiveEmbedMessage,!1),l.addEventListener(\"DOMContentLoaded\",function(){for(var e,t,s=l.querySelectorAll(\"iframe.wp-embedded-content\"),r=0;r<s.length;r++)(t=(e=s[r]).getAttribute(\"data-secret\"))||(t=Math.random().toString(36).substring(2,12),e.src+=\"#?secret=\"+t,e.setAttribute(\"data-secret\",t)),e.contentWindow.postMessage({message:\"ready\",secret:t},\"*\")},!1)))}(window,document);\n\/\/# sourceURL=https:\/\/lietuve.lt\/wp-includes\/js\/wp-embed.min.js\n\/* ]]> *\/\n<\/script>\n","thumbnail_url":"https:\/\/lietuve.lt\/wp-content\/uploads\/2017\/11\/1-171.jpg","thumbnail_width":800,"thumbnail_height":427,"description":"U\u017esienio reikal\u0173 viceministras Darius Skusevi\u010dius lapkri\u010dio 28 dien\u0105 Vilniuje prodiuseriui, dain\u0173 k\u016br\u0117jui, atlik\u0117jui ir visuomen\u0117s veik\u0117jui Jurgiui Did\u017eiuliui \u012fteik\u0117 egzekvat\u016br\u0105 \u2013 leidim\u0105 vykdyti Kolumbijos garb\u0117s konsulo Lietuvoje pareigas. \u0160i\u0105 egzekvat\u016br\u0105, atsi\u017evelgdamas \u012f Kolumbijos Prezidento ir diplomatijos vadov\u0117s sprendim\u0105, pasira\u0161\u0117 ministras L. Linkevi\u010dius. D. Skusevi\u010dius pasid\u017eiaug\u0117 intensyv\u0117jan\u010diais Lietuvos ir Kolumbijos santykiais \u2013 daug\u0117jan\u010diais vizitais, intensyv\u0117jan\u010diais verslo"}