{"version":"1.0","provider_name":"\u017durnalas Lietuv\u0117","provider_url":"https:\/\/lietuve.lt","title":"K\u0105 vis dar patiria dalis \u010cernobylio katastrofos likviduotoj\u0173? - \u017durnalas Lietuv\u0117","type":"rich","width":600,"height":338,"html":"<blockquote class=\"wp-embedded-content\" data-secret=\"NMXdDIU5dF\"><a href=\"https:\/\/lietuve.lt\/ka-vis-dar-patiria-dalis-cernobylio-katastrofos-likviduotoju\/\">K\u0105 vis dar patiria dalis \u010cernobylio katastrofos likviduotoj\u0173?<\/a><\/blockquote><iframe sandbox=\"allow-scripts\" security=\"restricted\" src=\"https:\/\/lietuve.lt\/ka-vis-dar-patiria-dalis-cernobylio-katastrofos-likviduotoju\/embed\/#?secret=NMXdDIU5dF\" width=\"600\" height=\"338\" title=\"&#8220;K\u0105 vis dar patiria dalis \u010cernobylio katastrofos likviduotoj\u0173?&#8221; &#8212; \u017durnalas Lietuv\u0117\" data-secret=\"NMXdDIU5dF\" frameborder=\"0\" marginwidth=\"0\" marginheight=\"0\" scrolling=\"no\" class=\"wp-embedded-content\"><\/iframe><script type=\"text\/javascript\">\n\/* <![CDATA[ *\/\n\/*! This file is auto-generated *\/\n!function(d,l){\"use strict\";l.querySelector&&d.addEventListener&&\"undefined\"!=typeof URL&&(d.wp=d.wp||{},d.wp.receiveEmbedMessage||(d.wp.receiveEmbedMessage=function(e){var t=e.data;if((t||t.secret||t.message||t.value)&&!\/[^a-zA-Z0-9]\/.test(t.secret)){for(var s,r,n,a=l.querySelectorAll('iframe[data-secret=\"'+t.secret+'\"]'),o=l.querySelectorAll('blockquote[data-secret=\"'+t.secret+'\"]'),c=new RegExp(\"^https?:$\",\"i\"),i=0;i<o.length;i++)o[i].style.display=\"none\";for(i=0;i<a.length;i++)s=a[i],e.source===s.contentWindow&&(s.removeAttribute(\"style\"),\"height\"===t.message?(1e3<(r=parseInt(t.value,10))?r=1e3:~~r<200&&(r=200),s.height=r):\"link\"===t.message&&(r=new URL(s.getAttribute(\"src\")),n=new URL(t.value),c.test(n.protocol))&&n.host===r.host&&l.activeElement===s&&(d.top.location.href=t.value))}},d.addEventListener(\"message\",d.wp.receiveEmbedMessage,!1),l.addEventListener(\"DOMContentLoaded\",function(){for(var e,t,s=l.querySelectorAll(\"iframe.wp-embedded-content\"),r=0;r<s.length;r++)(t=(e=s[r]).getAttribute(\"data-secret\"))||(t=Math.random().toString(36).substring(2,12),e.src+=\"#?secret=\"+t,e.setAttribute(\"data-secret\",t)),e.contentWindow.postMessage({message:\"ready\",secret:t},\"*\")},!1)))}(window,document);\n\/\/# sourceURL=https:\/\/lietuve.lt\/wp-includes\/js\/wp-embed.min.js\n\/* ]]> *\/\n<\/script>\n","description":"Pra\u0117jus 29 metams nuo \u010cernobylio avarijos, dalis jos likviduotoj\u0173 vis dar i\u0161gyvena ten patirtos psichologin\u0117s traumos padarinius. \u201eNerimas d\u0117l radiacijos poveikio sveikatai, sunk\u016bs prisiminimai, padid\u0117j\u0119s jautrumas, nuoskaudos jausmas ir nuolatinis bandymas i\u0161likti tvirtu, veikliu \u017emogumi \u2013 tokia yra dalies likviduotoj\u0173 kasdienyb\u0117\u201c, \u2212 teigia Vilniaus universiteto Filosofijos fakulteto Klinikin\u0117s ir organizacin\u0117s psichologijos katedros mokslininkai, atlik\u0119 tyrim\u0105"}