{"version":"1.0","provider_name":"\u017durnalas Lietuv\u0117","provider_url":"https:\/\/lietuve.lt","title":"Kal\u0117din\u0117 Kauno senamies\u010dio pasaka prasideda Istorin\u0117s Prezident\u016bros sodelyje - \u017durnalas Lietuv\u0117","type":"rich","width":600,"height":338,"html":"<blockquote class=\"wp-embedded-content\" data-secret=\"kQ0JCiLzQc\"><a href=\"https:\/\/lietuve.lt\/kaledine-kauno-senamiescio-pasaka-prasideda-istorines-prezidenturos-sodelyje\/\">Kal\u0117din\u0117 Kauno senamies\u010dio pasaka prasideda Istorin\u0117s Prezident\u016bros sodelyje<\/a><\/blockquote><iframe sandbox=\"allow-scripts\" security=\"restricted\" src=\"https:\/\/lietuve.lt\/kaledine-kauno-senamiescio-pasaka-prasideda-istorines-prezidenturos-sodelyje\/embed\/#?secret=kQ0JCiLzQc\" width=\"600\" height=\"338\" title=\"&#8220;Kal\u0117din\u0117 Kauno senamies\u010dio pasaka prasideda Istorin\u0117s Prezident\u016bros sodelyje&#8221; &#8212; \u017durnalas Lietuv\u0117\" data-secret=\"kQ0JCiLzQc\" frameborder=\"0\" marginwidth=\"0\" marginheight=\"0\" scrolling=\"no\" class=\"wp-embedded-content\"><\/iframe><script type=\"text\/javascript\">\n\/* <![CDATA[ *\/\n\/*! This file is auto-generated *\/\n!function(d,l){\"use strict\";l.querySelector&&d.addEventListener&&\"undefined\"!=typeof URL&&(d.wp=d.wp||{},d.wp.receiveEmbedMessage||(d.wp.receiveEmbedMessage=function(e){var t=e.data;if((t||t.secret||t.message||t.value)&&!\/[^a-zA-Z0-9]\/.test(t.secret)){for(var s,r,n,a=l.querySelectorAll('iframe[data-secret=\"'+t.secret+'\"]'),o=l.querySelectorAll('blockquote[data-secret=\"'+t.secret+'\"]'),c=new RegExp(\"^https?:$\",\"i\"),i=0;i<o.length;i++)o[i].style.display=\"none\";for(i=0;i<a.length;i++)s=a[i],e.source===s.contentWindow&&(s.removeAttribute(\"style\"),\"height\"===t.message?(1e3<(r=parseInt(t.value,10))?r=1e3:~~r<200&&(r=200),s.height=r):\"link\"===t.message&&(r=new URL(s.getAttribute(\"src\")),n=new URL(t.value),c.test(n.protocol))&&n.host===r.host&&l.activeElement===s&&(d.top.location.href=t.value))}},d.addEventListener(\"message\",d.wp.receiveEmbedMessage,!1),l.addEventListener(\"DOMContentLoaded\",function(){for(var e,t,s=l.querySelectorAll(\"iframe.wp-embedded-content\"),r=0;r<s.length;r++)(t=(e=s[r]).getAttribute(\"data-secret\"))||(t=Math.random().toString(36).substring(2,12),e.src+=\"#?secret=\"+t,e.setAttribute(\"data-secret\",t)),e.contentWindow.postMessage({message:\"ready\",secret:t},\"*\")},!1)))}(window,document);\n\/\/# sourceURL=https:\/\/lietuve.lt\/wp-includes\/js\/wp-embed.min.js\n\/* ]]> *\/\n<\/script>\n","description":"\u0160i\u0173 met\u0173 lapkri\u010dio 28 d. Kaunas pasiners \u012f \u0161v. Kal\u0117d\u0173 laukimo nuotaik\u0105. \u0160ventiniai senamies\u010dio renginiai prasid\u0117s Istorin\u0117s Prezident\u016bros sodelyje \u2013 \u010dia 18 val. susirinkusius miestie\u010dius ir sve\u010dius pasveikins bevardis angelas Prezidentas bei Kauno 1-osios muzikos mokyklos jaunieji talentai. Pirm\u0105 kart\u0105 miest\u0105 mylin\u010di\u0173 verslinink\u0173 ir Kauno senamies\u010dio draugijos d\u0117ka Istorin\u0117s Prezident\u016bros sodelis su\u017eib\u0117s \u0161ventin\u0117mis spalvomis. Sodelyje","thumbnail_url":"http:\/\/lietuve.lt\/wp-content\/uploads\/2015\/11\/653_full_WyIgq4Sm_height.jpg"}