{"version":"1.0","provider_name":"\u017durnalas Lietuv\u0117","provider_url":"https:\/\/lietuve.lt","title":"Kal\u0117din\u0119 nuotaik\u0105 Kaune skleis labdaros koncertas \u201eSu\u0161ildykime \u0161ird\u012f gerumu\u201c - \u017durnalas Lietuv\u0117","type":"rich","width":600,"height":338,"html":"<blockquote class=\"wp-embedded-content\" data-secret=\"LM8s1AO6KP\"><a href=\"https:\/\/lietuve.lt\/kaledine-nuotaika-kaune-skleis-labdaros-koncertas-susildykime-sirdi-gerumu\/\">Kal\u0117din\u0119 nuotaik\u0105 Kaune skleis labdaros koncertas \u201eSu\u0161ildykime \u0161ird\u012f gerumu\u201c<\/a><\/blockquote><iframe sandbox=\"allow-scripts\" security=\"restricted\" src=\"https:\/\/lietuve.lt\/kaledine-nuotaika-kaune-skleis-labdaros-koncertas-susildykime-sirdi-gerumu\/embed\/#?secret=LM8s1AO6KP\" width=\"600\" height=\"338\" title=\"&#8220;Kal\u0117din\u0119 nuotaik\u0105 Kaune skleis labdaros koncertas \u201eSu\u0161ildykime \u0161ird\u012f gerumu\u201c&#8221; &#8212; \u017durnalas Lietuv\u0117\" data-secret=\"LM8s1AO6KP\" frameborder=\"0\" marginwidth=\"0\" marginheight=\"0\" scrolling=\"no\" class=\"wp-embedded-content\"><\/iframe><script type=\"text\/javascript\">\n\/* <![CDATA[ *\/\n\/*! This file is auto-generated *\/\n!function(d,l){\"use strict\";l.querySelector&&d.addEventListener&&\"undefined\"!=typeof URL&&(d.wp=d.wp||{},d.wp.receiveEmbedMessage||(d.wp.receiveEmbedMessage=function(e){var t=e.data;if((t||t.secret||t.message||t.value)&&!\/[^a-zA-Z0-9]\/.test(t.secret)){for(var s,r,n,a=l.querySelectorAll('iframe[data-secret=\"'+t.secret+'\"]'),o=l.querySelectorAll('blockquote[data-secret=\"'+t.secret+'\"]'),c=new RegExp(\"^https?:$\",\"i\"),i=0;i<o.length;i++)o[i].style.display=\"none\";for(i=0;i<a.length;i++)s=a[i],e.source===s.contentWindow&&(s.removeAttribute(\"style\"),\"height\"===t.message?(1e3<(r=parseInt(t.value,10))?r=1e3:~~r<200&&(r=200),s.height=r):\"link\"===t.message&&(r=new URL(s.getAttribute(\"src\")),n=new URL(t.value),c.test(n.protocol))&&n.host===r.host&&l.activeElement===s&&(d.top.location.href=t.value))}},d.addEventListener(\"message\",d.wp.receiveEmbedMessage,!1),l.addEventListener(\"DOMContentLoaded\",function(){for(var e,t,s=l.querySelectorAll(\"iframe.wp-embedded-content\"),r=0;r<s.length;r++)(t=(e=s[r]).getAttribute(\"data-secret\"))||(t=Math.random().toString(36).substring(2,12),e.src+=\"#?secret=\"+t,e.setAttribute(\"data-secret\",t)),e.contentWindow.postMessage({message:\"ready\",secret:t},\"*\")},!1)))}(window,document);\n\/\/# sourceURL=https:\/\/lietuve.lt\/wp-includes\/js\/wp-embed.min.js\n\/* ]]> *\/\n<\/script>\n","description":"Kauno technologijos universiteto (KTU)\u00a0tautinio meno ansamblis \u201eNemunas\u201c lieka i\u0161tikimas tradicijai kasmet kaunie\u010diams \u017eiem\u0105 skleisti gerum\u0105 ir kal\u0117din\u0119 nuotaik\u0105. Gruod\u017eio 4 d., sekmadien\u012f, 15 val. ansamblis kartu su Maltos ordino pagalbos tarnybos Kauno skyriumi organizuoja labdaros koncert\u0105 \u201eSu\u0161ildykime \u0161irdis gerumu\u201c. Surinktos aukos bus skiriamos vieni\u0161iems seneliams ir vaikams i\u0161 socialiai remtin\u0173 \u0161eim\u0173. Renginio glob\u0117jas \u2013 Lietuvos"}