{"version":"1.0","provider_name":"\u017durnalas Lietuv\u0117","provider_url":"https:\/\/lietuve.lt","title":"Kal\u0117d\u0173 \u0161vent\u0117 Kolorado lietuvi\u0173 bendruomen\u0117je - \u017durnalas Lietuv\u0117","type":"rich","width":600,"height":338,"html":"<blockquote class=\"wp-embedded-content\" data-secret=\"zmXYLxXaxO\"><a href=\"https:\/\/lietuve.lt\/kaledu-svente-kolorado-lietuviu-bendruomeneje\/\">Kal\u0117d\u0173 \u0161vent\u0117 Kolorado lietuvi\u0173 bendruomen\u0117je<\/a><\/blockquote><iframe sandbox=\"allow-scripts\" security=\"restricted\" src=\"https:\/\/lietuve.lt\/kaledu-svente-kolorado-lietuviu-bendruomeneje\/embed\/#?secret=zmXYLxXaxO\" width=\"600\" height=\"338\" title=\"&#8220;Kal\u0117d\u0173 \u0161vent\u0117 Kolorado lietuvi\u0173 bendruomen\u0117je&#8221; &#8212; \u017durnalas Lietuv\u0117\" data-secret=\"zmXYLxXaxO\" frameborder=\"0\" marginwidth=\"0\" marginheight=\"0\" scrolling=\"no\" class=\"wp-embedded-content\"><\/iframe><script type=\"text\/javascript\">\n\/* <![CDATA[ *\/\n\/*! This file is auto-generated *\/\n!function(d,l){\"use strict\";l.querySelector&&d.addEventListener&&\"undefined\"!=typeof URL&&(d.wp=d.wp||{},d.wp.receiveEmbedMessage||(d.wp.receiveEmbedMessage=function(e){var t=e.data;if((t||t.secret||t.message||t.value)&&!\/[^a-zA-Z0-9]\/.test(t.secret)){for(var s,r,n,a=l.querySelectorAll('iframe[data-secret=\"'+t.secret+'\"]'),o=l.querySelectorAll('blockquote[data-secret=\"'+t.secret+'\"]'),c=new RegExp(\"^https?:$\",\"i\"),i=0;i<o.length;i++)o[i].style.display=\"none\";for(i=0;i<a.length;i++)s=a[i],e.source===s.contentWindow&&(s.removeAttribute(\"style\"),\"height\"===t.message?(1e3<(r=parseInt(t.value,10))?r=1e3:~~r<200&&(r=200),s.height=r):\"link\"===t.message&&(r=new URL(s.getAttribute(\"src\")),n=new URL(t.value),c.test(n.protocol))&&n.host===r.host&&l.activeElement===s&&(d.top.location.href=t.value))}},d.addEventListener(\"message\",d.wp.receiveEmbedMessage,!1),l.addEventListener(\"DOMContentLoaded\",function(){for(var e,t,s=l.querySelectorAll(\"iframe.wp-embedded-content\"),r=0;r<s.length;r++)(t=(e=s[r]).getAttribute(\"data-secret\"))||(t=Math.random().toString(36).substring(2,12),e.src+=\"#?secret=\"+t,e.setAttribute(\"data-secret\",t)),e.contentWindow.postMessage({message:\"ready\",secret:t},\"*\")},!1)))}(window,document);\n\/\/# sourceURL=https:\/\/lietuve.lt\/wp-includes\/js\/wp-embed.min.js\n\/* ]]> *\/\n<\/script>\n","thumbnail_url":"https:\/\/lietuve.lt\/wp-content\/uploads\/2022\/12\/1-15-scaled.jpg","thumbnail_width":1024,"thumbnail_height":768,"description":"Tre\u010di\u0105j\u012f gruod\u017eio \u0161e\u0161tadien\u012f Kolorado lituanistin\u0117 mokykla kartu su Kolorado lietuvi\u0173 bendruomene pamin\u0117jo art\u0117jan\u010dias \u0161v. Kal\u0117das. \u0160vent\u0117je netr\u016bko stebuklingos nuotaikos, dovan\u0173 ir, \u017einoma, lietuvi\u0161kos dvasios. Vaikai t\u0117veliams ir sve\u010diams parod\u0117 spektakliuk\u0105 \u201eAtb\u0117ga elnias devyniaragis\u201c, Kolorado tautini\u0173 \u0161oki\u0173 grup\u0117 \u201eR\u016bta\u201c linksmino lietuvi\u0173 liaudies \u0161okiais, o \u0161vent\u0119 vainikavo Kal\u0117d\u0173 Senelio vizitas, prad\u017eiugin\u0119s ne tik vaikus, bet ir suaugusiuosius."}