{"version":"1.0","provider_name":"\u017durnalas Lietuv\u0117","provider_url":"https:\/\/lietuve.lt","title":"Kal\u0117d\u0173 vakar\u0105 Vilniaus Katedros aik\u0161t\u0117je visus u\u017eb\u016br\u0117 3D pasaka - \u017durnalas Lietuv\u0117","type":"rich","width":600,"height":338,"html":"<blockquote class=\"wp-embedded-content\" data-secret=\"jviBDuWRTB\"><a href=\"https:\/\/lietuve.lt\/kaledu-vakara-vilniaus-katedros-aiksteje-visus-uzbure-3d-pasaka\/\">Kal\u0117d\u0173 vakar\u0105 Vilniaus Katedros aik\u0161t\u0117je visus u\u017eb\u016br\u0117 3D pasaka<\/a><\/blockquote><iframe sandbox=\"allow-scripts\" security=\"restricted\" src=\"https:\/\/lietuve.lt\/kaledu-vakara-vilniaus-katedros-aiksteje-visus-uzbure-3d-pasaka\/embed\/#?secret=jviBDuWRTB\" width=\"600\" height=\"338\" title=\"&#8220;Kal\u0117d\u0173 vakar\u0105 Vilniaus Katedros aik\u0161t\u0117je visus u\u017eb\u016br\u0117 3D pasaka&#8221; &#8212; \u017durnalas Lietuv\u0117\" data-secret=\"jviBDuWRTB\" frameborder=\"0\" marginwidth=\"0\" marginheight=\"0\" scrolling=\"no\" class=\"wp-embedded-content\"><\/iframe><script type=\"text\/javascript\">\n\/* <![CDATA[ *\/\n\/*! This file is auto-generated *\/\n!function(d,l){\"use strict\";l.querySelector&&d.addEventListener&&\"undefined\"!=typeof URL&&(d.wp=d.wp||{},d.wp.receiveEmbedMessage||(d.wp.receiveEmbedMessage=function(e){var t=e.data;if((t||t.secret||t.message||t.value)&&!\/[^a-zA-Z0-9]\/.test(t.secret)){for(var s,r,n,a=l.querySelectorAll('iframe[data-secret=\"'+t.secret+'\"]'),o=l.querySelectorAll('blockquote[data-secret=\"'+t.secret+'\"]'),c=new RegExp(\"^https?:$\",\"i\"),i=0;i<o.length;i++)o[i].style.display=\"none\";for(i=0;i<a.length;i++)s=a[i],e.source===s.contentWindow&&(s.removeAttribute(\"style\"),\"height\"===t.message?(1e3<(r=parseInt(t.value,10))?r=1e3:~~r<200&&(r=200),s.height=r):\"link\"===t.message&&(r=new URL(s.getAttribute(\"src\")),n=new URL(t.value),c.test(n.protocol))&&n.host===r.host&&l.activeElement===s&&(d.top.location.href=t.value))}},d.addEventListener(\"message\",d.wp.receiveEmbedMessage,!1),l.addEventListener(\"DOMContentLoaded\",function(){for(var e,t,s=l.querySelectorAll(\"iframe.wp-embedded-content\"),r=0;r<s.length;r++)(t=(e=s[r]).getAttribute(\"data-secret\"))||(t=Math.random().toString(36).substring(2,12),e.src+=\"#?secret=\"+t,e.setAttribute(\"data-secret\",t)),e.contentWindow.postMessage({message:\"ready\",secret:t},\"*\")},!1)))}(window,document);\n\/\/# sourceURL=https:\/\/lietuve.lt\/wp-includes\/js\/wp-embed.min.js\n\/* ]]> *\/\n<\/script>\n","thumbnail_url":"https:\/\/lietuve.lt\/wp-content\/uploads\/2016\/12\/1174.jpg","thumbnail_width":538,"thumbnail_height":280,"description":"Pirm\u0105j\u012f Kal\u0117d\u0173 vakar\u0105 de\u0161inysis Vilniaus arkikatedros fasadas virto daugiau kaip t\u016bkstan\u010dio kvadratini\u0173 metr\u0173 dyd\u017eio ekranu \u2013 vilnie\u010diai ir sostin\u0117s sve\u010diai \u010dia kvie\u010diami pamatyti nauj\u0105 unikali\u0105 3D projekcij\u0173 pasak\u0105 \u201eSofijos \u017evaig\u017ed\u0117lapis\u201c. Pasak\u0105 tris kartus per vakar\u0105 bus galima i\u0161vysti iki pat gruod\u017eio 29 d. 3D pasakos k\u016br\u0117jai \u017ei\u016brovams \u017eada, kad tai bus pasaki\u0161k\u0173 emocij\u0173 lobynas visai"}