{"version":"1.0","provider_name":"\u017durnalas Lietuv\u0117","provider_url":"https:\/\/lietuve.lt","title":"Kampanija \u201eA\u010di\u016b\u201c kvie\u010dia pad\u0117koti u\u017esienio lietuviams - \u017durnalas Lietuv\u0117","type":"rich","width":600,"height":338,"html":"<blockquote class=\"wp-embedded-content\" data-secret=\"1yggKhmdwy\"><a href=\"https:\/\/lietuve.lt\/kampanija-aciu-kviecia-padekoti-uzsienio-lietuviams\/\">Kampanija \u201eA\u010di\u016b\u201c kvie\u010dia pad\u0117koti u\u017esienio lietuviams<\/a><\/blockquote><iframe sandbox=\"allow-scripts\" security=\"restricted\" src=\"https:\/\/lietuve.lt\/kampanija-aciu-kviecia-padekoti-uzsienio-lietuviams\/embed\/#?secret=1yggKhmdwy\" width=\"600\" height=\"338\" title=\"&#8220;Kampanija \u201eA\u010di\u016b\u201c kvie\u010dia pad\u0117koti u\u017esienio lietuviams&#8221; &#8212; \u017durnalas Lietuv\u0117\" data-secret=\"1yggKhmdwy\" frameborder=\"0\" marginwidth=\"0\" marginheight=\"0\" scrolling=\"no\" class=\"wp-embedded-content\"><\/iframe><script type=\"text\/javascript\">\n\/* <![CDATA[ *\/\n\/*! This file is auto-generated *\/\n!function(d,l){\"use strict\";l.querySelector&&d.addEventListener&&\"undefined\"!=typeof URL&&(d.wp=d.wp||{},d.wp.receiveEmbedMessage||(d.wp.receiveEmbedMessage=function(e){var t=e.data;if((t||t.secret||t.message||t.value)&&!\/[^a-zA-Z0-9]\/.test(t.secret)){for(var s,r,n,a=l.querySelectorAll('iframe[data-secret=\"'+t.secret+'\"]'),o=l.querySelectorAll('blockquote[data-secret=\"'+t.secret+'\"]'),c=new RegExp(\"^https?:$\",\"i\"),i=0;i<o.length;i++)o[i].style.display=\"none\";for(i=0;i<a.length;i++)s=a[i],e.source===s.contentWindow&&(s.removeAttribute(\"style\"),\"height\"===t.message?(1e3<(r=parseInt(t.value,10))?r=1e3:~~r<200&&(r=200),s.height=r):\"link\"===t.message&&(r=new URL(s.getAttribute(\"src\")),n=new URL(t.value),c.test(n.protocol))&&n.host===r.host&&l.activeElement===s&&(d.top.location.href=t.value))}},d.addEventListener(\"message\",d.wp.receiveEmbedMessage,!1),l.addEventListener(\"DOMContentLoaded\",function(){for(var e,t,s=l.querySelectorAll(\"iframe.wp-embedded-content\"),r=0;r<s.length;r++)(t=(e=s[r]).getAttribute(\"data-secret\"))||(t=Math.random().toString(36).substring(2,12),e.src+=\"#?secret=\"+t,e.setAttribute(\"data-secret\",t)),e.contentWindow.postMessage({message:\"ready\",secret:t},\"*\")},!1)))}(window,document);\n\/\/# sourceURL=https:\/\/lietuve.lt\/wp-includes\/js\/wp-embed.min.js\n\/* ]]> *\/\n<\/script>\n","thumbnail_url":"https:\/\/lietuve.lt\/wp-content\/uploads\/2017\/07\/1-18.jpg","thumbnail_width":755,"thumbnail_height":379,"description":"Liepos 6-\u0105j\u0105 giedosime \u201eTauti\u0161k\u0105 giesm\u0119\u201c. \u0160is i\u0161skirtinis veiksmas sujungia visus pasaulio lietuvius. Tod\u0117l Valstyb\u0117s atk\u016brimo \u0161imtme\u010dio kampanija \u201eA\u010di\u016b\u201c \u0161\u012fkart kvie\u010dia d\u0117koti u\u017esienio lietuviams. \u0160imtme\u010dio kampanijos \u201eA\u010di\u016b\u201c heroj\u0173 atvirukai keliauja \u012f kitas \u0161alis ir \u017eemynus. Vytaras Radzevi\u010dius ir Martynas Starkus tyrin\u0117dami pasaul\u012f sutiko be galo daug nuostabi\u0173 lietuvi\u0173. J\u0173 pad\u0117kos adresuotos Ta\u0161kento lietuvi\u0173 bendruomenei, kuri pirmoji"}