{"version":"1.0","provider_name":"\u017durnalas Lietuv\u0117","provider_url":"https:\/\/lietuve.lt","title":"Kandidatas \u012f Raisos \u0160arkien\u0117s \u0161ird\u012f prabilo bulgari\u0161kai - \u017durnalas Lietuv\u0117","type":"rich","width":600,"height":338,"html":"<blockquote class=\"wp-embedded-content\" data-secret=\"EokzPAJwQK\"><a href=\"https:\/\/lietuve.lt\/kandidatas-i-raisos-sarkienes-sirdi-prabilo-bulgariskai\/\">Kandidatas \u012f Raisos \u0160arkien\u0117s \u0161ird\u012f prabilo bulgari\u0161kai<\/a><\/blockquote><iframe sandbox=\"allow-scripts\" security=\"restricted\" src=\"https:\/\/lietuve.lt\/kandidatas-i-raisos-sarkienes-sirdi-prabilo-bulgariskai\/embed\/#?secret=EokzPAJwQK\" width=\"600\" height=\"338\" title=\"&#8220;Kandidatas \u012f Raisos \u0160arkien\u0117s \u0161ird\u012f prabilo bulgari\u0161kai&#8221; &#8212; \u017durnalas Lietuv\u0117\" data-secret=\"EokzPAJwQK\" frameborder=\"0\" marginwidth=\"0\" marginheight=\"0\" scrolling=\"no\" class=\"wp-embedded-content\"><\/iframe><script type=\"text\/javascript\">\n\/* <![CDATA[ *\/\n\/*! This file is auto-generated *\/\n!function(d,l){\"use strict\";l.querySelector&&d.addEventListener&&\"undefined\"!=typeof URL&&(d.wp=d.wp||{},d.wp.receiveEmbedMessage||(d.wp.receiveEmbedMessage=function(e){var t=e.data;if((t||t.secret||t.message||t.value)&&!\/[^a-zA-Z0-9]\/.test(t.secret)){for(var s,r,n,a=l.querySelectorAll('iframe[data-secret=\"'+t.secret+'\"]'),o=l.querySelectorAll('blockquote[data-secret=\"'+t.secret+'\"]'),c=new RegExp(\"^https?:$\",\"i\"),i=0;i<o.length;i++)o[i].style.display=\"none\";for(i=0;i<a.length;i++)s=a[i],e.source===s.contentWindow&&(s.removeAttribute(\"style\"),\"height\"===t.message?(1e3<(r=parseInt(t.value,10))?r=1e3:~~r<200&&(r=200),s.height=r):\"link\"===t.message&&(r=new URL(s.getAttribute(\"src\")),n=new URL(t.value),c.test(n.protocol))&&n.host===r.host&&l.activeElement===s&&(d.top.location.href=t.value))}},d.addEventListener(\"message\",d.wp.receiveEmbedMessage,!1),l.addEventListener(\"DOMContentLoaded\",function(){for(var e,t,s=l.querySelectorAll(\"iframe.wp-embedded-content\"),r=0;r<s.length;r++)(t=(e=s[r]).getAttribute(\"data-secret\"))||(t=Math.random().toString(36).substring(2,12),e.src+=\"#?secret=\"+t,e.setAttribute(\"data-secret\",t)),e.contentWindow.postMessage({message:\"ready\",secret:t},\"*\")},!1)))}(window,document);\n\/\/# sourceURL=https:\/\/lietuve.lt\/wp-includes\/js\/wp-embed.min.js\n\/* ]]> *\/\n<\/script>\n","thumbnail_url":"https:\/\/lietuve.lt\/wp-content\/uploads\/2013\/06\/TV3_Ziurek_Geras_Raisa_Sarkiene.jpg","thumbnail_width":1024,"thumbnail_height":768,"description":"\u201eTikras vyras turi b\u016bti auk\u0161tas, patrauklus, bet svarbiausia \u2013 \u0161varus ir kvepiantis. O jei jam jau per trisde\u0161imt, \u2013 dar ir turtingas\u201c, \u2013\u00a0 jau rytoj, bir\u017eelio 6-\u0105j\u0105, 19.50 val. kar\u0161\u010diausiame TV3 vasaros projekte \u201e\u017di\u016br\u0117k! Geras!\u201c atviraus ekscentri\u0161koji Raisa \u0160arkien\u0117. Ry\u0161ki moteris rengia b\u016bsim\u0173 jauniki\u0173 var\u017eytuves: \u201eGyvenimo draugo neturiu, tod\u0117l nor\u0117\u010diau susipa\u017einti su jaunesniu ir, svarbiausia,"}