{"version":"1.0","provider_name":"\u017durnalas Lietuv\u0117","provider_url":"https:\/\/lietuve.lt","title":"Kas Martyn\u0105 Levick\u012f privert\u0117 susim\u0105styti apie savo veiklos prasm\u0119  - \u017durnalas Lietuv\u0117","type":"rich","width":600,"height":338,"html":"<blockquote class=\"wp-embedded-content\" data-secret=\"N7q3DRzei3\"><a href=\"https:\/\/lietuve.lt\/kas-martyna-levicki-priverte-susimastyti-apie-savo-veiklos-prasme\/\">Kas Martyn\u0105 Levick\u012f privert\u0117 susim\u0105styti apie savo veiklos prasm\u0119<\/a><\/blockquote><iframe sandbox=\"allow-scripts\" security=\"restricted\" src=\"https:\/\/lietuve.lt\/kas-martyna-levicki-priverte-susimastyti-apie-savo-veiklos-prasme\/embed\/#?secret=N7q3DRzei3\" width=\"600\" height=\"338\" title=\"&#8220;Kas Martyn\u0105 Levick\u012f privert\u0117 susim\u0105styti apie savo veiklos prasm\u0119&#8221; &#8212; \u017durnalas Lietuv\u0117\" data-secret=\"N7q3DRzei3\" frameborder=\"0\" marginwidth=\"0\" marginheight=\"0\" scrolling=\"no\" class=\"wp-embedded-content\"><\/iframe><script type=\"text\/javascript\">\n\/* <![CDATA[ *\/\n\/*! This file is auto-generated *\/\n!function(d,l){\"use strict\";l.querySelector&&d.addEventListener&&\"undefined\"!=typeof URL&&(d.wp=d.wp||{},d.wp.receiveEmbedMessage||(d.wp.receiveEmbedMessage=function(e){var t=e.data;if((t||t.secret||t.message||t.value)&&!\/[^a-zA-Z0-9]\/.test(t.secret)){for(var s,r,n,a=l.querySelectorAll('iframe[data-secret=\"'+t.secret+'\"]'),o=l.querySelectorAll('blockquote[data-secret=\"'+t.secret+'\"]'),c=new RegExp(\"^https?:$\",\"i\"),i=0;i<o.length;i++)o[i].style.display=\"none\";for(i=0;i<a.length;i++)s=a[i],e.source===s.contentWindow&&(s.removeAttribute(\"style\"),\"height\"===t.message?(1e3<(r=parseInt(t.value,10))?r=1e3:~~r<200&&(r=200),s.height=r):\"link\"===t.message&&(r=new URL(s.getAttribute(\"src\")),n=new URL(t.value),c.test(n.protocol))&&n.host===r.host&&l.activeElement===s&&(d.top.location.href=t.value))}},d.addEventListener(\"message\",d.wp.receiveEmbedMessage,!1),l.addEventListener(\"DOMContentLoaded\",function(){for(var e,t,s=l.querySelectorAll(\"iframe.wp-embedded-content\"),r=0;r<s.length;r++)(t=(e=s[r]).getAttribute(\"data-secret\"))||(t=Math.random().toString(36).substring(2,12),e.src+=\"#?secret=\"+t,e.setAttribute(\"data-secret\",t)),e.contentWindow.postMessage({message:\"ready\",secret:t},\"*\")},!1)))}(window,document);\n\/\/# sourceURL=https:\/\/lietuve.lt\/wp-includes\/js\/wp-embed.min.js\n\/* ]]> *\/\n<\/script>\n","thumbnail_url":"https:\/\/lietuve.lt\/wp-content\/uploads\/2015\/02\/124.jpg","thumbnail_width":1024,"thumbnail_height":683,"description":"\u201eTokie vaizdai priver\u010dia dar kart\u0105 susim\u0105styti, kad visa tai, k\u0105 veikiu, n\u0117ra laikina\u201c, \u2013 pa\u017ei\u016br\u0117j\u0119s antrosios laidos \u201eDr\u0105s\u016bs. Stipr\u016bs. Vikr\u016bs\u201c \u012fra\u0161\u0105 sak\u0117 Lietuv\u0105 visame pasaulyje garsinantis akordeonistas Martynas Levickis. Muzikant\u0105 labai nustebino j\u012f sektinu pavyzd\u017eiu pasirink\u0119 penktokai \u2013 laidoje Druskinink\u0173 \u201eSaul\u0117s\u201c mokyklos aukl\u0117tinis improvizuotu akordeonu atliko Martyno k\u016brin\u012f. \u201eSteb\u0117damas, k\u0105 sako vaikai, kaip jie suderina"}