{"version":"1.0","provider_name":"\u017durnalas Lietuv\u0117","provider_url":"https:\/\/lietuve.lt","title":"Kaune \u2013 buvusi\u0173 Ryt\u0173 ir Vidurio Europos valstybi\u0173 vadov\u0173 susitikimas - \u017durnalas Lietuv\u0117","type":"rich","width":600,"height":338,"html":"<blockquote class=\"wp-embedded-content\" data-secret=\"FemtpmAwoA\"><a href=\"https:\/\/lietuve.lt\/kaune-buvusiu-rytu-ir-vidurio-europos-valstybiu-vadovu-susitikimas\/\">Kaune \u2013 buvusi\u0173 Ryt\u0173 ir Vidurio Europos valstybi\u0173 vadov\u0173 susitikimas<\/a><\/blockquote><iframe sandbox=\"allow-scripts\" security=\"restricted\" src=\"https:\/\/lietuve.lt\/kaune-buvusiu-rytu-ir-vidurio-europos-valstybiu-vadovu-susitikimas\/embed\/#?secret=FemtpmAwoA\" width=\"600\" height=\"338\" title=\"&#8220;Kaune \u2013 buvusi\u0173 Ryt\u0173 ir Vidurio Europos valstybi\u0173 vadov\u0173 susitikimas&#8221; &#8212; \u017durnalas Lietuv\u0117\" data-secret=\"FemtpmAwoA\" frameborder=\"0\" marginwidth=\"0\" marginheight=\"0\" scrolling=\"no\" class=\"wp-embedded-content\"><\/iframe><script type=\"text\/javascript\">\n\/* <![CDATA[ *\/\n\/*! This file is auto-generated *\/\n!function(d,l){\"use strict\";l.querySelector&&d.addEventListener&&\"undefined\"!=typeof URL&&(d.wp=d.wp||{},d.wp.receiveEmbedMessage||(d.wp.receiveEmbedMessage=function(e){var t=e.data;if((t||t.secret||t.message||t.value)&&!\/[^a-zA-Z0-9]\/.test(t.secret)){for(var s,r,n,a=l.querySelectorAll('iframe[data-secret=\"'+t.secret+'\"]'),o=l.querySelectorAll('blockquote[data-secret=\"'+t.secret+'\"]'),c=new RegExp(\"^https?:$\",\"i\"),i=0;i<o.length;i++)o[i].style.display=\"none\";for(i=0;i<a.length;i++)s=a[i],e.source===s.contentWindow&&(s.removeAttribute(\"style\"),\"height\"===t.message?(1e3<(r=parseInt(t.value,10))?r=1e3:~~r<200&&(r=200),s.height=r):\"link\"===t.message&&(r=new URL(s.getAttribute(\"src\")),n=new URL(t.value),c.test(n.protocol))&&n.host===r.host&&l.activeElement===s&&(d.top.location.href=t.value))}},d.addEventListener(\"message\",d.wp.receiveEmbedMessage,!1),l.addEventListener(\"DOMContentLoaded\",function(){for(var e,t,s=l.querySelectorAll(\"iframe.wp-embedded-content\"),r=0;r<s.length;r++)(t=(e=s[r]).getAttribute(\"data-secret\"))||(t=Math.random().toString(36).substring(2,12),e.src+=\"#?secret=\"+t,e.setAttribute(\"data-secret\",t)),e.contentWindow.postMessage({message:\"ready\",secret:t},\"*\")},!1)))}(window,document);\n\/\/# sourceURL=https:\/\/lietuve.lt\/wp-includes\/js\/wp-embed.min.js\n\/* ]]> *\/\n<\/script>\n","description":"Kovo 10 dien\u0105, penktadien\u012f, Vytauto Did\u017eiojo universitete (VDU) \u012fvyks pirmasis renginys, skirtas art\u0117jan\u010diam Lietuvos valstyb\u0117s atk\u016brimo \u0161imtme\u010diui, \u2013 tarptautinis II Baltijos ir Juodosios j\u016br\u0173 forumas, kuriame dalyvaus ir diskutuoti apie Europos ateit\u012f kvies istoriniai lyderiai, buv\u0119 Ryt\u0173 ir Vidurio Europos valstybi\u0173 vadovai. Kaune vyksian\u010dio forumo tema \u2013 \u201eEuropa \u0161iandien. Baltijos konsensusas (1987\u20131991 metai): istorin\u0117 reik\u0161m\u0117"}