{"version":"1.0","provider_name":"\u017durnalas Lietuv\u0117","provider_url":"https:\/\/lietuve.lt","title":"Kaune studijuojantys jaunuoliai i\u0161 u\u017esienio gyvina \u0104\u017euolyno skver\u0105 - \u017durnalas Lietuv\u0117","type":"rich","width":600,"height":338,"html":"<blockquote class=\"wp-embedded-content\" data-secret=\"IAGNESCk8s\"><a href=\"https:\/\/lietuve.lt\/kaune-studijuojantys-jaunuoliai-is-uzsienio-gyvina-azuolyno-skvera\/\">Kaune studijuojantys jaunuoliai i\u0161 u\u017esienio gyvina \u0104\u017euolyno skver\u0105<\/a><\/blockquote><iframe sandbox=\"allow-scripts\" security=\"restricted\" src=\"https:\/\/lietuve.lt\/kaune-studijuojantys-jaunuoliai-is-uzsienio-gyvina-azuolyno-skvera\/embed\/#?secret=IAGNESCk8s\" width=\"600\" height=\"338\" title=\"&#8220;Kaune studijuojantys jaunuoliai i\u0161 u\u017esienio gyvina \u0104\u017euolyno skver\u0105&#8221; &#8212; \u017durnalas Lietuv\u0117\" data-secret=\"IAGNESCk8s\" frameborder=\"0\" marginwidth=\"0\" marginheight=\"0\" scrolling=\"no\" class=\"wp-embedded-content\"><\/iframe><script type=\"text\/javascript\">\n\/* <![CDATA[ *\/\n\/*! This file is auto-generated *\/\n!function(d,l){\"use strict\";l.querySelector&&d.addEventListener&&\"undefined\"!=typeof URL&&(d.wp=d.wp||{},d.wp.receiveEmbedMessage||(d.wp.receiveEmbedMessage=function(e){var t=e.data;if((t||t.secret||t.message||t.value)&&!\/[^a-zA-Z0-9]\/.test(t.secret)){for(var s,r,n,a=l.querySelectorAll('iframe[data-secret=\"'+t.secret+'\"]'),o=l.querySelectorAll('blockquote[data-secret=\"'+t.secret+'\"]'),c=new RegExp(\"^https?:$\",\"i\"),i=0;i<o.length;i++)o[i].style.display=\"none\";for(i=0;i<a.length;i++)s=a[i],e.source===s.contentWindow&&(s.removeAttribute(\"style\"),\"height\"===t.message?(1e3<(r=parseInt(t.value,10))?r=1e3:~~r<200&&(r=200),s.height=r):\"link\"===t.message&&(r=new URL(s.getAttribute(\"src\")),n=new URL(t.value),c.test(n.protocol))&&n.host===r.host&&l.activeElement===s&&(d.top.location.href=t.value))}},d.addEventListener(\"message\",d.wp.receiveEmbedMessage,!1),l.addEventListener(\"DOMContentLoaded\",function(){for(var e,t,s=l.querySelectorAll(\"iframe.wp-embedded-content\"),r=0;r<s.length;r++)(t=(e=s[r]).getAttribute(\"data-secret\"))||(t=Math.random().toString(36).substring(2,12),e.src+=\"#?secret=\"+t,e.setAttribute(\"data-secret\",t)),e.contentWindow.postMessage({message:\"ready\",secret:t},\"*\")},!1)))}(window,document);\n\/\/# sourceURL=https:\/\/lietuve.lt\/wp-includes\/js\/wp-embed.min.js\n\/* ]]> *\/\n<\/script>\n","description":"Pra\u0117jusios savait\u0117s pabaigoje \u012f \u0104\u017euolyno park\u0105 u\u017esukusius kaunie\u010dius nustebino b\u016brys u\u017esienio student\u0173, \u0161varinan\u010di\u0173 aplink\u0105, gr\u0117bian\u010di\u0173 lapus, ravin\u010di\u0173 \u017eoles i\u0161 grindinio. Daugiau nei 40 \u201eErasmus\u201c student\u0173 tinklo (ESN Lietuva) nari\u0173 i\u0161 Indijos, Turkijos, Pranc\u016bzijos, Afganistano, Belgijos, Azerbaid\u017eano, Piet\u0173 Kor\u0117jos siek\u0117 bendro tikslo \u2013 sutvarkyti \u0104\u017euolyno skver\u0105, kur\u012f pagyvino gegu\u017e\u0117s m\u0117nes\u012f \u0161v\u0119sdami Europos jaunimo savait\u0119. \u0160i vieta"}