{"version":"1.0","provider_name":"\u017durnalas Lietuv\u0117","provider_url":"https:\/\/lietuve.lt","title":"Kaune vyks labdaros koncertas \u201eTyra vaikyst\u0117s siela\u201c - \u017durnalas Lietuv\u0117","type":"rich","width":600,"height":338,"html":"<blockquote class=\"wp-embedded-content\" data-secret=\"XbzBtUsFvK\"><a href=\"https:\/\/lietuve.lt\/kaune-vyks-labdaros-koncertas-tyra-vaikystes-siela\/\">Kaune vyks labdaros koncertas \u201eTyra vaikyst\u0117s siela\u201c<\/a><\/blockquote><iframe sandbox=\"allow-scripts\" security=\"restricted\" src=\"https:\/\/lietuve.lt\/kaune-vyks-labdaros-koncertas-tyra-vaikystes-siela\/embed\/#?secret=XbzBtUsFvK\" width=\"600\" height=\"338\" title=\"&#8220;Kaune vyks labdaros koncertas \u201eTyra vaikyst\u0117s siela\u201c&#8221; &#8212; \u017durnalas Lietuv\u0117\" data-secret=\"XbzBtUsFvK\" frameborder=\"0\" marginwidth=\"0\" marginheight=\"0\" scrolling=\"no\" class=\"wp-embedded-content\"><\/iframe><script type=\"text\/javascript\">\n\/* <![CDATA[ *\/\n\/*! This file is auto-generated *\/\n!function(d,l){\"use strict\";l.querySelector&&d.addEventListener&&\"undefined\"!=typeof URL&&(d.wp=d.wp||{},d.wp.receiveEmbedMessage||(d.wp.receiveEmbedMessage=function(e){var t=e.data;if((t||t.secret||t.message||t.value)&&!\/[^a-zA-Z0-9]\/.test(t.secret)){for(var s,r,n,a=l.querySelectorAll('iframe[data-secret=\"'+t.secret+'\"]'),o=l.querySelectorAll('blockquote[data-secret=\"'+t.secret+'\"]'),c=new RegExp(\"^https?:$\",\"i\"),i=0;i<o.length;i++)o[i].style.display=\"none\";for(i=0;i<a.length;i++)s=a[i],e.source===s.contentWindow&&(s.removeAttribute(\"style\"),\"height\"===t.message?(1e3<(r=parseInt(t.value,10))?r=1e3:~~r<200&&(r=200),s.height=r):\"link\"===t.message&&(r=new URL(s.getAttribute(\"src\")),n=new URL(t.value),c.test(n.protocol))&&n.host===r.host&&l.activeElement===s&&(d.top.location.href=t.value))}},d.addEventListener(\"message\",d.wp.receiveEmbedMessage,!1),l.addEventListener(\"DOMContentLoaded\",function(){for(var e,t,s=l.querySelectorAll(\"iframe.wp-embedded-content\"),r=0;r<s.length;r++)(t=(e=s[r]).getAttribute(\"data-secret\"))||(t=Math.random().toString(36).substring(2,12),e.src+=\"#?secret=\"+t,e.setAttribute(\"data-secret\",t)),e.contentWindow.postMessage({message:\"ready\",secret:t},\"*\")},!1)))}(window,document);\n\/\/# sourceURL=https:\/\/lietuve.lt\/wp-includes\/js\/wp-embed.min.js\n\/* ]]> *\/\n<\/script>\n","description":"\u0160\u012f sekmadien\u012f, gegu\u017e\u0117s 31 d., Kauno sporto hal\u0117je Tarptautin\u0117s vaik\u0173 gynimo dienos proga rengiamas labdaros koncertas \u201eTyra vaikyst\u0117s siela\u201c. Gra\u017eiausiomis melodijomis ir gera nuotaika su \u017ei\u016brovais dalysis Kristina Zmailait\u0117 ir Edmundas Seilius, Vaida Genyt\u0117, Alytaus \u201eDe-\u017davu\u201c choras su vadove Asta Pilypaite, Julija Jegorova, Andrius Butkus ir grup\u0117 \u201eD\u017eentelmenai\u201c, Egl\u0117 Jak\u0161tyt\u0117, grup\u0117 \u201eEl Fuego\u201c, mergin\u0173 kvartetas"}