{"version":"1.0","provider_name":"\u017durnalas Lietuv\u0117","provider_url":"https:\/\/lietuve.lt","title":"Kaunie\u010diai Kal\u0117d\u0173 egle d\u017eiaugsis iki sausio pabaigos - \u017durnalas Lietuv\u0117","type":"rich","width":600,"height":338,"html":"<blockquote class=\"wp-embedded-content\" data-secret=\"sUnbKpIlbS\"><a href=\"https:\/\/lietuve.lt\/kaunieciai-kaledu-egle-dziaugsis-iki-sausio-pabaigos\/\">Kaunie\u010diai Kal\u0117d\u0173 egle d\u017eiaugsis iki sausio pabaigos<\/a><\/blockquote><iframe sandbox=\"allow-scripts\" security=\"restricted\" src=\"https:\/\/lietuve.lt\/kaunieciai-kaledu-egle-dziaugsis-iki-sausio-pabaigos\/embed\/#?secret=sUnbKpIlbS\" width=\"600\" height=\"338\" title=\"&#8220;Kaunie\u010diai Kal\u0117d\u0173 egle d\u017eiaugsis iki sausio pabaigos&#8221; &#8212; \u017durnalas Lietuv\u0117\" data-secret=\"sUnbKpIlbS\" frameborder=\"0\" marginwidth=\"0\" marginheight=\"0\" scrolling=\"no\" class=\"wp-embedded-content\"><\/iframe><script type=\"text\/javascript\">\n\/* <![CDATA[ *\/\n\/*! This file is auto-generated *\/\n!function(d,l){\"use strict\";l.querySelector&&d.addEventListener&&\"undefined\"!=typeof URL&&(d.wp=d.wp||{},d.wp.receiveEmbedMessage||(d.wp.receiveEmbedMessage=function(e){var t=e.data;if((t||t.secret||t.message||t.value)&&!\/[^a-zA-Z0-9]\/.test(t.secret)){for(var s,r,n,a=l.querySelectorAll('iframe[data-secret=\"'+t.secret+'\"]'),o=l.querySelectorAll('blockquote[data-secret=\"'+t.secret+'\"]'),c=new RegExp(\"^https?:$\",\"i\"),i=0;i<o.length;i++)o[i].style.display=\"none\";for(i=0;i<a.length;i++)s=a[i],e.source===s.contentWindow&&(s.removeAttribute(\"style\"),\"height\"===t.message?(1e3<(r=parseInt(t.value,10))?r=1e3:~~r<200&&(r=200),s.height=r):\"link\"===t.message&&(r=new URL(s.getAttribute(\"src\")),n=new URL(t.value),c.test(n.protocol))&&n.host===r.host&&l.activeElement===s&&(d.top.location.href=t.value))}},d.addEventListener(\"message\",d.wp.receiveEmbedMessage,!1),l.addEventListener(\"DOMContentLoaded\",function(){for(var e,t,s=l.querySelectorAll(\"iframe.wp-embedded-content\"),r=0;r<s.length;r++)(t=(e=s[r]).getAttribute(\"data-secret\"))||(t=Math.random().toString(36).substring(2,12),e.src+=\"#?secret=\"+t,e.setAttribute(\"data-secret\",t)),e.contentWindow.postMessage({message:\"ready\",secret:t},\"*\")},!1)))}(window,document);\n\/\/# sourceURL=https:\/\/lietuve.lt\/wp-includes\/js\/wp-embed.min.js\n\/* ]]> *\/\n<\/script>\n","thumbnail_url":"https:\/\/lietuve.lt\/wp-content\/uploads\/2017\/01\/146.jpg","thumbnail_width":990,"thumbnail_height":557,"description":"Svarstant, kada nupuo\u0161ti pagrindin\u0119 Kauno miesto egl\u0119, sprendimo teis\u0117 buvo atiduota \u012f kaunie\u010di\u0173 rankas. Socialiniame tinkle \u201eFacebook\u201c surengtoje apklausoje daugiausia nuomon\u0119 i\u0161rei\u0161kusi\u0173j\u0173 buvo u\u017e tai, jog tiek eglut\u0117, tiek visos \u0161ventin\u0117s instaliacijos miest\u0105 puo\u0161t\u0173 iki sausio 31 dienos. \u201e\u0160ventiniai papuo\u0161imai yra skirti miestie\u010diams, tod\u0117l pagalvojome \u2013 kod\u0117l gi jiems patiems nenusprendus, kada nupuo\u0161ti eglut\u0119 ir"}