{"version":"1.0","provider_name":"\u017durnalas Lietuv\u0117","provider_url":"https:\/\/lietuve.lt","title":"Kauno gimnazijai suteiktas Prezidento Valdo Adamkaus vardas - \u017durnalas Lietuv\u0117","type":"rich","width":600,"height":338,"html":"<blockquote class=\"wp-embedded-content\" data-secret=\"Xr954lynsI\"><a href=\"https:\/\/lietuve.lt\/kauno-gimnazijai-suteiktas-prezidento-valdo-adamkaus-vardas\/\">Kauno gimnazijai suteiktas Prezidento Valdo Adamkaus vardas<\/a><\/blockquote><iframe sandbox=\"allow-scripts\" security=\"restricted\" src=\"https:\/\/lietuve.lt\/kauno-gimnazijai-suteiktas-prezidento-valdo-adamkaus-vardas\/embed\/#?secret=Xr954lynsI\" width=\"600\" height=\"338\" title=\"&#8220;Kauno gimnazijai suteiktas Prezidento Valdo Adamkaus vardas&#8221; &#8212; \u017durnalas Lietuv\u0117\" data-secret=\"Xr954lynsI\" frameborder=\"0\" marginwidth=\"0\" marginheight=\"0\" scrolling=\"no\" class=\"wp-embedded-content\"><\/iframe><script type=\"text\/javascript\">\n\/* <![CDATA[ *\/\n\/*! This file is auto-generated *\/\n!function(d,l){\"use strict\";l.querySelector&&d.addEventListener&&\"undefined\"!=typeof URL&&(d.wp=d.wp||{},d.wp.receiveEmbedMessage||(d.wp.receiveEmbedMessage=function(e){var t=e.data;if((t||t.secret||t.message||t.value)&&!\/[^a-zA-Z0-9]\/.test(t.secret)){for(var s,r,n,a=l.querySelectorAll('iframe[data-secret=\"'+t.secret+'\"]'),o=l.querySelectorAll('blockquote[data-secret=\"'+t.secret+'\"]'),c=new RegExp(\"^https?:$\",\"i\"),i=0;i<o.length;i++)o[i].style.display=\"none\";for(i=0;i<a.length;i++)s=a[i],e.source===s.contentWindow&&(s.removeAttribute(\"style\"),\"height\"===t.message?(1e3<(r=parseInt(t.value,10))?r=1e3:~~r<200&&(r=200),s.height=r):\"link\"===t.message&&(r=new URL(s.getAttribute(\"src\")),n=new URL(t.value),c.test(n.protocol))&&n.host===r.host&&l.activeElement===s&&(d.top.location.href=t.value))}},d.addEventListener(\"message\",d.wp.receiveEmbedMessage,!1),l.addEventListener(\"DOMContentLoaded\",function(){for(var e,t,s=l.querySelectorAll(\"iframe.wp-embedded-content\"),r=0;r<s.length;r++)(t=(e=s[r]).getAttribute(\"data-secret\"))||(t=Math.random().toString(36).substring(2,12),e.src+=\"#?secret=\"+t,e.setAttribute(\"data-secret\",t)),e.contentWindow.postMessage({message:\"ready\",secret:t},\"*\")},!1)))}(window,document);\n\/\/# sourceURL=https:\/\/lietuve.lt\/wp-includes\/js\/wp-embed.min.js\n\/* ]]> *\/\n<\/script>\n","description":"Rugs\u0117jo 1 dien\u0105 Kauno \u0161v. Pranci\u0161kaus gimnazijai i\u0161kilmingai suteiktas Prezidento Valdo Adamkaus vardas. Aleksote veikianti gimnazija didel\u012f d\u0117mes\u012f skiria ekologijai ir moksleivi\u0173 s\u0105moningumo apie gamtos tausojim\u0105 ugdymui. \u0160vent\u0117 prasid\u0117jo Lietuvos Respublikos himnu. V\u0117liau Prezidentas V. Adamkus kartu su sve\u010diais mokyklos prieigose pasodino gerumo \u0105\u017euoliuk\u0105. \u201ePrisipa\u017einsiu \u2013 dabar man kalb\u0117ti lengva ir sunku. Lengva, nes kalbu"}