{"version":"1.0","provider_name":"\u017durnalas Lietuv\u0117","provider_url":"https:\/\/lietuve.lt","title":"K\u0117dainiuose emigrantai dalijosi mintimis apie sugr\u012f\u017eim\u0105 \u012f Lietuv\u0105 - \u017durnalas Lietuv\u0117","type":"rich","width":600,"height":338,"html":"<blockquote class=\"wp-embedded-content\" data-secret=\"RAlF3gQ7XE\"><a href=\"https:\/\/lietuve.lt\/kedainiuose-emigrantai-dalijosi-mintimis-apie-sugrizima-i-lietuva\/\">K\u0117dainiuose emigrantai dalijosi mintimis apie sugr\u012f\u017eim\u0105 \u012f Lietuv\u0105<\/a><\/blockquote><iframe sandbox=\"allow-scripts\" security=\"restricted\" src=\"https:\/\/lietuve.lt\/kedainiuose-emigrantai-dalijosi-mintimis-apie-sugrizima-i-lietuva\/embed\/#?secret=RAlF3gQ7XE\" width=\"600\" height=\"338\" title=\"&#8220;K\u0117dainiuose emigrantai dalijosi mintimis apie sugr\u012f\u017eim\u0105 \u012f Lietuv\u0105&#8221; &#8212; \u017durnalas Lietuv\u0117\" data-secret=\"RAlF3gQ7XE\" frameborder=\"0\" marginwidth=\"0\" marginheight=\"0\" scrolling=\"no\" class=\"wp-embedded-content\"><\/iframe><script type=\"text\/javascript\">\n\/* <![CDATA[ *\/\n\/*! This file is auto-generated *\/\n!function(d,l){\"use strict\";l.querySelector&&d.addEventListener&&\"undefined\"!=typeof URL&&(d.wp=d.wp||{},d.wp.receiveEmbedMessage||(d.wp.receiveEmbedMessage=function(e){var t=e.data;if((t||t.secret||t.message||t.value)&&!\/[^a-zA-Z0-9]\/.test(t.secret)){for(var s,r,n,a=l.querySelectorAll('iframe[data-secret=\"'+t.secret+'\"]'),o=l.querySelectorAll('blockquote[data-secret=\"'+t.secret+'\"]'),c=new RegExp(\"^https?:$\",\"i\"),i=0;i<o.length;i++)o[i].style.display=\"none\";for(i=0;i<a.length;i++)s=a[i],e.source===s.contentWindow&&(s.removeAttribute(\"style\"),\"height\"===t.message?(1e3<(r=parseInt(t.value,10))?r=1e3:~~r<200&&(r=200),s.height=r):\"link\"===t.message&&(r=new URL(s.getAttribute(\"src\")),n=new URL(t.value),c.test(n.protocol))&&n.host===r.host&&l.activeElement===s&&(d.top.location.href=t.value))}},d.addEventListener(\"message\",d.wp.receiveEmbedMessage,!1),l.addEventListener(\"DOMContentLoaded\",function(){for(var e,t,s=l.querySelectorAll(\"iframe.wp-embedded-content\"),r=0;r<s.length;r++)(t=(e=s[r]).getAttribute(\"data-secret\"))||(t=Math.random().toString(36).substring(2,12),e.src+=\"#?secret=\"+t,e.setAttribute(\"data-secret\",t)),e.contentWindow.postMessage({message:\"ready\",secret:t},\"*\")},!1)))}(window,document);\n\/\/# sourceURL=https:\/\/lietuve.lt\/wp-includes\/js\/wp-embed.min.js\n\/* ]]> *\/\n<\/script>\n","description":"Antrus metus i\u0161 eil\u0117s met\u0173 sand\u016broje K\u0117daini\u0173 rajono savivaldyb\u0117s meras Saulius Grinkevi\u010dius inicijavo susitikim\u0105 su u\u017esienyje gyvenan\u010diais kra\u0161tie\u010diais. \u0160\u012fkart \u012f pokalb\u012f at\u0117jo i\u0161 Norvegijos, Nyderland\u0173, Airijos ir Did\u017eiosios Britanijos Kal\u0117d\u0173 atostog\u0173 sugr\u012f\u017e\u0119 k\u0117dainie\u010diai. \u0160io susitikimo tikslas \u2013 susipa\u017einti, pabendrauti, pasidalyti \u017einiomis ir patirtimi bei pakviesti kra\u0161tie\u010dius gr\u012f\u017eti \u012f gimtin\u0119. \u012e antr\u0105j\u012f susitikim\u0105 savivaldyb\u0117je at\u0117j\u0119 k\u0117dainie\u010diai"}