{"version":"1.0","provider_name":"\u017durnalas Lietuv\u0117","provider_url":"https:\/\/lietuve.lt","title":"Keliautoj\u0173 tauta: beveik kas tre\u010dias lietuvis atostogaus u\u017esienyje - \u017durnalas Lietuv\u0117","type":"rich","width":600,"height":338,"html":"<blockquote class=\"wp-embedded-content\" data-secret=\"OeM4jaKpyf\"><a href=\"https:\/\/lietuve.lt\/keliautoju-tauta-beveik-kas-trecias-lietuvis-atostogaus-uzsienyje\/\">Keliautoj\u0173 tauta: beveik kas tre\u010dias lietuvis atostogaus u\u017esienyje<\/a><\/blockquote><iframe sandbox=\"allow-scripts\" security=\"restricted\" src=\"https:\/\/lietuve.lt\/keliautoju-tauta-beveik-kas-trecias-lietuvis-atostogaus-uzsienyje\/embed\/#?secret=OeM4jaKpyf\" width=\"600\" height=\"338\" title=\"&#8220;Keliautoj\u0173 tauta: beveik kas tre\u010dias lietuvis atostogaus u\u017esienyje&#8221; &#8212; \u017durnalas Lietuv\u0117\" data-secret=\"OeM4jaKpyf\" frameborder=\"0\" marginwidth=\"0\" marginheight=\"0\" scrolling=\"no\" class=\"wp-embedded-content\"><\/iframe><script type=\"text\/javascript\">\n\/* <![CDATA[ *\/\n\/*! This file is auto-generated *\/\n!function(d,l){\"use strict\";l.querySelector&&d.addEventListener&&\"undefined\"!=typeof URL&&(d.wp=d.wp||{},d.wp.receiveEmbedMessage||(d.wp.receiveEmbedMessage=function(e){var t=e.data;if((t||t.secret||t.message||t.value)&&!\/[^a-zA-Z0-9]\/.test(t.secret)){for(var s,r,n,a=l.querySelectorAll('iframe[data-secret=\"'+t.secret+'\"]'),o=l.querySelectorAll('blockquote[data-secret=\"'+t.secret+'\"]'),c=new RegExp(\"^https?:$\",\"i\"),i=0;i<o.length;i++)o[i].style.display=\"none\";for(i=0;i<a.length;i++)s=a[i],e.source===s.contentWindow&&(s.removeAttribute(\"style\"),\"height\"===t.message?(1e3<(r=parseInt(t.value,10))?r=1e3:~~r<200&&(r=200),s.height=r):\"link\"===t.message&&(r=new URL(s.getAttribute(\"src\")),n=new URL(t.value),c.test(n.protocol))&&n.host===r.host&&l.activeElement===s&&(d.top.location.href=t.value))}},d.addEventListener(\"message\",d.wp.receiveEmbedMessage,!1),l.addEventListener(\"DOMContentLoaded\",function(){for(var e,t,s=l.querySelectorAll(\"iframe.wp-embedded-content\"),r=0;r<s.length;r++)(t=(e=s[r]).getAttribute(\"data-secret\"))||(t=Math.random().toString(36).substring(2,12),e.src+=\"#?secret=\"+t,e.setAttribute(\"data-secret\",t)),e.contentWindow.postMessage({message:\"ready\",secret:t},\"*\")},!1)))}(window,document);\n\/\/# sourceURL=https:\/\/lietuve.lt\/wp-includes\/js\/wp-embed.min.js\n\/* ]]> *\/\n<\/script>\n","thumbnail_url":"https:\/\/lietuve.lt\/wp-content\/uploads\/2018\/07\/1-21.jpg","thumbnail_width":960,"thumbnail_height":640,"description":"Ils\u0117tis ir pakeliauti u\u017esienio \u0161alyse \u2013 \u0161\u012f tiksl\u0105 per ateinan\u010dius dvylika m\u0117nesi\u0173 sau kelia beveik kas tre\u010dias\u00a0Lietuvos gyventojas. Gyventoj\u0173 nuomon\u0117s apklausa parod\u0117, kad kelion\u0117s ir atostogos yra net svarbesnis prioritetas nei buitis \u2013 nam\u0173 remontas, buitin\u0117s technikos ar automobilio \u012fsigijimas. \u0160iauli\u0173 banko u\u017esakymu atliktas visuomen\u0117s nuomon\u0117s tyrimas, kuriuo buvo siekiama i\u0161siai\u0161kinti gyventoj\u0173 finansinius planus per"}