{"version":"1.0","provider_name":"\u017durnalas Lietuv\u0117","provider_url":"https:\/\/lietuve.lt","title":"Kosmetolog\u0117 \u012fvardijo da\u017eniausias odos prie\u017ei\u016bros klaidas  - \u017durnalas Lietuv\u0117","type":"rich","width":600,"height":338,"html":"<blockquote class=\"wp-embedded-content\" data-secret=\"kSBnExf4DC\"><a href=\"https:\/\/lietuve.lt\/kosmetologe-ivardijo-dazniausias-odos-prieziuros-klaidas\/\">Kosmetolog\u0117 \u012fvardijo da\u017eniausias odos prie\u017ei\u016bros klaidas<\/a><\/blockquote><iframe sandbox=\"allow-scripts\" security=\"restricted\" src=\"https:\/\/lietuve.lt\/kosmetologe-ivardijo-dazniausias-odos-prieziuros-klaidas\/embed\/#?secret=kSBnExf4DC\" width=\"600\" height=\"338\" title=\"&#8220;Kosmetolog\u0117 \u012fvardijo da\u017eniausias odos prie\u017ei\u016bros klaidas&#8221; &#8212; \u017durnalas Lietuv\u0117\" data-secret=\"kSBnExf4DC\" frameborder=\"0\" marginwidth=\"0\" marginheight=\"0\" scrolling=\"no\" class=\"wp-embedded-content\"><\/iframe><script type=\"text\/javascript\">\n\/* <![CDATA[ *\/\n\/*! This file is auto-generated *\/\n!function(d,l){\"use strict\";l.querySelector&&d.addEventListener&&\"undefined\"!=typeof URL&&(d.wp=d.wp||{},d.wp.receiveEmbedMessage||(d.wp.receiveEmbedMessage=function(e){var t=e.data;if((t||t.secret||t.message||t.value)&&!\/[^a-zA-Z0-9]\/.test(t.secret)){for(var s,r,n,a=l.querySelectorAll('iframe[data-secret=\"'+t.secret+'\"]'),o=l.querySelectorAll('blockquote[data-secret=\"'+t.secret+'\"]'),c=new RegExp(\"^https?:$\",\"i\"),i=0;i<o.length;i++)o[i].style.display=\"none\";for(i=0;i<a.length;i++)s=a[i],e.source===s.contentWindow&&(s.removeAttribute(\"style\"),\"height\"===t.message?(1e3<(r=parseInt(t.value,10))?r=1e3:~~r<200&&(r=200),s.height=r):\"link\"===t.message&&(r=new URL(s.getAttribute(\"src\")),n=new URL(t.value),c.test(n.protocol))&&n.host===r.host&&l.activeElement===s&&(d.top.location.href=t.value))}},d.addEventListener(\"message\",d.wp.receiveEmbedMessage,!1),l.addEventListener(\"DOMContentLoaded\",function(){for(var e,t,s=l.querySelectorAll(\"iframe.wp-embedded-content\"),r=0;r<s.length;r++)(t=(e=s[r]).getAttribute(\"data-secret\"))||(t=Math.random().toString(36).substring(2,12),e.src+=\"#?secret=\"+t,e.setAttribute(\"data-secret\",t)),e.contentWindow.postMessage({message:\"ready\",secret:t},\"*\")},!1)))}(window,document);\n\/\/# sourceURL=https:\/\/lietuve.lt\/wp-includes\/js\/wp-embed.min.js\n\/* ]]> *\/\n<\/script>\n","thumbnail_url":"https:\/\/lietuve.lt\/wp-content\/uploads\/2016\/08\/Face-Wash1.jpg","thumbnail_width":800,"thumbnail_height":534,"description":"Odos prie\u017ei\u016brai lietuv\u0117s skiria daug laiko, ta\u010diau ne visuomet i\u0161naudoja j\u012f tikslingai. Kokias odos prie\u017ei\u016bros klaidas da\u017eniausiai pastebi profesionalai ir kaip tinkamai pri\u017ei\u016br\u0117ti od\u0105 remiantis \u201eOdos prie\u017ei\u016bros piramide\u201c? Apie tai diskutuota neseniai rengtoje gro\u017eio popiet\u0117je. Anot renginio prane\u0161\u0117jos kosmetolog\u0117s Andr\u0117jos Krasnevi\u010dien\u0117s,\u00a0did\u017eiausia odos prie\u017ei\u016bros klaida \u2013 manyti, jog odos valymui u\u017etenka vandens. \u201eGyvenant mieste, valymas tur\u0117t\u0173"}