{"version":"1.0","provider_name":"\u017durnalas Lietuv\u0117","provider_url":"https:\/\/lietuve.lt","title":"Kovo 11-osios min\u0117jimas pasaulyje - \u017durnalas Lietuv\u0117","type":"rich","width":600,"height":338,"html":"<blockquote class=\"wp-embedded-content\" data-secret=\"ma6RV0xxI8\"><a href=\"https:\/\/lietuve.lt\/kovo-11-osios-minejimas-pasaulyje\/\">Kovo 11-osios min\u0117jimas pasaulyje<\/a><\/blockquote><iframe sandbox=\"allow-scripts\" security=\"restricted\" src=\"https:\/\/lietuve.lt\/kovo-11-osios-minejimas-pasaulyje\/embed\/#?secret=ma6RV0xxI8\" width=\"600\" height=\"338\" title=\"&#8220;Kovo 11-osios min\u0117jimas pasaulyje&#8221; &#8212; \u017durnalas Lietuv\u0117\" data-secret=\"ma6RV0xxI8\" frameborder=\"0\" marginwidth=\"0\" marginheight=\"0\" scrolling=\"no\" class=\"wp-embedded-content\"><\/iframe><script type=\"text\/javascript\">\n\/* <![CDATA[ *\/\n\/*! This file is auto-generated *\/\n!function(d,l){\"use strict\";l.querySelector&&d.addEventListener&&\"undefined\"!=typeof URL&&(d.wp=d.wp||{},d.wp.receiveEmbedMessage||(d.wp.receiveEmbedMessage=function(e){var t=e.data;if((t||t.secret||t.message||t.value)&&!\/[^a-zA-Z0-9]\/.test(t.secret)){for(var s,r,n,a=l.querySelectorAll('iframe[data-secret=\"'+t.secret+'\"]'),o=l.querySelectorAll('blockquote[data-secret=\"'+t.secret+'\"]'),c=new RegExp(\"^https?:$\",\"i\"),i=0;i<o.length;i++)o[i].style.display=\"none\";for(i=0;i<a.length;i++)s=a[i],e.source===s.contentWindow&&(s.removeAttribute(\"style\"),\"height\"===t.message?(1e3<(r=parseInt(t.value,10))?r=1e3:~~r<200&&(r=200),s.height=r):\"link\"===t.message&&(r=new URL(s.getAttribute(\"src\")),n=new URL(t.value),c.test(n.protocol))&&n.host===r.host&&l.activeElement===s&&(d.top.location.href=t.value))}},d.addEventListener(\"message\",d.wp.receiveEmbedMessage,!1),l.addEventListener(\"DOMContentLoaded\",function(){for(var e,t,s=l.querySelectorAll(\"iframe.wp-embedded-content\"),r=0;r<s.length;r++)(t=(e=s[r]).getAttribute(\"data-secret\"))||(t=Math.random().toString(36).substring(2,12),e.src+=\"#?secret=\"+t,e.setAttribute(\"data-secret\",t)),e.contentWindow.postMessage({message:\"ready\",secret:t},\"*\")},!1)))}(window,document);\n\/\/# sourceURL=https:\/\/lietuve.lt\/wp-includes\/js\/wp-embed.min.js\n\/* ]]> *\/\n<\/script>\n","thumbnail_url":"https:\/\/lietuve.lt\/wp-content\/uploads\/2015\/03\/146.jpg","thumbnail_width":640,"thumbnail_height":428,"description":"Lietuvos nepriklausomyb\u0117s atk\u016brimo 25-osioms metin\u0117ms skirti \u0161ventiniai renginiai nuvilnijo ir u\u017esienio \u0161alyse \u2013 \u012f koncertus, parodas, konferencijas, film\u0173 seansus tautie\u010dius kviet\u0117 Lietuvos diplomatin\u0117s atstovyb\u0117s Arm\u0117nijoje, Austrijoje, \u010cekijoje, Estijoje, Gruzijoje, Indijoje, Japonijoje, Jungtin\u0117se Amerikos Valstijose, Jungtin\u0117je Karalyst\u0117je, Kinijoje, Kroatijoje, Latvijoje, Lenkijoje, Liuksemburge, Moldovoje, Pranc\u016bzijoje, Rusijoje, \u0160vedijoje, Turkijoje, Ukrainoje ir Vengrijoje. Kovo 11 dien\u0105 Lietuvos ambasados Arm\u0117nijoje"}