{"version":"1.0","provider_name":"\u017durnalas Lietuv\u0117","provider_url":"https:\/\/lietuve.lt","title":"\u201eKra\u0161tie\u010di\u0173 galerijoje\u201c \u2013 \u017eymiausi tel\u0161i\u0161kiai - \u017durnalas Lietuv\u0117","type":"rich","width":600,"height":338,"html":"<blockquote class=\"wp-embedded-content\" data-secret=\"ezE4USAwbl\"><a href=\"https:\/\/lietuve.lt\/krastieciu-galerijoje-zymiausi-telsiskiai\/\">\u201eKra\u0161tie\u010di\u0173 galerijoje\u201c \u2013 \u017eymiausi tel\u0161i\u0161kiai<\/a><\/blockquote><iframe sandbox=\"allow-scripts\" security=\"restricted\" src=\"https:\/\/lietuve.lt\/krastieciu-galerijoje-zymiausi-telsiskiai\/embed\/#?secret=ezE4USAwbl\" width=\"600\" height=\"338\" title=\"&#8220;\u201eKra\u0161tie\u010di\u0173 galerijoje\u201c \u2013 \u017eymiausi tel\u0161i\u0161kiai&#8221; &#8212; \u017durnalas Lietuv\u0117\" data-secret=\"ezE4USAwbl\" frameborder=\"0\" marginwidth=\"0\" marginheight=\"0\" scrolling=\"no\" class=\"wp-embedded-content\"><\/iframe><script type=\"text\/javascript\">\n\/* <![CDATA[ *\/\n\/*! This file is auto-generated *\/\n!function(d,l){\"use strict\";l.querySelector&&d.addEventListener&&\"undefined\"!=typeof URL&&(d.wp=d.wp||{},d.wp.receiveEmbedMessage||(d.wp.receiveEmbedMessage=function(e){var t=e.data;if((t||t.secret||t.message||t.value)&&!\/[^a-zA-Z0-9]\/.test(t.secret)){for(var s,r,n,a=l.querySelectorAll('iframe[data-secret=\"'+t.secret+'\"]'),o=l.querySelectorAll('blockquote[data-secret=\"'+t.secret+'\"]'),c=new RegExp(\"^https?:$\",\"i\"),i=0;i<o.length;i++)o[i].style.display=\"none\";for(i=0;i<a.length;i++)s=a[i],e.source===s.contentWindow&&(s.removeAttribute(\"style\"),\"height\"===t.message?(1e3<(r=parseInt(t.value,10))?r=1e3:~~r<200&&(r=200),s.height=r):\"link\"===t.message&&(r=new URL(s.getAttribute(\"src\")),n=new URL(t.value),c.test(n.protocol))&&n.host===r.host&&l.activeElement===s&&(d.top.location.href=t.value))}},d.addEventListener(\"message\",d.wp.receiveEmbedMessage,!1),l.addEventListener(\"DOMContentLoaded\",function(){for(var e,t,s=l.querySelectorAll(\"iframe.wp-embedded-content\"),r=0;r<s.length;r++)(t=(e=s[r]).getAttribute(\"data-secret\"))||(t=Math.random().toString(36).substring(2,12),e.src+=\"#?secret=\"+t,e.setAttribute(\"data-secret\",t)),e.contentWindow.postMessage({message:\"ready\",secret:t},\"*\")},!1)))}(window,document);\n\/\/# sourceURL=https:\/\/lietuve.lt\/wp-includes\/js\/wp-embed.min.js\n\/* ]]> *\/\n<\/script>\n","description":"Tel\u0161i\u0173 Karolinos Praniauskait\u0117s vie\u0161ojoje bibliotekoje pristatyta \u201eKra\u0161tie\u010di\u0173 galerija\u201c. Tai ypa\u010d unikalus, gili\u0105 ir svarbi\u0105 istorin\u0119 mint\u012f turintis projektas, kurio sumanytoja Bibliografinio aptarnavimo skyriaus ved\u0117ja Julita \u0160v\u0117g\u017edavi\u010dien\u0117. \u012e kra\u0161tie\u010di\u0173 \u2013 i\u0161kili\u0173 asmenybi\u0173 \u2013 skaitmenini\u0173 portret\u0173 pristatym\u0105 susirinko gausus b\u016brys \u017ei\u016brov\u0173, i\u0161 anksto pasveikino Tel\u0161i\u0173 rajono savivaldyb\u0117s meras Petras Kuizinas, renginyje pad\u0117kos ra\u0161tus asmenims u\u017e kra\u0161tie\u010di\u0173 atminimo"}