{"version":"1.0","provider_name":"\u017durnalas Lietuv\u0117","provider_url":"https:\/\/lietuve.lt","title":"Kra\u017ei\u0173 festivalis kvie\u010dia \u012f Valstyb\u0117s dienos renginius - \u017durnalas Lietuv\u0117","type":"rich","width":600,"height":338,"html":"<blockquote class=\"wp-embedded-content\" data-secret=\"3KQxSxuPys\"><a href=\"https:\/\/lietuve.lt\/kraziu-festivalis-kviecia-i-valstybes-dienos-renginius\/\">Kra\u017ei\u0173 festivalis kvie\u010dia \u012f Valstyb\u0117s dienos renginius<\/a><\/blockquote><iframe sandbox=\"allow-scripts\" security=\"restricted\" src=\"https:\/\/lietuve.lt\/kraziu-festivalis-kviecia-i-valstybes-dienos-renginius\/embed\/#?secret=3KQxSxuPys\" width=\"600\" height=\"338\" title=\"&#8220;Kra\u017ei\u0173 festivalis kvie\u010dia \u012f Valstyb\u0117s dienos renginius&#8221; &#8212; \u017durnalas Lietuv\u0117\" data-secret=\"3KQxSxuPys\" frameborder=\"0\" marginwidth=\"0\" marginheight=\"0\" scrolling=\"no\" class=\"wp-embedded-content\"><\/iframe><script type=\"text\/javascript\">\n\/* <![CDATA[ *\/\n\/*! This file is auto-generated *\/\n!function(d,l){\"use strict\";l.querySelector&&d.addEventListener&&\"undefined\"!=typeof URL&&(d.wp=d.wp||{},d.wp.receiveEmbedMessage||(d.wp.receiveEmbedMessage=function(e){var t=e.data;if((t||t.secret||t.message||t.value)&&!\/[^a-zA-Z0-9]\/.test(t.secret)){for(var s,r,n,a=l.querySelectorAll('iframe[data-secret=\"'+t.secret+'\"]'),o=l.querySelectorAll('blockquote[data-secret=\"'+t.secret+'\"]'),c=new RegExp(\"^https?:$\",\"i\"),i=0;i<o.length;i++)o[i].style.display=\"none\";for(i=0;i<a.length;i++)s=a[i],e.source===s.contentWindow&&(s.removeAttribute(\"style\"),\"height\"===t.message?(1e3<(r=parseInt(t.value,10))?r=1e3:~~r<200&&(r=200),s.height=r):\"link\"===t.message&&(r=new URL(s.getAttribute(\"src\")),n=new URL(t.value),c.test(n.protocol))&&n.host===r.host&&l.activeElement===s&&(d.top.location.href=t.value))}},d.addEventListener(\"message\",d.wp.receiveEmbedMessage,!1),l.addEventListener(\"DOMContentLoaded\",function(){for(var e,t,s=l.querySelectorAll(\"iframe.wp-embedded-content\"),r=0;r<s.length;r++)(t=(e=s[r]).getAttribute(\"data-secret\"))||(t=Math.random().toString(36).substring(2,12),e.src+=\"#?secret=\"+t,e.setAttribute(\"data-secret\",t)),e.contentWindow.postMessage({message:\"ready\",secret:t},\"*\")},!1)))}(window,document);\n\/\/# sourceURL=https:\/\/lietuve.lt\/wp-includes\/js\/wp-embed.min.js\n\/* ]]> *\/\n<\/script>\n","thumbnail_url":"https:\/\/lietuve.lt\/wp-content\/uploads\/2017\/07\/1-14.jpg","thumbnail_width":724,"thumbnail_height":496,"description":"\u0160. m. liepos 6 dien\u0105 Kra\u017ei\u0173 festivalis 19.00 val. aik\u0161t\u0117je prie buvusios Kra\u017ei\u0173 kolegijos prasid\u0117s vaik\u0173 ir jaunimo akcija \u201ePie\u0161iu Lietuv\u0105&#8230;\u201c. 19.30 val. Kra\u017ei\u0173 M. K. Sarbievijaus kult\u016bros centro muziejuje bus atidaryta Vilniaus universiteto Ret\u0173 spaudini\u0173 ir Rankra\u0161\u010di\u0173 skyri\u0173 parengta paroda \u201eKra\u017ei\u0173 gimnazija 1817\u20131844 m.\u201c. Parodoje gal\u0117site i\u0161vysti Kra\u017ei\u0173 gimnazijos vie\u0161o egzaminavimo tvarkara\u0161t\u012f, Dionizo Po\u0161kos"}