{"version":"1.0","provider_name":"\u017durnalas Lietuv\u0117","provider_url":"https:\/\/lietuve.lt","title":"Kroatijoje pristatyta lietuvi\u0161k\u0173 skoni\u0173 ir gars\u0173 derm\u0117 - \u017durnalas Lietuv\u0117","type":"rich","width":600,"height":338,"html":"<blockquote class=\"wp-embedded-content\" data-secret=\"2Q6aKpvQsf\"><a href=\"https:\/\/lietuve.lt\/kroatijoje-pristatyta-lietuvisku-skoniu-ir-garsu-derme\/\">Kroatijoje pristatyta lietuvi\u0161k\u0173 skoni\u0173 ir gars\u0173 derm\u0117<\/a><\/blockquote><iframe sandbox=\"allow-scripts\" security=\"restricted\" src=\"https:\/\/lietuve.lt\/kroatijoje-pristatyta-lietuvisku-skoniu-ir-garsu-derme\/embed\/#?secret=2Q6aKpvQsf\" width=\"600\" height=\"338\" title=\"&#8220;Kroatijoje pristatyta lietuvi\u0161k\u0173 skoni\u0173 ir gars\u0173 derm\u0117&#8221; &#8212; \u017durnalas Lietuv\u0117\" data-secret=\"2Q6aKpvQsf\" frameborder=\"0\" marginwidth=\"0\" marginheight=\"0\" scrolling=\"no\" class=\"wp-embedded-content\"><\/iframe><script type=\"text\/javascript\">\n\/* <![CDATA[ *\/\n\/*! This file is auto-generated *\/\n!function(d,l){\"use strict\";l.querySelector&&d.addEventListener&&\"undefined\"!=typeof URL&&(d.wp=d.wp||{},d.wp.receiveEmbedMessage||(d.wp.receiveEmbedMessage=function(e){var t=e.data;if((t||t.secret||t.message||t.value)&&!\/[^a-zA-Z0-9]\/.test(t.secret)){for(var s,r,n,a=l.querySelectorAll('iframe[data-secret=\"'+t.secret+'\"]'),o=l.querySelectorAll('blockquote[data-secret=\"'+t.secret+'\"]'),c=new RegExp(\"^https?:$\",\"i\"),i=0;i<o.length;i++)o[i].style.display=\"none\";for(i=0;i<a.length;i++)s=a[i],e.source===s.contentWindow&&(s.removeAttribute(\"style\"),\"height\"===t.message?(1e3<(r=parseInt(t.value,10))?r=1e3:~~r<200&&(r=200),s.height=r):\"link\"===t.message&&(r=new URL(s.getAttribute(\"src\")),n=new URL(t.value),c.test(n.protocol))&&n.host===r.host&&l.activeElement===s&&(d.top.location.href=t.value))}},d.addEventListener(\"message\",d.wp.receiveEmbedMessage,!1),l.addEventListener(\"DOMContentLoaded\",function(){for(var e,t,s=l.querySelectorAll(\"iframe.wp-embedded-content\"),r=0;r<s.length;r++)(t=(e=s[r]).getAttribute(\"data-secret\"))||(t=Math.random().toString(36).substring(2,12),e.src+=\"#?secret=\"+t,e.setAttribute(\"data-secret\",t)),e.contentWindow.postMessage({message:\"ready\",secret:t},\"*\")},!1)))}(window,document);\n\/\/# sourceURL=https:\/\/lietuve.lt\/wp-includes\/js\/wp-embed.min.js\n\/* ]]> *\/\n<\/script>\n","description":"Gegu\u017e\u0117s 9 d. Kroatijos sostin\u0117je Zagrebe vyko Europos Komisijos atstovyb\u0117s organizuotas Europos dienos min\u0117jimas. Renginyje jau tre\u010di\u0105 kart\u0105 dalyvavo ir Lietuvos ambasados Austrijoje Zagrebo skyrius. \u0160iemet Europos mug\u0117je did\u017eiausias d\u0117mesys buvo skiriamas ES \u0161ali\u0173 virtuv\u0117ms ir muzikai. Lietuvos stend\u0105 aplank\u0119 sve\u010diai ragavo ne tik Kroatijoje gerai pa\u017e\u012fstamo kietojo s\u016brio \u201eD\u017eiugas\u201c, bet ir lietuvi\u0161ko medaus, \u0161okoladini\u0173"}