{"version":"1.0","provider_name":"\u017durnalas Lietuv\u0117","provider_url":"https:\/\/lietuve.lt","title":"L. Linkevi\u010dius JAV lietuvi\u0173 bendruomenei: \u201eTurime veikti vieningai\u201c - \u017durnalas Lietuv\u0117","type":"rich","width":600,"height":338,"html":"<blockquote class=\"wp-embedded-content\" data-secret=\"6sYhn8bBit\"><a href=\"https:\/\/lietuve.lt\/l-linkevicius-jav-lietuviu-bendruomenei-turime-veikti-vieningai\/\">L. Linkevi\u010dius JAV lietuvi\u0173 bendruomenei: \u201eTurime veikti vieningai\u201c<\/a><\/blockquote><iframe sandbox=\"allow-scripts\" security=\"restricted\" src=\"https:\/\/lietuve.lt\/l-linkevicius-jav-lietuviu-bendruomenei-turime-veikti-vieningai\/embed\/#?secret=6sYhn8bBit\" width=\"600\" height=\"338\" title=\"&#8220;L. Linkevi\u010dius JAV lietuvi\u0173 bendruomenei: \u201eTurime veikti vieningai\u201c&#8221; &#8212; \u017durnalas Lietuv\u0117\" data-secret=\"6sYhn8bBit\" frameborder=\"0\" marginwidth=\"0\" marginheight=\"0\" scrolling=\"no\" class=\"wp-embedded-content\"><\/iframe><script type=\"text\/javascript\">\n\/* <![CDATA[ *\/\n\/*! This file is auto-generated *\/\n!function(d,l){\"use strict\";l.querySelector&&d.addEventListener&&\"undefined\"!=typeof URL&&(d.wp=d.wp||{},d.wp.receiveEmbedMessage||(d.wp.receiveEmbedMessage=function(e){var t=e.data;if((t||t.secret||t.message||t.value)&&!\/[^a-zA-Z0-9]\/.test(t.secret)){for(var s,r,n,a=l.querySelectorAll('iframe[data-secret=\"'+t.secret+'\"]'),o=l.querySelectorAll('blockquote[data-secret=\"'+t.secret+'\"]'),c=new RegExp(\"^https?:$\",\"i\"),i=0;i<o.length;i++)o[i].style.display=\"none\";for(i=0;i<a.length;i++)s=a[i],e.source===s.contentWindow&&(s.removeAttribute(\"style\"),\"height\"===t.message?(1e3<(r=parseInt(t.value,10))?r=1e3:~~r<200&&(r=200),s.height=r):\"link\"===t.message&&(r=new URL(s.getAttribute(\"src\")),n=new URL(t.value),c.test(n.protocol))&&n.host===r.host&&l.activeElement===s&&(d.top.location.href=t.value))}},d.addEventListener(\"message\",d.wp.receiveEmbedMessage,!1),l.addEventListener(\"DOMContentLoaded\",function(){for(var e,t,s=l.querySelectorAll(\"iframe.wp-embedded-content\"),r=0;r<s.length;r++)(t=(e=s[r]).getAttribute(\"data-secret\"))||(t=Math.random().toString(36).substring(2,12),e.src+=\"#?secret=\"+t,e.setAttribute(\"data-secret\",t)),e.contentWindow.postMessage({message:\"ready\",secret:t},\"*\")},!1)))}(window,document);\n\/\/# sourceURL=https:\/\/lietuve.lt\/wp-includes\/js\/wp-embed.min.js\n\/* ]]> *\/\n<\/script>\n","thumbnail_url":"https:\/\/lietuve.lt\/wp-content\/uploads\/2015\/09\/70663_0bcc0096de88e1864c7878fedbe87983.jpg","thumbnail_width":1020,"thumbnail_height":524,"description":"Rugs\u0117jo 25\u201326 d. Lietuvos u\u017esienio reikal\u0173 ministras Linas Linkevi\u010dius lank\u0117si Klivlande ir dalyvavo JAV lietuvi\u0173 bendruomen\u0117s XXI Tarybos sesijoje. \u201eArt\u0117ja Lietuvos valstyb\u0117s atk\u016brimo \u0161imtmetis. Tai dar viena proga visam pasauliui pristatyti Lietuv\u0105 \u2013 moderni\u0105, inovatyvi\u0105 ir kurian\u010di\u0105 valstyb\u0119. Globali\u0105 Lietuv\u0105, kurios dalis esate ir J\u016bs. Negalime skirstytis \u012f ateivius ir i\u0161eivius. Turime veikti vieningai, mok\u0117ti"}