{"version":"1.0","provider_name":"\u017durnalas Lietuv\u0117","provider_url":"https:\/\/lietuve.lt","title":"Liepos 6-oji Estijoje, Ispanijoje, Lenkijoje ir Jungtin\u0117je Karalyst\u0117je - \u017durnalas Lietuv\u0117","type":"rich","width":600,"height":338,"html":"<blockquote class=\"wp-embedded-content\" data-secret=\"msE3DfF9K5\"><a href=\"https:\/\/lietuve.lt\/liepos-6-oji-estijoje-ispanijoje-lenkijoje-ir-jungtineje-karalysteje\/\">Liepos 6-oji Estijoje, Ispanijoje, Lenkijoje ir Jungtin\u0117je Karalyst\u0117je<\/a><\/blockquote><iframe sandbox=\"allow-scripts\" security=\"restricted\" src=\"https:\/\/lietuve.lt\/liepos-6-oji-estijoje-ispanijoje-lenkijoje-ir-jungtineje-karalysteje\/embed\/#?secret=msE3DfF9K5\" width=\"600\" height=\"338\" title=\"&#8220;Liepos 6-oji Estijoje, Ispanijoje, Lenkijoje ir Jungtin\u0117je Karalyst\u0117je&#8221; &#8212; \u017durnalas Lietuv\u0117\" data-secret=\"msE3DfF9K5\" frameborder=\"0\" marginwidth=\"0\" marginheight=\"0\" scrolling=\"no\" class=\"wp-embedded-content\"><\/iframe><script type=\"text\/javascript\">\n\/* <![CDATA[ *\/\n\/*! This file is auto-generated *\/\n!function(d,l){\"use strict\";l.querySelector&&d.addEventListener&&\"undefined\"!=typeof URL&&(d.wp=d.wp||{},d.wp.receiveEmbedMessage||(d.wp.receiveEmbedMessage=function(e){var t=e.data;if((t||t.secret||t.message||t.value)&&!\/[^a-zA-Z0-9]\/.test(t.secret)){for(var s,r,n,a=l.querySelectorAll('iframe[data-secret=\"'+t.secret+'\"]'),o=l.querySelectorAll('blockquote[data-secret=\"'+t.secret+'\"]'),c=new RegExp(\"^https?:$\",\"i\"),i=0;i<o.length;i++)o[i].style.display=\"none\";for(i=0;i<a.length;i++)s=a[i],e.source===s.contentWindow&&(s.removeAttribute(\"style\"),\"height\"===t.message?(1e3<(r=parseInt(t.value,10))?r=1e3:~~r<200&&(r=200),s.height=r):\"link\"===t.message&&(r=new URL(s.getAttribute(\"src\")),n=new URL(t.value),c.test(n.protocol))&&n.host===r.host&&l.activeElement===s&&(d.top.location.href=t.value))}},d.addEventListener(\"message\",d.wp.receiveEmbedMessage,!1),l.addEventListener(\"DOMContentLoaded\",function(){for(var e,t,s=l.querySelectorAll(\"iframe.wp-embedded-content\"),r=0;r<s.length;r++)(t=(e=s[r]).getAttribute(\"data-secret\"))||(t=Math.random().toString(36).substring(2,12),e.src+=\"#?secret=\"+t,e.setAttribute(\"data-secret\",t)),e.contentWindow.postMessage({message:\"ready\",secret:t},\"*\")},!1)))}(window,document);\n\/\/# sourceURL=https:\/\/lietuve.lt\/wp-includes\/js\/wp-embed.min.js\n\/* ]]> *\/\n<\/script>\n","thumbnail_url":"https:\/\/lietuve.lt\/wp-content\/uploads\/2015\/07\/Estija.jpg","thumbnail_width":1024,"thumbnail_height":768,"description":"Valstyb\u0117s (Lietuvos karaliaus Mindaugo kar\u016bnavimo) diena, kaip jau visiems puikiai \u017einoma, lietuvi\u0173 minima ne tik Lietuvoje, bet ir visame pasaulyje. Svarbiausias \u0161ios dienos akcentas \u2013 tautie\u010dius i\u0161 skirting\u0173 \u0161ali\u0173 sujungiantis himno giedojimas. \u0160iemet prie septintus metus vykdomos akcijos prisijung\u0117 daugiau nei 500 bendruomeni\u0173 i\u0161 Lietuvos. \u201eTauti\u0161ka giesm\u0117\u201c skamb\u0117jo ir ma\u017edaug 100 kit\u0173 pasaulio viet\u0173: nuo"}