{"version":"1.0","provider_name":"\u017durnalas Lietuv\u0117","provider_url":"https:\/\/lietuve.lt","title":"Lietuva dalijasi europini\u0173 reform\u0173 \u012fgyvendinimo patirtimi su Ukraina - \u017durnalas Lietuv\u0117","type":"rich","width":600,"height":338,"html":"<blockquote class=\"wp-embedded-content\" data-secret=\"hhsjk68Wda\"><a href=\"https:\/\/lietuve.lt\/lietuva-dalijasi-europiniu-reformu-igyvendinimo-patirtimi-su-ukraina\/\">Lietuva dalijasi europini\u0173 reform\u0173 \u012fgyvendinimo patirtimi su Ukraina<\/a><\/blockquote><iframe sandbox=\"allow-scripts\" security=\"restricted\" src=\"https:\/\/lietuve.lt\/lietuva-dalijasi-europiniu-reformu-igyvendinimo-patirtimi-su-ukraina\/embed\/#?secret=hhsjk68Wda\" width=\"600\" height=\"338\" title=\"&#8220;Lietuva dalijasi europini\u0173 reform\u0173 \u012fgyvendinimo patirtimi su Ukraina&#8221; &#8212; \u017durnalas Lietuv\u0117\" data-secret=\"hhsjk68Wda\" frameborder=\"0\" marginwidth=\"0\" marginheight=\"0\" scrolling=\"no\" class=\"wp-embedded-content\"><\/iframe><script type=\"text\/javascript\">\n\/* <![CDATA[ *\/\n\/*! This file is auto-generated *\/\n!function(d,l){\"use strict\";l.querySelector&&d.addEventListener&&\"undefined\"!=typeof URL&&(d.wp=d.wp||{},d.wp.receiveEmbedMessage||(d.wp.receiveEmbedMessage=function(e){var t=e.data;if((t||t.secret||t.message||t.value)&&!\/[^a-zA-Z0-9]\/.test(t.secret)){for(var s,r,n,a=l.querySelectorAll('iframe[data-secret=\"'+t.secret+'\"]'),o=l.querySelectorAll('blockquote[data-secret=\"'+t.secret+'\"]'),c=new RegExp(\"^https?:$\",\"i\"),i=0;i<o.length;i++)o[i].style.display=\"none\";for(i=0;i<a.length;i++)s=a[i],e.source===s.contentWindow&&(s.removeAttribute(\"style\"),\"height\"===t.message?(1e3<(r=parseInt(t.value,10))?r=1e3:~~r<200&&(r=200),s.height=r):\"link\"===t.message&&(r=new URL(s.getAttribute(\"src\")),n=new URL(t.value),c.test(n.protocol))&&n.host===r.host&&l.activeElement===s&&(d.top.location.href=t.value))}},d.addEventListener(\"message\",d.wp.receiveEmbedMessage,!1),l.addEventListener(\"DOMContentLoaded\",function(){for(var e,t,s=l.querySelectorAll(\"iframe.wp-embedded-content\"),r=0;r<s.length;r++)(t=(e=s[r]).getAttribute(\"data-secret\"))||(t=Math.random().toString(36).substring(2,12),e.src+=\"#?secret=\"+t,e.setAttribute(\"data-secret\",t)),e.contentWindow.postMessage({message:\"ready\",secret:t},\"*\")},!1)))}(window,document);\n\/\/# sourceURL=https:\/\/lietuve.lt\/wp-includes\/js\/wp-embed.min.js\n\/* ]]> *\/\n<\/script>\n","thumbnail_url":"https:\/\/lietuve.lt\/wp-content\/uploads\/2015\/02\/crop_510x410_d1_dsc_94051-e1423146051788.jpg","thumbnail_width":508,"thumbnail_height":270,"description":"Lietuvos Respublikos Prezident\u0117 Dalia Grybauskait\u0117 ketvirtadien\u012f susitiko su Ukrainos vyriausyb\u0117s atstov\u0173, atsaking\u0173 u\u017e eurointegracijos proces\u0173 \u012fgyvendinim\u0105, delegacija. Susitikime aptartos Ukrainos \u017emoni\u0173 gerovei svarbios reformos, pasidalyta Lietuvos eurointegracijos patirtimi. Tai pirmasis tokios apimties Ukrainos vyriausyb\u0117s atstov\u0173, viceministr\u0173 ir auk\u0161t\u0173 pareig\u016bn\u0173 vizitas Lietuvoje, kurio tikslas \u2013 i\u0161 arti susipa\u017einti su m\u016bs\u0173 \u0161alies patirtimi \u012fgyvendinant europines reformas. Valstyb\u0117s"}