{"version":"1.0","provider_name":"\u017durnalas Lietuv\u0117","provider_url":"https:\/\/lietuve.lt","title":"Lietuva pagal priimt\u0173 Ukrainos pab\u0117g\u0117li\u0173 skai\u010di\u0173 \u2013 tre\u010dia Europoje - \u017durnalas Lietuv\u0117","type":"rich","width":600,"height":338,"html":"<blockquote class=\"wp-embedded-content\" data-secret=\"7EOVJfZiEL\"><a href=\"https:\/\/lietuve.lt\/lietuva-pagal-priimtu-ukrainos-pabegeliu-skaiciu-trecia-europoje\/\">Lietuva pagal priimt\u0173 Ukrainos pab\u0117g\u0117li\u0173 skai\u010di\u0173 \u2013 tre\u010dia Europoje<\/a><\/blockquote><iframe sandbox=\"allow-scripts\" security=\"restricted\" src=\"https:\/\/lietuve.lt\/lietuva-pagal-priimtu-ukrainos-pabegeliu-skaiciu-trecia-europoje\/embed\/#?secret=7EOVJfZiEL\" width=\"600\" height=\"338\" title=\"&#8220;Lietuva pagal priimt\u0173 Ukrainos pab\u0117g\u0117li\u0173 skai\u010di\u0173 \u2013 tre\u010dia Europoje&#8221; &#8212; \u017durnalas Lietuv\u0117\" data-secret=\"7EOVJfZiEL\" frameborder=\"0\" marginwidth=\"0\" marginheight=\"0\" scrolling=\"no\" class=\"wp-embedded-content\"><\/iframe><script type=\"text\/javascript\">\n\/* <![CDATA[ *\/\n\/*! This file is auto-generated *\/\n!function(d,l){\"use strict\";l.querySelector&&d.addEventListener&&\"undefined\"!=typeof URL&&(d.wp=d.wp||{},d.wp.receiveEmbedMessage||(d.wp.receiveEmbedMessage=function(e){var t=e.data;if((t||t.secret||t.message||t.value)&&!\/[^a-zA-Z0-9]\/.test(t.secret)){for(var s,r,n,a=l.querySelectorAll('iframe[data-secret=\"'+t.secret+'\"]'),o=l.querySelectorAll('blockquote[data-secret=\"'+t.secret+'\"]'),c=new RegExp(\"^https?:$\",\"i\"),i=0;i<o.length;i++)o[i].style.display=\"none\";for(i=0;i<a.length;i++)s=a[i],e.source===s.contentWindow&&(s.removeAttribute(\"style\"),\"height\"===t.message?(1e3<(r=parseInt(t.value,10))?r=1e3:~~r<200&&(r=200),s.height=r):\"link\"===t.message&&(r=new URL(s.getAttribute(\"src\")),n=new URL(t.value),c.test(n.protocol))&&n.host===r.host&&l.activeElement===s&&(d.top.location.href=t.value))}},d.addEventListener(\"message\",d.wp.receiveEmbedMessage,!1),l.addEventListener(\"DOMContentLoaded\",function(){for(var e,t,s=l.querySelectorAll(\"iframe.wp-embedded-content\"),r=0;r<s.length;r++)(t=(e=s[r]).getAttribute(\"data-secret\"))||(t=Math.random().toString(36).substring(2,12),e.src+=\"#?secret=\"+t,e.setAttribute(\"data-secret\",t)),e.contentWindow.postMessage({message:\"ready\",secret:t},\"*\")},!1)))}(window,document);\n\/\/# sourceURL=https:\/\/lietuve.lt\/wp-includes\/js\/wp-embed.min.js\n\/* ]]> *\/\n<\/script>\n","thumbnail_url":"https:\/\/lietuve.lt\/wp-content\/uploads\/2022\/04\/1-13.jpg","thumbnail_width":800,"thumbnail_height":535,"description":"Lietuvoje u\u017eregistruota 47 913 Ukrainos pab\u0117g\u0117li\u0173, jiems suteikta laikinoji apsauga. Europos S\u0105jungos tyrim\u0173 iniciatyvos \u201eBlueprint\u201c duomenimis, tai sudaro 1,7 proc. \u0161alies gyventoj\u0173 \u2013 pagal \u0161\u012f skai\u010di\u0173 Lietuva Europoje u\u017eima tre\u010di\u0105 viet\u0105 po Lenkijos ir \u010cekijos. Europos S\u0105jungos vidurk\u012f \u2013 0,5 proc. nuo vis\u0173 gyventoj\u0173 skai\u010diaus \u2013 Lietuva vir\u0161ija 3,4 karto. \u201eLietuva parod\u0117, kad net ir"}