{"version":"1.0","provider_name":"\u017durnalas Lietuv\u0117","provider_url":"https:\/\/lietuve.lt","title":"Lietuvi\u0161ki kal\u0117diniai vakarai Berlyne ir Strasb\u016bre - \u017durnalas Lietuv\u0117","type":"rich","width":600,"height":338,"html":"<blockquote class=\"wp-embedded-content\" data-secret=\"EigvzlRqQk\"><a href=\"https:\/\/lietuve.lt\/lietuviski-kalediniai-vakarai-berlyne-ir-strasbure\/\">Lietuvi\u0161ki kal\u0117diniai vakarai Berlyne ir Strasb\u016bre<\/a><\/blockquote><iframe sandbox=\"allow-scripts\" security=\"restricted\" src=\"https:\/\/lietuve.lt\/lietuviski-kalediniai-vakarai-berlyne-ir-strasbure\/embed\/#?secret=EigvzlRqQk\" width=\"600\" height=\"338\" title=\"&#8220;Lietuvi\u0161ki kal\u0117diniai vakarai Berlyne ir Strasb\u016bre&#8221; &#8212; \u017durnalas Lietuv\u0117\" data-secret=\"EigvzlRqQk\" frameborder=\"0\" marginwidth=\"0\" marginheight=\"0\" scrolling=\"no\" class=\"wp-embedded-content\"><\/iframe><script type=\"text\/javascript\">\n\/* <![CDATA[ *\/\n\/*! This file is auto-generated *\/\n!function(d,l){\"use strict\";l.querySelector&&d.addEventListener&&\"undefined\"!=typeof URL&&(d.wp=d.wp||{},d.wp.receiveEmbedMessage||(d.wp.receiveEmbedMessage=function(e){var t=e.data;if((t||t.secret||t.message||t.value)&&!\/[^a-zA-Z0-9]\/.test(t.secret)){for(var s,r,n,a=l.querySelectorAll('iframe[data-secret=\"'+t.secret+'\"]'),o=l.querySelectorAll('blockquote[data-secret=\"'+t.secret+'\"]'),c=new RegExp(\"^https?:$\",\"i\"),i=0;i<o.length;i++)o[i].style.display=\"none\";for(i=0;i<a.length;i++)s=a[i],e.source===s.contentWindow&&(s.removeAttribute(\"style\"),\"height\"===t.message?(1e3<(r=parseInt(t.value,10))?r=1e3:~~r<200&&(r=200),s.height=r):\"link\"===t.message&&(r=new URL(s.getAttribute(\"src\")),n=new URL(t.value),c.test(n.protocol))&&n.host===r.host&&l.activeElement===s&&(d.top.location.href=t.value))}},d.addEventListener(\"message\",d.wp.receiveEmbedMessage,!1),l.addEventListener(\"DOMContentLoaded\",function(){for(var e,t,s=l.querySelectorAll(\"iframe.wp-embedded-content\"),r=0;r<s.length;r++)(t=(e=s[r]).getAttribute(\"data-secret\"))||(t=Math.random().toString(36).substring(2,12),e.src+=\"#?secret=\"+t,e.setAttribute(\"data-secret\",t)),e.contentWindow.postMessage({message:\"ready\",secret:t},\"*\")},!1)))}(window,document);\n\/\/# sourceURL=https:\/\/lietuve.lt\/wp-includes\/js\/wp-embed.min.js\n\/* ]]> *\/\n<\/script>\n","thumbnail_url":"https:\/\/lietuve.lt\/wp-content\/uploads\/2016\/12\/\u0160vent\u0117-Strasb\u016bre.jpg","thumbnail_width":754,"thumbnail_height":403,"description":"Skambant kankl\u0117ms ir smuikui Lietuvos bi\u010diuliai Berlyne gruod\u017eio 12 dien\u0105 susirinko \u012f Advento vakar\u0105, o lietuvi\u0173 bendruomen\u0117s Strasb\u016bre nariai su \u0161eimomis gruod\u017eio 9 dien\u0105 \u012f tradicin\u0119 \u0161vent\u0119 susib\u016br\u0117 Lietuvos nuolatin\u0117s atstovyb\u0117s prie Europos Tarybos patalpose. Lietuvos ambasador\u0117 prie Europos Tarybos Laima Jurevi\u010dien\u0117 pasid\u017eiaug\u0117, kad \u012f \u0161\u012f kal\u0117din\u012f rengin\u012f susirinko gausus lietuvi\u0173 b\u016brys,\u00a0pad\u0117kojo u\u017e aktyvi\u0105 veikl\u0105,"}