{"version":"1.0","provider_name":"\u017durnalas Lietuv\u0117","provider_url":"https:\/\/lietuve.lt","title":"Lietuvi\u0173 mokslinink\u0173 kurtas kaulo pakaitalas sulauk\u0117 pasaulinio pripa\u017einimo - \u017durnalas Lietuv\u0117","type":"rich","width":600,"height":338,"html":"<blockquote class=\"wp-embedded-content\" data-secret=\"5lSQ78EYsz\"><a href=\"https:\/\/lietuve.lt\/lietuviu-mokslininku-kurtas-kaulo-pakaitalas-sulauke-pasaulinio-pripazinimo\/\">Lietuvi\u0173 mokslinink\u0173 kurtas kaulo pakaitalas sulauk\u0117 pasaulinio pripa\u017einimo<\/a><\/blockquote><iframe sandbox=\"allow-scripts\" security=\"restricted\" src=\"https:\/\/lietuve.lt\/lietuviu-mokslininku-kurtas-kaulo-pakaitalas-sulauke-pasaulinio-pripazinimo\/embed\/#?secret=5lSQ78EYsz\" width=\"600\" height=\"338\" title=\"&#8220;Lietuvi\u0173 mokslinink\u0173 kurtas kaulo pakaitalas sulauk\u0117 pasaulinio pripa\u017einimo&#8221; &#8212; \u017durnalas Lietuv\u0117\" data-secret=\"5lSQ78EYsz\" frameborder=\"0\" marginwidth=\"0\" marginheight=\"0\" scrolling=\"no\" class=\"wp-embedded-content\"><\/iframe><script type=\"text\/javascript\">\n\/* <![CDATA[ *\/\n\/*! This file is auto-generated *\/\n!function(d,l){\"use strict\";l.querySelector&&d.addEventListener&&\"undefined\"!=typeof URL&&(d.wp=d.wp||{},d.wp.receiveEmbedMessage||(d.wp.receiveEmbedMessage=function(e){var t=e.data;if((t||t.secret||t.message||t.value)&&!\/[^a-zA-Z0-9]\/.test(t.secret)){for(var s,r,n,a=l.querySelectorAll('iframe[data-secret=\"'+t.secret+'\"]'),o=l.querySelectorAll('blockquote[data-secret=\"'+t.secret+'\"]'),c=new RegExp(\"^https?:$\",\"i\"),i=0;i<o.length;i++)o[i].style.display=\"none\";for(i=0;i<a.length;i++)s=a[i],e.source===s.contentWindow&&(s.removeAttribute(\"style\"),\"height\"===t.message?(1e3<(r=parseInt(t.value,10))?r=1e3:~~r<200&&(r=200),s.height=r):\"link\"===t.message&&(r=new URL(s.getAttribute(\"src\")),n=new URL(t.value),c.test(n.protocol))&&n.host===r.host&&l.activeElement===s&&(d.top.location.href=t.value))}},d.addEventListener(\"message\",d.wp.receiveEmbedMessage,!1),l.addEventListener(\"DOMContentLoaded\",function(){for(var e,t,s=l.querySelectorAll(\"iframe.wp-embedded-content\"),r=0;r<s.length;r++)(t=(e=s[r]).getAttribute(\"data-secret\"))||(t=Math.random().toString(36).substring(2,12),e.src+=\"#?secret=\"+t,e.setAttribute(\"data-secret\",t)),e.contentWindow.postMessage({message:\"ready\",secret:t},\"*\")},!1)))}(window,document);\n\/\/# sourceURL=https:\/\/lietuve.lt\/wp-includes\/js\/wp-embed.min.js\n\/* ]]> *\/\n<\/script>\n","thumbnail_url":"https:\/\/lietuve.lt\/wp-content\/uploads\/2015\/12\/Sintetinis-kaulo-pakaitalas.jpg","thumbnail_width":714,"thumbnail_height":600,"description":"Kauno technologijos universiteto (KTU) mokslininkai \u012fk\u016br\u0117 itin perspektyvi\u0105 biomedicinine \u012fmon\u0119 \u201eBiom\u0117\u201c. Jos darbas \u2013 sintetinio kaulo pakaitalas, naudojamas odontologijoje kaulo audinio regeneracijai \u2013 jau sulauk\u0117 pasaulinio pripa\u017einimo. Tai pirmasis lietuvi\u0161kas i\u0161 celiulioz\u0117s sukurtas kaulo pakaitalas odontologin\u0117ms kaulo atk\u016brimo operacijoms, gav\u0119s pavadinim\u0105 \u201eCell\u2019in\u201c. Ar \u017einote, kad pirm\u0105j\u0105 oficialiai dokumentuot\u0105 kaulo bloko persodinimo operacij\u0105 atliko oland\u0173 chirurgas"}