{"version":"1.0","provider_name":"\u017durnalas Lietuv\u0117","provider_url":"https:\/\/lietuve.lt","title":"Lietuvos atstovyb\u0117se u\u017esienyje pamin\u0117ta Kariuomen\u0117s diena - \u017durnalas Lietuv\u0117","type":"rich","width":600,"height":338,"html":"<blockquote class=\"wp-embedded-content\" data-secret=\"DyPQDXXAmw\"><a href=\"https:\/\/lietuve.lt\/lietuvos-atstovybese-uzsienyje-pamineta-kariuomenes-diena\/\">Lietuvos atstovyb\u0117se u\u017esienyje pamin\u0117ta Kariuomen\u0117s diena<\/a><\/blockquote><iframe sandbox=\"allow-scripts\" security=\"restricted\" src=\"https:\/\/lietuve.lt\/lietuvos-atstovybese-uzsienyje-pamineta-kariuomenes-diena\/embed\/#?secret=DyPQDXXAmw\" width=\"600\" height=\"338\" title=\"&#8220;Lietuvos atstovyb\u0117se u\u017esienyje pamin\u0117ta Kariuomen\u0117s diena&#8221; &#8212; \u017durnalas Lietuv\u0117\" data-secret=\"DyPQDXXAmw\" frameborder=\"0\" marginwidth=\"0\" marginheight=\"0\" scrolling=\"no\" class=\"wp-embedded-content\"><\/iframe><script type=\"text\/javascript\">\n\/* <![CDATA[ *\/\n\/*! This file is auto-generated *\/\n!function(d,l){\"use strict\";l.querySelector&&d.addEventListener&&\"undefined\"!=typeof URL&&(d.wp=d.wp||{},d.wp.receiveEmbedMessage||(d.wp.receiveEmbedMessage=function(e){var t=e.data;if((t||t.secret||t.message||t.value)&&!\/[^a-zA-Z0-9]\/.test(t.secret)){for(var s,r,n,a=l.querySelectorAll('iframe[data-secret=\"'+t.secret+'\"]'),o=l.querySelectorAll('blockquote[data-secret=\"'+t.secret+'\"]'),c=new RegExp(\"^https?:$\",\"i\"),i=0;i<o.length;i++)o[i].style.display=\"none\";for(i=0;i<a.length;i++)s=a[i],e.source===s.contentWindow&&(s.removeAttribute(\"style\"),\"height\"===t.message?(1e3<(r=parseInt(t.value,10))?r=1e3:~~r<200&&(r=200),s.height=r):\"link\"===t.message&&(r=new URL(s.getAttribute(\"src\")),n=new URL(t.value),c.test(n.protocol))&&n.host===r.host&&l.activeElement===s&&(d.top.location.href=t.value))}},d.addEventListener(\"message\",d.wp.receiveEmbedMessage,!1),l.addEventListener(\"DOMContentLoaded\",function(){for(var e,t,s=l.querySelectorAll(\"iframe.wp-embedded-content\"),r=0;r<s.length;r++)(t=(e=s[r]).getAttribute(\"data-secret\"))||(t=Math.random().toString(36).substring(2,12),e.src+=\"#?secret=\"+t,e.setAttribute(\"data-secret\",t)),e.contentWindow.postMessage({message:\"ready\",secret:t},\"*\")},!1)))}(window,document);\n\/\/# sourceURL=https:\/\/lietuve.lt\/wp-includes\/js\/wp-embed.min.js\n\/* ]]> *\/\n<\/script>\n","thumbnail_url":"https:\/\/lietuve.lt\/wp-content\/uploads\/2015\/11\/71778_f13c622c9f3e05e41bb25be2b1c1b05a.jpg","thumbnail_width":847,"thumbnail_height":540,"description":"Kariuomen\u0117s diena ir 97-osios Lietuvos kariuomen\u0117s \u012fk\u016brimo metin\u0117s pamin\u0117tos Lietuvos ambasadose Ukrainoje ir Kazachstane. Lapkri\u010dio 24 dien\u0105 Lietuvos ambasadoje Ukrainoje vykstan\u010diame renginyje dalyvavo u\u017esienio reikal\u0173 viceministras Mantvydas Beke\u0161ius. Jis pasveikino \u012f \u0161vent\u0119 gausiai susirinkusius Ukrainos ir u\u017esienio \u0161ali\u0173 pareig\u016bnus, lietuvius ir Lietuvos draugus bei perdav\u0117 u\u017esienio reikal\u0173 ministro sveikinim\u0105 gynybos ata\u0161\u0117 pareigas Ukrainoje einan\u010diam plk."}