{"version":"1.0","provider_name":"\u017durnalas Lietuv\u0117","provider_url":"https:\/\/lietuve.lt","title":"\u201eLietuvos balso\u201c dalyviai susirungs \u201eEurovizijos\u201c nacionalin\u0117je atrankoje - \u017durnalas Lietuv\u0117","type":"rich","width":600,"height":338,"html":"<blockquote class=\"wp-embedded-content\" data-secret=\"CDCZzWpZLw\"><a href=\"https:\/\/lietuve.lt\/lietuvos-balso-dalyviai-susirungs-eurovizijos-nacionalineje-atrankoje\/\">\u201eLietuvos balso\u201c dalyviai susirungs \u201eEurovizijos\u201c nacionalin\u0117je atrankoje<\/a><\/blockquote><iframe sandbox=\"allow-scripts\" security=\"restricted\" src=\"https:\/\/lietuve.lt\/lietuvos-balso-dalyviai-susirungs-eurovizijos-nacionalineje-atrankoje\/embed\/#?secret=CDCZzWpZLw\" width=\"600\" height=\"338\" title=\"&#8220;\u201eLietuvos balso\u201c dalyviai susirungs \u201eEurovizijos\u201c nacionalin\u0117je atrankoje&#8221; &#8212; \u017durnalas Lietuv\u0117\" data-secret=\"CDCZzWpZLw\" frameborder=\"0\" marginwidth=\"0\" marginheight=\"0\" scrolling=\"no\" class=\"wp-embedded-content\"><\/iframe><script type=\"text\/javascript\">\n\/* <![CDATA[ *\/\n\/*! This file is auto-generated *\/\n!function(d,l){\"use strict\";l.querySelector&&d.addEventListener&&\"undefined\"!=typeof URL&&(d.wp=d.wp||{},d.wp.receiveEmbedMessage||(d.wp.receiveEmbedMessage=function(e){var t=e.data;if((t||t.secret||t.message||t.value)&&!\/[^a-zA-Z0-9]\/.test(t.secret)){for(var s,r,n,a=l.querySelectorAll('iframe[data-secret=\"'+t.secret+'\"]'),o=l.querySelectorAll('blockquote[data-secret=\"'+t.secret+'\"]'),c=new RegExp(\"^https?:$\",\"i\"),i=0;i<o.length;i++)o[i].style.display=\"none\";for(i=0;i<a.length;i++)s=a[i],e.source===s.contentWindow&&(s.removeAttribute(\"style\"),\"height\"===t.message?(1e3<(r=parseInt(t.value,10))?r=1e3:~~r<200&&(r=200),s.height=r):\"link\"===t.message&&(r=new URL(s.getAttribute(\"src\")),n=new URL(t.value),c.test(n.protocol))&&n.host===r.host&&l.activeElement===s&&(d.top.location.href=t.value))}},d.addEventListener(\"message\",d.wp.receiveEmbedMessage,!1),l.addEventListener(\"DOMContentLoaded\",function(){for(var e,t,s=l.querySelectorAll(\"iframe.wp-embedded-content\"),r=0;r<s.length;r++)(t=(e=s[r]).getAttribute(\"data-secret\"))||(t=Math.random().toString(36).substring(2,12),e.src+=\"#?secret=\"+t,e.setAttribute(\"data-secret\",t)),e.contentWindow.postMessage({message:\"ready\",secret:t},\"*\")},!1)))}(window,document);\n\/\/# sourceURL=https:\/\/lietuve.lt\/wp-includes\/js\/wp-embed.min.js\n\/* ]]> *\/\n<\/script>\n","description":"\u0160e\u0161tadien\u012f LRT eteryje \u2013 antrasis \u201eEurovizijos\u201c nacionalin\u0117s atrankos koncertas, kuriame susitiks atlik\u0117jai, jau anks\u010diau konkurav\u0119 kitame muzikiniame projekte. Tarp j\u0173 \u2013 ir \u201eLietuvos balse\u201c sublizg\u0117j\u0119s Valdas Lacko, u\u017e kur\u012f neabejotinai balsuos pamario gyventojai, ir vilniet\u0117 Catrinah, kitados ply\u0161avusi rok\u0105 gatv\u0117je, o v\u0117liau studijavusi kartu su R\u016bta \u0160\u010diogolevaite \u2013 dar viena \u0161iandienine savo var\u017eove. Pademonstravusi i\u0161skirtin\u012f"}