{"version":"1.0","provider_name":"\u017durnalas Lietuv\u0117","provider_url":"https:\/\/lietuve.lt","title":"Lietuvos gimtadieniui Raudondvario dvare \u2013 25 t\u016bkst. g\u0117li\u0173 \u017eied\u0173 - \u017durnalas Lietuv\u0117","type":"rich","width":600,"height":338,"html":"<blockquote class=\"wp-embedded-content\" data-secret=\"iEWYJ4cOV6\"><a href=\"https:\/\/lietuve.lt\/lietuvos-gimtadieniui-raudondvario-dvare-25-tukst-ziedu\/\">Lietuvos gimtadieniui Raudondvario dvare \u2013 25 t\u016bkst. g\u0117li\u0173 \u017eied\u0173<\/a><\/blockquote><iframe sandbox=\"allow-scripts\" security=\"restricted\" src=\"https:\/\/lietuve.lt\/lietuvos-gimtadieniui-raudondvario-dvare-25-tukst-ziedu\/embed\/#?secret=iEWYJ4cOV6\" width=\"600\" height=\"338\" title=\"&#8220;Lietuvos gimtadieniui Raudondvario dvare \u2013 25 t\u016bkst. g\u0117li\u0173 \u017eied\u0173&#8221; &#8212; \u017durnalas Lietuv\u0117\" data-secret=\"iEWYJ4cOV6\" frameborder=\"0\" marginwidth=\"0\" marginheight=\"0\" scrolling=\"no\" class=\"wp-embedded-content\"><\/iframe><script type=\"text\/javascript\">\n\/* <![CDATA[ *\/\n\/*! This file is auto-generated *\/\n!function(d,l){\"use strict\";l.querySelector&&d.addEventListener&&\"undefined\"!=typeof URL&&(d.wp=d.wp||{},d.wp.receiveEmbedMessage||(d.wp.receiveEmbedMessage=function(e){var t=e.data;if((t||t.secret||t.message||t.value)&&!\/[^a-zA-Z0-9]\/.test(t.secret)){for(var s,r,n,a=l.querySelectorAll('iframe[data-secret=\"'+t.secret+'\"]'),o=l.querySelectorAll('blockquote[data-secret=\"'+t.secret+'\"]'),c=new RegExp(\"^https?:$\",\"i\"),i=0;i<o.length;i++)o[i].style.display=\"none\";for(i=0;i<a.length;i++)s=a[i],e.source===s.contentWindow&&(s.removeAttribute(\"style\"),\"height\"===t.message?(1e3<(r=parseInt(t.value,10))?r=1e3:~~r<200&&(r=200),s.height=r):\"link\"===t.message&&(r=new URL(s.getAttribute(\"src\")),n=new URL(t.value),c.test(n.protocol))&&n.host===r.host&&l.activeElement===s&&(d.top.location.href=t.value))}},d.addEventListener(\"message\",d.wp.receiveEmbedMessage,!1),l.addEventListener(\"DOMContentLoaded\",function(){for(var e,t,s=l.querySelectorAll(\"iframe.wp-embedded-content\"),r=0;r<s.length;r++)(t=(e=s[r]).getAttribute(\"data-secret\"))||(t=Math.random().toString(36).substring(2,12),e.src+=\"#?secret=\"+t,e.setAttribute(\"data-secret\",t)),e.contentWindow.postMessage({message:\"ready\",secret:t},\"*\")},!1)))}(window,document);\n\/\/# sourceURL=https:\/\/lietuve.lt\/wp-includes\/js\/wp-embed.min.js\n\/* ]]> *\/\n<\/script>\n","thumbnail_url":"https:\/\/lietuve.lt\/wp-content\/uploads\/2019\/06\/1-52.jpg","thumbnail_width":820,"thumbnail_height":538,"description":"Karaliaus Mindaugo kar\u016bnavimo dien\u0105, liepos 6-\u0105j\u0105, Raudondvario pilies dvar\u0105 papuo\u0161 25 t\u016bkstan\u010diai g\u0117li\u0173 \u017eied\u0173. Jais bus dekoruota did\u017eioji Valstyb\u0117s dienos \u0161vent\u0117s scena, karieta, surenkamas fontanas, i\u0161 \u017eied\u0173 bus kuriamos instaliacijos ir suknel\u0117s bei aksesuarai. \u0160e\u0161i\u0173 \u0161ali\u0173 floristikos dizaino meistrai, susirink\u0119 \u012f tarptautin\u012f rengin\u012f \u201eFlorArt 2019\u201c, \u017eada, kad \u0161ven\u010diantis Lietuvos gimtadien\u012f\u00a0 Raudondvario dvaras tiesiog pra\u017eys. I\u0161"}