{"version":"1.0","provider_name":"\u017durnalas Lietuv\u0117","provider_url":"https:\/\/lietuve.lt","title":"Lietuvos himnas liepos 6-\u0105j\u0105 skamb\u0117s prie Baltojo tilto - \u017durnalas Lietuv\u0117","type":"rich","width":600,"height":338,"html":"<blockquote class=\"wp-embedded-content\" data-secret=\"PG6K0cbvEH\"><a href=\"https:\/\/lietuve.lt\/lietuvos-himnas-liepos-6-aja-skambes-prie-baltojo-tilto\/\">Lietuvos himnas liepos 6-\u0105j\u0105 skamb\u0117s prie Baltojo tilto<\/a><\/blockquote><iframe sandbox=\"allow-scripts\" security=\"restricted\" src=\"https:\/\/lietuve.lt\/lietuvos-himnas-liepos-6-aja-skambes-prie-baltojo-tilto\/embed\/#?secret=PG6K0cbvEH\" width=\"600\" height=\"338\" title=\"&#8220;Lietuvos himnas liepos 6-\u0105j\u0105 skamb\u0117s prie Baltojo tilto&#8221; &#8212; \u017durnalas Lietuv\u0117\" data-secret=\"PG6K0cbvEH\" frameborder=\"0\" marginwidth=\"0\" marginheight=\"0\" scrolling=\"no\" class=\"wp-embedded-content\"><\/iframe><script type=\"text\/javascript\">\n\/* <![CDATA[ *\/\n\/*! This file is auto-generated *\/\n!function(d,l){\"use strict\";l.querySelector&&d.addEventListener&&\"undefined\"!=typeof URL&&(d.wp=d.wp||{},d.wp.receiveEmbedMessage||(d.wp.receiveEmbedMessage=function(e){var t=e.data;if((t||t.secret||t.message||t.value)&&!\/[^a-zA-Z0-9]\/.test(t.secret)){for(var s,r,n,a=l.querySelectorAll('iframe[data-secret=\"'+t.secret+'\"]'),o=l.querySelectorAll('blockquote[data-secret=\"'+t.secret+'\"]'),c=new RegExp(\"^https?:$\",\"i\"),i=0;i<o.length;i++)o[i].style.display=\"none\";for(i=0;i<a.length;i++)s=a[i],e.source===s.contentWindow&&(s.removeAttribute(\"style\"),\"height\"===t.message?(1e3<(r=parseInt(t.value,10))?r=1e3:~~r<200&&(r=200),s.height=r):\"link\"===t.message&&(r=new URL(s.getAttribute(\"src\")),n=new URL(t.value),c.test(n.protocol))&&n.host===r.host&&l.activeElement===s&&(d.top.location.href=t.value))}},d.addEventListener(\"message\",d.wp.receiveEmbedMessage,!1),l.addEventListener(\"DOMContentLoaded\",function(){for(var e,t,s=l.querySelectorAll(\"iframe.wp-embedded-content\"),r=0;r<s.length;r++)(t=(e=s[r]).getAttribute(\"data-secret\"))||(t=Math.random().toString(36).substring(2,12),e.src+=\"#?secret=\"+t,e.setAttribute(\"data-secret\",t)),e.contentWindow.postMessage({message:\"ready\",secret:t},\"*\")},!1)))}(window,document);\n\/\/# sourceURL=https:\/\/lietuve.lt\/wp-includes\/js\/wp-embed.min.js\n\/* ]]> *\/\n<\/script>\n","thumbnail_url":"https:\/\/lietuve.lt\/wp-content\/uploads\/2018\/07\/1-17.jpg","thumbnail_width":800,"thumbnail_height":450,"description":"Liepos 6 d. tradici\u0161kai susivienija viso pasaulio lietuviai ir gieda \u201eTauti\u0161k\u0105 giesm\u0119\u201c. \u0160iemet giedoti Lietuvos himn\u0105 ir \u0161v\u0119sti Valstyb\u0117s dien\u0105 vilnie\u010diai ir sostin\u0117s sve\u010diai rinksis prie Baltojo tilto, kur vyks i\u0161kyla ir specialus koncertas. TV3 televizija tradici\u0161kai transliuos \u0161ventin\u012f rengin\u012f ir primins de\u0161imtmet\u012f trunkan\u010di\u0105 himno giedojimo tradicij\u0105. Valstyb\u0117s dien\u0105 \u0161iemet Vilniaus miesto savivaldyb\u0117 ir TV3"}