{"version":"1.0","provider_name":"\u017durnalas Lietuv\u0117","provider_url":"https:\/\/lietuve.lt","title":"Lietuvos rinktin\u0117je \u2013 rekordinis skai\u010dius kaunie\u010di\u0173 - \u017durnalas Lietuv\u0117","type":"rich","width":600,"height":338,"html":"<blockquote class=\"wp-embedded-content\" data-secret=\"lFoYGArGjx\"><a href=\"https:\/\/lietuve.lt\/lietuvos-rinktineje-rekordinis-skaicius-kaunieciu\/\">Lietuvos rinktin\u0117je \u2013 rekordinis skai\u010dius kaunie\u010di\u0173<\/a><\/blockquote><iframe sandbox=\"allow-scripts\" security=\"restricted\" src=\"https:\/\/lietuve.lt\/lietuvos-rinktineje-rekordinis-skaicius-kaunieciu\/embed\/#?secret=lFoYGArGjx\" width=\"600\" height=\"338\" title=\"&#8220;Lietuvos rinktin\u0117je \u2013 rekordinis skai\u010dius kaunie\u010di\u0173&#8221; &#8212; \u017durnalas Lietuv\u0117\" data-secret=\"lFoYGArGjx\" frameborder=\"0\" marginwidth=\"0\" marginheight=\"0\" scrolling=\"no\" class=\"wp-embedded-content\"><\/iframe><script type=\"text\/javascript\">\n\/* <![CDATA[ *\/\n\/*! This file is auto-generated *\/\n!function(d,l){\"use strict\";l.querySelector&&d.addEventListener&&\"undefined\"!=typeof URL&&(d.wp=d.wp||{},d.wp.receiveEmbedMessage||(d.wp.receiveEmbedMessage=function(e){var t=e.data;if((t||t.secret||t.message||t.value)&&!\/[^a-zA-Z0-9]\/.test(t.secret)){for(var s,r,n,a=l.querySelectorAll('iframe[data-secret=\"'+t.secret+'\"]'),o=l.querySelectorAll('blockquote[data-secret=\"'+t.secret+'\"]'),c=new RegExp(\"^https?:$\",\"i\"),i=0;i<o.length;i++)o[i].style.display=\"none\";for(i=0;i<a.length;i++)s=a[i],e.source===s.contentWindow&&(s.removeAttribute(\"style\"),\"height\"===t.message?(1e3<(r=parseInt(t.value,10))?r=1e3:~~r<200&&(r=200),s.height=r):\"link\"===t.message&&(r=new URL(s.getAttribute(\"src\")),n=new URL(t.value),c.test(n.protocol))&&n.host===r.host&&l.activeElement===s&&(d.top.location.href=t.value))}},d.addEventListener(\"message\",d.wp.receiveEmbedMessage,!1),l.addEventListener(\"DOMContentLoaded\",function(){for(var e,t,s=l.querySelectorAll(\"iframe.wp-embedded-content\"),r=0;r<s.length;r++)(t=(e=s[r]).getAttribute(\"data-secret\"))||(t=Math.random().toString(36).substring(2,12),e.src+=\"#?secret=\"+t,e.setAttribute(\"data-secret\",t)),e.contentWindow.postMessage({message:\"ready\",secret:t},\"*\")},!1)))}(window,document);\n\/\/# sourceURL=https:\/\/lietuve.lt\/wp-includes\/js\/wp-embed.min.js\n\/* ]]> *\/\n<\/script>\n","thumbnail_url":"https:\/\/lietuve.lt\/wp-content\/uploads\/2017\/09\/1-28.jpg","thumbnail_width":990,"thumbnail_height":557,"description":"Paskutin\u0119 akimirk\u0105 \u012f Lietuvos krep\u0161inio rinktin\u0117s traukin\u012f \u012f\u0161ok\u0119s Adas Ju\u0161kevi\u010dius savo itin s\u0117kmingu \u017eaidimu ne tik nustebino komandos trener\u012f Daini\u0173 Adomait\u012f bei krep\u0161inio gerb\u0117jus, bet ir prisid\u0117jo prie vieno rekordo. Ju\u0161kevi\u010diaus patekimas \u012f rinktin\u0119 l\u0117m\u0117, jog \u0161iemet Lietuvos garb\u0119 Europos krep\u0161inio \u010dempionate gina net septyni kaunie\u010diai. Tiek Kaune gimusi\u0173 \u017eaid\u0117j\u0173 Lietuvos rinktin\u0117je dar n\u0117ra buv\u0119."}